{"id":2403,"date":"2015-08-03T12:59:53","date_gmt":"2015-08-03T12:59:53","guid":{"rendered":"https:\/\/peterkus.net\/si\/?page_id=2403"},"modified":"2018-03-25T03:41:41","modified_gmt":"2018-03-25T03:41:41","slug":"pretekli-dogodki-2013","status":"publish","type":"page","link":"https:\/\/peterkus.net\/si\/pretekli-dogodki-2013\/","title":{"rendered":"Pretekli dogodki 2013"},"content":{"rendered":"<p><strong>JANUAR:<\/strong><br \/>\n<strong>28. 1. ob 17h<\/strong>, Lutkovno gledali\u0161\u010de Ljubljana, Oder pod zvezdami: Orkester izvirnih instrumentov<b> &#8211; <a href=\"https:\/\/peterkus.net\/si\/wp-content\/uploads\/sites\/2\/2013\/06\/Koncert-za-stvari_predstavitev.pdf\" target=\"_blank\" rel=\"noopener\">Koncert za stvari<\/a>\u00a0<\/b>\u2013 v okviru <a href=\"http:\/\/www.mladinsko.com\/predstave\/festival-bobri\/\" target=\"_blank\" rel=\"noopener\">Festivala Bobri<\/a><br \/>\n<strong>18. 1. &#8211; 2. 2.<\/strong>, Lutkovno gledali\u0161\u010de Ljubljana, preddverje Odra pod zvezdami: <strong><a href=\"https:\/\/peterkus.net\/si\/projects\/vrt\/\">Zvo\u010dni vrt<\/a><\/strong> \u2013 v okviru <a href=\"http:\/\/www.mladinsko.com\/predstave\/festival-bobri\/\" target=\"_blank\" rel=\"noopener\">Festivala Bobri<\/a><br \/>\n<strong>18. 1. ob 17h<\/strong>, Lutkovno gledali\u0161\u010de Ljubljana, preddverje Odra pod zvezdami: <b><a href=\"https:\/\/peterkus.net\/si\/projects\/orkester\/\">Orkester izvirnih instrumentov<\/a><\/b> (koncert ob otvoritvi razstave Zvo\u010dni vrt)<\/p>\n<p><strong>FEBRUAR:<\/strong><br \/>\n<strong> 3. 2. ob 11h in 18h<\/strong>, <em>Gledali\u0161\u010de Glej,<\/em> Ljubljana:\u00a0<strong><a href=\"https:\/\/peterkus.net\/si\/projects\/gozd\/\">Gozd raja!<\/a><\/strong> \u2013 okviru <a href=\"http:\/\/www.mladinsko.com\/predstave\/festival-bobri\/\" target=\"_blank\" rel=\"noopener\">Festivala Bobri<\/a><\/p>\n<p><strong>MAREC:<\/strong><br \/>\n<strong>20. 3. \u2013 23. 3.<\/strong>, <em>Iceland Academy of Arts<\/em>, Reykjavik, Islandija: <strong><a href=\"https:\/\/peterkus.net\/si\/projects\/tecaji-za-odrasle\/\">Seminar za \u0161tudente umetni\u0161kih smeri<\/a><\/strong><br \/>\n<strong>11. 3. ob 10h30 in ob 15h<\/strong>, <em>Minoriten<\/em>, Wels, Avstrija: Delavnica za otroke \u2013 v okviru <a href=\"http:\/\/www.figurentheater-wels.at\/gallerien\/figurentheaterfestival-2013\/event\/2013-03-10%20Klanggarten%20Kus%20Zibert\" target=\"_blank\" rel=\"noopener\">22. Internationales Welser Figurentheaterfestival<\/a><br \/>\n<strong>10. 3. ob 16h<\/strong>, <em>Minoriten,<\/em> Wels, Avstrija: Delavnica za otroke \u2013 v okviru <a href=\"http:\/\/www.figurentheater-wels.at\/gallerien\/figurentheaterfestival-2013\/event\/2013-03-10%20Klanggarten%20Kus%20Zibert\" target=\"_blank\" rel=\"noopener\">22. Internationales Welser Figurentheaterfestival<\/a><br \/>\n<strong>9. 3. ob 21h<\/strong>, <em>Minoriten<\/em>, Wels, Avstrija: Orkester izvirnih instrumentov<b> &#8211;\u00a0 <a href=\"https:\/\/peterkus.net\/si\/wp-content\/uploads\/sites\/2\/2013\/06\/Koncert-za-stvari_predstavitev.pdf\" target=\"_blank\" rel=\"noopener\">Koncert za stvari<\/a>, <\/b>v okviru <a href=\"http:\/\/www.figurentheater-wels.at\/gallerien\/figurentheaterfestival-2013\/event\/2013-03-09%20Konzert%20der%20Dinge%20Kus%20zibert\" target=\"_blank\" rel=\"noopener\">22. Internationales Welser Figurentheaterfestival<\/a><br \/>\n<strong>8. in 9. 3.<\/strong>, <em>Minoriten<\/em>, Wels, Avstrija: <strong><a href=\"https:\/\/peterkus.net\/si\/projects\/tecaji-za-odrasle\/\">Seminar za pedagoge<\/a><\/strong> &#8211; v okviru 22. Internationales Welser Figurentheaterfestival<br \/>\n<strong>7. 3. \u2013 13. 3., <\/strong><em>Minoriten<\/em>,Wels, Avstrija:\u00a0<strong><a href=\"https:\/\/peterkus.net\/si\/projects\/vrt\/\">Zvo\u010dni vrt<\/a><\/strong> \u2013 v okviru <a href=\"http:\/\/www.figurentheater-wels.at\/gallerien\/figurentheaterfestival-2013\/event\/2013-03-10%20Klanggarten%20Kus%20Zibert\" target=\"_blank\" rel=\"noopener\">22. Internationales Welser Figurentheaterfestival<\/a><br \/>\n<strong>7. 3. ob 19h30<\/strong>, <em>Minoriten<\/em>, Wels, Avstrija: Christoph Bochdansky, Die Ge-burt der Er\u00f6ffnungsrede &#8211; otvoritev <a href=\"http:\/\/www.figurentheater-wels.at\/gallerien\/figurentheaterfestival-2013\/event\/2013-03-07%20Eroeffnung\" target=\"_blank\" rel=\"noopener\">22. Internationales Welser Figurentheaterfestival<\/a><\/p>\n<p><strong>APRIL:<\/strong><br \/>\n<strong>8. 4. ob 10h<\/strong>, <em>O\u0160 Kanal<\/em>, Kanal: <b><a href=\"https:\/\/peterkus.net\/si\/projects\/orkester\/\">Orkester izvirnih instrumentov<\/a><\/b><br \/>\n<strong>7. 4. ob 18h<\/strong>, <em>Dje\u010dje kazali\u0161te Dubrava<\/em>, Zagreb, Hrva\u0161ka: <strong><a href=\"https:\/\/peterkus.net\/si\/projects\/gozd\/\">Gozd raja!<\/a><\/strong><br \/>\n<strong>6. 4. ob 9h<\/strong>: <em>O\u0160 8 talcev<\/em>, Logatec: Orkester Logatec: <b><a href=\"https:\/\/peterkus.net\/si\/projects\/orkester\/\">Orkester izvirnih instrumentov<\/a><\/b><br \/>\n<strong>5. 4. ob 17h<\/strong>, <em>Linhartova dvorana<\/em>, Radovljica: <strong><a href=\"https:\/\/peterkus.net\/si\/past-projects\/pojoci-grad\/\">Pojo\u010di grad <\/a><\/strong><\/p>\n<p><strong>MAJ:<\/strong><br \/>\n<strong>21. 5. ob 17h,<\/strong> <em>Narodno pozori\u0161te Subotica, Scena &#8216;Jadran&#8217;<\/em>, Subotica, Srbija: <strong><a href=\"https:\/\/peterkus.net\/si\/projects\/gozd\/\">Gozd raja!<\/a><\/strong> &#8211; v okviru <a href=\"http:\/\/lutfestsubotica.net\/\" target=\"_blank\" rel=\"noopener\">20. me\u0111unarodnog festivala pozori\u0161ta za decu<\/a><\/p>\n<p><strong>JUNIJ:<\/strong><br \/>\n<strong>28. 6. ob 21h<\/strong>, <em>Ljetna pozornica<\/em>, \u0160ibenik, Hrva\u0161ka: <strong><a href=\"https:\/\/peterkus.net\/si\/projects\/kralj\/\" target=\"_blank\" rel=\"noopener\">Kralj prislu\u0161kuje<\/a> &#8211; <\/strong>v okviru <a href=\"http:\/\/www.mdf-sibenik.com\/\" target=\"_blank\" rel=\"noopener\">53. Me\u0111unarodnog dje\u010djeg festivala<\/a><br \/>\n<strong>27. 6. ob 19h, <\/strong><em>HNK \u0160ibenik<\/em>, \u0160ibenik, Hrva\u0161ka: <strong><a href=\"https:\/\/peterkus.net\/si\/past-projects\/pojoci-grad\/\">Pojo\u010di grad <\/a><\/strong>&#8211; v okviru\u00a0<a href=\"http:\/\/www.mdf-sibenik.com\/\" target=\"_blank\" rel=\"noopener\">53. Me\u0111unarodnog dje\u010djeg festivala<\/a><\/p>\n<p><strong>JULIJ:<\/strong><br \/>\n<strong>1. 7. ob 15h, <\/strong><em>City Hotel<\/em>, Ljubljana: <strong><a href=\"https:\/\/peterkus.net\/si\/projects\/tecaji-za-odrasle\/\">Delavnica za u\u010ditelje O\u0160 iz Porabja<\/a> <\/strong>&#8211; v organizaciji Zavoda RS za \u0161olstvo<\/p>\n<p><strong>AVGUST:<\/strong><br \/>\n<strong>30. 8. ob 9h<\/strong>, <em>Glasbena matica<\/em>, Ljubljana: <strong><a href=\"https:\/\/peterkus.net\/si\/projects\/delavnice-za-otroke\/\">Delavnica za otroke<\/a><\/strong><br \/>\n<strong>23. 8. ob 18h<\/strong>, <em>\u010ce\u0161novcova doma\u010dija<\/em>, Gori\u010dice: <strong><a href=\"https:\/\/peterkus.net\/si\/projects\/delavnice-za-otroke\/\">Delavnica za otroke<\/a><\/strong><br \/>\n<strong>22. 8. ob 9h, <\/strong><em>Zavod RS za \u0161olstvo<\/em>, Ljubljana: <strong><a href=\"https:\/\/peterkus.net\/si\/projects\/tecaji-za-odrasle\/\">Delavnica za gimnazijske u\u010ditelje<\/a><\/strong><\/p>\n<p><strong>SEPTEMBER:<\/strong><br \/>\n<strong>30. 9. ob 14h<\/strong>,\u00a0 <em>O\u0160 Antona Globo\u010dnika<\/em>, Postojna: <strong><a href=\"https:\/\/peterkus.net\/si\/projects\/tecaji-za-odrasle\/\">Predavanje za u\u010ditelje O\u0160<\/a><\/strong><br \/>\n<strong>23. 9. ob 14h<\/strong>, <em>O\u0160 Borisa Kidri\u010da,<\/em> Maribor: <strong><a href=\"https:\/\/peterkus.net\/si\/projects\/tecaji-za-odrasle\/\">Predavanje za u\u010ditelje O\u0160 PP<\/a><\/strong><br \/>\n<strong>23. 9. ob 8h50<\/strong>, <em>Gimnazija Slovenske Konjice<\/em>:<strong> <a href=\"https:\/\/peterkus.net\/si\/projects\/starewitch-si\/\">Nemi film in glasba<\/a><\/strong><br \/>\n<strong>18. 9. ob 14h<\/strong>, <em>II. osnovna \u0161ola Celje<\/em>: <strong><a href=\"https:\/\/peterkus.net\/si\/projects\/tecaji-za-odrasle\/\">Predavanje za u\u010ditelje O\u0160<\/a><\/strong><\/p>\n<p><strong>OKTOBER:<\/strong><br \/>\n<strong>18. 10. ob 19h<\/strong>, Kulturni dom Pliberk, Avstrija: <strong><a href=\"https:\/\/peterkus.net\/si\/projects\/gozd\/\">Gozd raja!<\/a><\/strong> &#8211; v okviru festivala Cikl Cakl<\/p>\n<p><strong>NOVEMBER:<\/strong><br \/>\n<strong>26. 11. ob 9h30, <\/strong>Kulturni dom Franca Bernika, Dom\u017eale:<strong> <a href=\"https:\/\/peterkus.net\/si\/projects\/gozd\/\">Gozd raja!<\/a><\/strong><br \/>\n<strong>25. 11. ob 9h30 in 11h<\/strong>, Kulturni dom Franca Bernika, Dom\u017eale: <strong><a href=\"https:\/\/peterkus.net\/si\/projects\/gozd\/\">Gozd raja!<\/a><\/strong><br \/>\n<strong>16. 11. ob 10h<\/strong>, <em>SNG Nova Gorica<\/em>: <strong><a href=\"https:\/\/peterkus.net\/si\/past-projects\/izgubljeni-ton\/\">Izgubljeni ton<\/a><\/strong><br \/>\n<strong>16. 11. ob 20h<\/strong>, Vid in Pero \u0161ov, POP TV, Ljubljana: <a href=\"https:\/\/peterkus.net\/si\/2013\/11\/17\/nastop-v-oddaji-vid-in-pero-sov\/\"><strong>Orkester izvirnih instrumentov<\/strong><\/a><br \/>\n<strong>9. 11. ob 9h30<\/strong>, <em>Kreatorij<\/em>, Ljubljana: Orkester izvirnih instrumentov<b> &#8211; <a href=\"https:\/\/peterkus.net\/si\/wp-content\/uploads\/sites\/2\/2013\/06\/Koncert-za-stvari_predstavitev.pdf\" target=\"_blank\" rel=\"noopener\">Koncert za stvari<\/a><\/b><br \/>\n<strong>8. 11. in 9. 11.<\/strong>, <em>Zavod RS za \u0161olstvo<\/em>, Ljubljana:\u00a0<strong><a href=\"https:\/\/peterkus.net\/si\/projects\/tecaji-za-odrasle\/\">&#8220;Ustvarjanje z izvirnimi glasbenimi instrumenti&#8221;<\/a>\u00a0 &#8211; <\/strong>seminar za u\u010ditelje<br \/>\n<strong>4. 11. ob 9h30<\/strong>, <em>\u0160panski borci<\/em>, Ljubljana: <strong><a href=\"https:\/\/peterkus.net\/si\/projects\/kralj\/\" target=\"_blank\" rel=\"noopener\">Kralj prislu\u0161kuje<\/a><\/strong><\/p>\n<p><strong>DECEMBER:<\/strong><br \/>\n<strong>21. 12. ob 10h<\/strong>, <em>Kulturni dom Slovenj Gradec:\u00a0<\/em><strong><a href=\"https:\/\/peterkus.net\/si\/past-projects\/pojoci-grad\/\">Pojo\u010di grad<\/a><\/strong><\/p>\n","protected":false},"excerpt":{"rendered":"<p>JANUAR: 28. 1. ob 17h, Lutkovno gledali\u0161\u010de Ljubljana, Oder pod zvezdami: Orkester izvirnih instrumentov &#8211; Koncert za stvari\u00a0\u2013 v okviru Festivala Bobri 18. 1. &#8211; 2. 2., Lutkovno gledali\u0161\u010de Ljubljana, preddverje Odra pod zvezdami: Zvo\u010dni vrt \u2013 v okviru Festivala Bobri 18. 1. ob 17h, Lutkovno gledali\u0161\u010de Ljubljana, preddverje Odra pod zvezdami: Orkester izvirnih instrumentov [&hellip;]<\/p>\n","protected":false},"author":1,"featured_media":0,"parent":0,"menu_order":0,"comment_status":"closed","ping_status":"closed","template":"full-width.php","meta":{"om_disable_all_campaigns":false,"_mi_skip_tracking":false},"aioseo_notices":[],"_links":{"self":[{"href":"https:\/\/peterkus.net\/si\/wp-json\/wp\/v2\/pages\/2403"}],"collection":[{"href":"https:\/\/peterkus.net\/si\/wp-json\/wp\/v2\/pages"}],"about":[{"href":"https:\/\/peterkus.net\/si\/wp-json\/wp\/v2\/types\/page"}],"author":[{"embeddable":true,"href":"https:\/\/peterkus.net\/si\/wp-json\/wp\/v2\/users\/1"}],"replies":[{"embeddable":true,"href":"https:\/\/peterkus.net\/si\/wp-json\/wp\/v2\/comments?post=2403"}],"version-history":[{"count":30,"href":"https:\/\/peterkus.net\/si\/wp-json\/wp\/v2\/pages\/2403\/revisions"}],"predecessor-version":[{"id":4780,"href":"https:\/\/peterkus.net\/si\/wp-json\/wp\/v2\/pages\/2403\/revisions\/4780"}],"wp:attachment":[{"href":"https:\/\/peterkus.net\/si\/wp-json\/wp\/v2\/media?parent=2403"}],"curies":[{"name":"wp","href":"https:\/\/api.w.org\/{rel}","templated":true}]}}