{"id":2640,"date":"2016-01-09T13:04:55","date_gmt":"2016-01-09T13:04:55","guid":{"rendered":"https:\/\/peterkus.net\/si\/?page_id=2640"},"modified":"2017-01-06T22:20:27","modified_gmt":"2017-01-06T22:20:27","slug":"pretekli-dogodki-2016","status":"publish","type":"page","link":"https:\/\/peterkus.net\/si\/pretekli-dogodki-2016\/","title":{"rendered":"Pretekli dogodki 2016"},"content":{"rendered":"<p><strong>JANUAR:<\/strong><br \/>\n<span style=\"color: #000000;\"><strong>8. 1. 2016 ob 18h<\/strong>,<\/span> Dvorana Vi\u017emarje &#8211; Brod, Ljubljana: <strong><a href=\"https:\/\/peterkus.net\/si\/projects\/zvocna-kuhna\/\">Zvo\u010dna kuhna<\/a><\/strong><br \/>\n<span style=\"color: #00ff00;\"><span style=\"color: #000000;\"><strong>11. 1. 2016 od 9h &#8211; 12h50<\/strong>, O\u0160 \u0160kofja Loka mesto: <strong><a href=\"https:\/\/peterkus.net\/si\/projects\/orkester\/\">Orkester izvirnih instrumentov <\/a><\/strong>(koncert in delavnica)<\/span><\/span><br \/>\n<span style=\"color: #000000;\"><strong>15. 1. in 16. 1. 2016, 13h-19h45 in 9h-16h30,<\/strong> Zavod za \u0161olstvo, Ljubljana: <strong><a href=\"https:\/\/peterkus.net\/si\/projects\/tecaji-za-odrasle\/\">Ustvarjanje z izvirnimi instrumenti &#8211; od ideje do izvedbe<\/a><\/strong><\/span><br \/>\n<span style=\"color: #000000;\"><span style=\"color: #000000;\"><strong>16. 1. 2016 ob 9h<\/strong>,<\/span> Dvorana Kreatorij, Ljubljana: <strong><a href=\"https:\/\/peterkus.net\/si\/projects\/zvocna-kuhna\/\">Zvo\u010dna kuhna<\/a> <\/strong>&#8211; v okviru seminarja Ustvarjanje z izvirnimi instrumenti &#8211; od ideje do izvedbe <\/span><br \/>\n<span style=\"color: #000000;\"><strong>17. 1. 2016 ob 16h<\/strong>, Centar za kulturu \u010cakovec, Hrva\u0161ka: <strong><a href=\"https:\/\/peterkus.net\/si\/projects\/volcje-srce\/\">Vol\u010dje srce<\/a><\/strong><\/span><\/p>\n<p><strong>FEBRUAR:<\/strong><br \/>\n<strong>1. 2. 2016 ob 8h15 in 10h30<\/strong>, Hi\u0161a otrok in umetnosti, Ljubljana:\u00a0<strong><a href=\"https:\/\/peterkus.net\/si\/projects\/zvocna-kuhna\/\">Zvo\u010dna kuhna<\/a><\/strong> &#8211; v okviru <a href=\"http:\/\/bobri.si\/\"><em>FESTIVALA BOBRI<\/em> <\/a>(predstava in delavnice)<br \/>\n<strong>2. 2. 2016 ob 9h30 in 11h30<\/strong>, Stara mestna elektrarna, Ljubljana:\u00a0<strong><a href=\"https:\/\/peterkus.net\/si\/projects\/volcje-srce\/\">Vol\u010dje srce<\/a> <\/strong>&#8211; v okviru <em><a href=\"http:\/\/bobri.si\/\">FESTIVALA BOBRI<\/a><\/em><br \/>\n<strong>3. 2. 2016 ob 8h50<\/strong>, O\u0160 Vi\u010d, Ljubljana: <strong><a href=\"https:\/\/peterkus.net\/si\/projects\/orkester\/\">Orkester izvirnih instrumentov<\/a><\/strong> (koncert)<br \/>\n<strong>4. 2. 2016 ob 10h25<\/strong>, O\u0160 Dragomelj, Dom\u017eale: <strong><a href=\"https:\/\/peterkus.net\/si\/projects\/orkester\/\">Orkester izvirnih instrumentov<\/a><\/strong> (koncert in delavnica)<br \/>\n<strong>12. 2. 2016 ob 11h<\/strong>, Dom 2. slovenskega tabora, \u017dalec: <strong><a href=\"https:\/\/peterkus.net\/si\/projects\/gozd\/\">Gozd raja!<\/a><\/strong><br \/>\n<strong>13. 2., od 9h do 16h30<\/strong>, Vrtec Ton\u010dke \u010ce\u010deve, Celje: <span style=\"color: #000000;\"><strong><a href=\"https:\/\/peterkus.net\/si\/projects\/tecaji-za-odrasle\/\">Ustvarjanje z izvirnimi instrumenti<\/a> <\/strong>(seminar za vzgojitelje)<\/span><br \/>\n<strong>20. 2. 2016 ob 15h<\/strong>,\u00a0Gasilski dom, Sinja Gorica: <a href=\"https:\/\/peterkus.net\/si\/projects\/zvocna-kuhna\/\"><strong>Zvo\u010dna kuhna<\/strong>\u00a0<\/a><br \/>\n<strong>24. 2. 2016 ob 8h30h in 10h<\/strong>, Narodni dom, Logatec: <strong><a href=\"http:\/\/&quot;https:\/\/peterkus.net\/si\/projects\/gozd\/\">Gozd raja!<\/a><\/strong><br \/>\n<strong>28. 2. 2016 ob 17h<\/strong>, Scena Gorica, Velika Gorica, Hrva\u0161ka: <strong><a href=\"https:\/\/peterkus.net\/si\/projects\/volcje-srce\/\">Vol\u010dje srce<\/a><\/strong><\/p>\n<p><strong>MAREC:<\/strong><br \/>\n<strong>4. in 5. 3. 2016, Dvorana Cepetka<\/strong>, Cankarjeva 5, Ljubljana: <strong><a href=\"https:\/\/peterkus.net\/si\/2016\/03\/10\/delavnica-ustvari-prvi-film\/\">Ustvari prvi film<\/a><\/strong> (delavnica za u\u010ditelje)<br \/>\n<strong>5. 3. 2016 ob 10h<\/strong>, Pre\u0161ernovo gledali\u0161\u010de Kranj: <strong><a href=\"https:\/\/peterkus.net\/si\/projects\/volcje-srce\/\">Vol\u010dje srce<\/a><\/strong><br \/>\n<span style=\"color: #00ff00;\"><span style=\"color: #000000;\"><strong>15. 3. ob 10h, 11h30 in 13:00h<\/strong>, Gradsko kazali\u0161te \u201cJoza Ivaki\u0107\u201d, Vinkovci, Hrva\u0161ka:<\/span> <strong><a href=\"https:\/\/peterkus.net\/si\/projects\/volcje-srce\/\">Vol\u010dje srce<\/a><\/strong> <span style=\"color: #000000;\">&#8211; v okviru festivala<\/span> <em><a href=\"http:\/\/lutkarskoproljece.net\/\">21. VUKOVARSKO LUTKARSKO PROLJE\u010cE<\/a><\/em><\/span><br \/>\n<span style=\"color: #00ff00;\"><span style=\"color: #000000;\"><strong>16. 3. ob 10h in 12h<\/strong>, Hrvatski dom Vukovar, Hrva\u0161ka: <\/span><strong><a href=\"https:\/\/peterkus.net\/si\/projects\/volcje-srce\/\">Vol\u010dje srce<\/a><\/strong> <span style=\"color: #000000;\">&#8211; v okviru festivala<\/span><em> <a href=\"http:\/\/lutkarskoproljece.net\/\">21. VUKOVARSKO LUTKARSKO PROLJE\u010cE<\/a><\/em><\/span><br \/>\n<span style=\"color: #00ff00;\"><span style=\"color: #000000;\"><strong>17. 3. ob 11h<\/strong>, Dvorana Mladost, \u017dupanja, Hrva\u0161ka: <\/span><\/span><span style=\"color: #00ff00;\"><strong><a href=\"https:\/\/peterkus.net\/si\/projects\/volcje-srce\/\">Vol\u010dje srce<\/a><\/strong> <span style=\"color: #000000;\">&#8211; v okviru festivala<\/span><em> <a href=\"http:\/\/lutkarskoproljece.net\/\">21. VUKOVARSKO LUTKARSKO PROLJE\u010cE<\/a><\/em><\/span><br \/>\n<strong>21. 3. 2016 ob 9h40<\/strong>, vrtec in PO\u0160 Kal: <a href=\"https:\/\/peterkus.net\/si\/projects\/zvocna-kuhna\/\"><strong>Zvo\u010dna kuhna<\/strong><\/a> (predstava in delavnice)<br \/>\n<strong>22. 3. 2016 ob 8h in 9h40<\/strong>, O\u0160 Kanal: <a href=\"https:\/\/peterkus.net\/si\/projects\/zvocna-kuhna\/\"><strong>Zvo\u010dna kuhna<\/strong><\/a> (predstava in delavnice)<br \/>\n<strong>23. 3. 2016 ob 8h05<\/strong>, O\u0160 Dobrovo:\u00a0<a href=\"https:\/\/peterkus.net\/si\/projects\/zvocna-kuhna\/\"><strong>Zvo\u010dna kuhna<\/strong><\/a> (predstava in delavnice)<br \/>\n<strong>23. 3. ob 17h, <\/strong>Centar za kulturu \u010cakovec, Hrva\u0161ka: <span style=\"color: #00ff00;\"><strong><a href=\"https:\/\/peterkus.net\/si\/projects\/volcje-srce\/\">Vol\u010dje srce<\/a><\/strong> <\/span><br \/>\n<strong>24. 3. 2016 ob 8h<\/strong>, PO\u0160 Vrtojba: <a href=\"https:\/\/peterkus.net\/si\/projects\/zvocna-kuhna\/\"><strong>Zvo\u010dna kuhna<\/strong><\/a> (predstava in delavnice)<br \/>\n<strong>25. 3. 2016 ob 8h<\/strong>, O\u0160 \u0160empeter: <a href=\"https:\/\/peterkus.net\/si\/projects\/zvocna-kuhna\/\"><strong>Zvo\u010dna kuhna<\/strong><\/a> (predstava in delavnice)<br \/>\n<strong>31. 3. 2016 ob 9h<\/strong>, Klub Cankarjevega doma, Ljubljana:\u00a0<a href=\"https:\/\/peterkus.net\/si\/projects\/zvocna-kuhna\/\"><strong>Zvo\u010dna kuhna<\/strong><\/a> (predstava in predavanje za pedago\u0161ke delavce) &#8211; v okviru KULTURNEGA BAZARJA 2016<\/p>\n<p><strong>APRIL:<\/strong><br \/>\n<strong>4. 4. 2016, 8.00 \u2013 12.00<\/strong>, \u010ce\u0161novcova hi\u0161a, Gori\u010dice: <a href=\"https:\/\/peterkus.net\/si\/projects\/zvocna-kuhna\/\"><strong>Zvo\u010dna kuhna<\/strong><\/a> (predstava in delavnica za \u0161olo)<br \/>\n<strong>5. 4. 2016, 8.00 \u2013 12.00<\/strong>, \u010ce\u0161novcova hi\u0161a, Gori\u010dice: <a href=\"https:\/\/peterkus.net\/si\/projects\/zvocna-kuhna\/\"><strong>Zvo\u010dna kuhna<\/strong><\/a> (predstava in delavnica za \u0161olo)<br \/>\n<strong>11. 4. 2016, 8.00 \u2013 12.00<\/strong>, \u010ce\u0161novcova hi\u0161a, Gori\u010dice: <a href=\"https:\/\/peterkus.net\/si\/projects\/zvocna-kuhna\/\"><strong>Zvo\u010dna kuhna<\/strong><\/a> (predstava in delavnica za \u0161olo)<br \/>\n<strong>12. 4. 2016, 8.00 \u2013 12.00<\/strong>, \u010ce\u0161novcova hi\u0161a, Gori\u010dice: <a href=\"https:\/\/peterkus.net\/si\/projects\/zvocna-kuhna\/\"><strong>Zvo\u010dna kuhna<\/strong><\/a> (predstava in delavnica za \u0161olo)<br \/>\n<strong>20. 4. 2016, ob 8.15 in 10.15<\/strong>, O\u0160 Bi\u010devje, Ljubljana:\u00a0<strong><a href=\"https:\/\/peterkus.net\/si\/projects\/zvocna-kuhna\/\">Zvo\u010dna kuhna<\/a>\u00a0<\/strong>(predstavi in delavnici)<br \/>\n<strong>21. 4. 2016,<\/strong> <strong>ob 8.15 in 10.15, <\/strong>O\u0160 Bi\u010devje, Ljubljana<strong>:\u00a0<strong><a href=\"https:\/\/peterkus.net\/si\/projects\/zvocna-kuhna\/\">Zvo\u010dna kuhna<\/a> <\/strong><\/strong>(predstavi in delavnici)<\/p>\n<p><strong>MAJ:<\/strong><br \/>\n<strong>3. 5. 2016, ob 8.50<\/strong>, O\u0160 Danila Lokarja, Ajdov\u0161\u010dina: <a href=\"https:\/\/peterkus.net\/si\/projects\/orkester\/\"><strong>Orkester izvirnih instrumentov<\/strong><\/a> (koncert in delavnice)<br \/>\n<strong>4. 5. 2016 ob 10.00<\/strong>, O\u0160 \u0160kofljica: <strong><a href=\"https:\/\/peterkus.net\/si\/projects\/orkester\/\">Orkester izvirnih instrumentov<\/a> <\/strong>(koncert in delavnice)<br \/>\n<strong>5. 5. 2016, ob 8.00<\/strong>, O\u0160 Frana Erjavca, Nova Gorica: <a href=\"https:\/\/peterkus.net\/si\/projects\/orkester\/\"><strong>Orkester izvirnih instrumentov<\/strong><\/a> (koncert in delavnice)<br \/>\n<strong>8. 5. 2016 ob 16.00<\/strong>, Schlosstenne Burgstall, Wies, Avstrija: <span style=\"color: #000000;\"><strong><a href=\"https:\/\/peterkus.net\/si\/projects\/gozd\/\">Gozd raja!<\/a><\/strong><\/span> &#8211; v okviru festivala <a href=\"https:\/\/peterkus.net\/si\/2016\/05\/07\/gozd-raja-na-festivalu-sommertraumhafen\/\" target=\"_blank\">SOMMERTRAUMHAFEN FESTIVAL<\/a><br \/>\n<strong>9. 5. 2016 ob 8.30 in 10.00<\/strong>, Schlosstenne Burgstall, Wies, Avstrija: <span style=\"color: #000000;\"><strong><a href=\"https:\/\/peterkus.net\/si\/projects\/gozd\/\">Gozd raja!<\/a><\/strong><\/span> &#8211; v okviru festivala <a href=\"https:\/\/peterkus.net\/si\/2016\/05\/07\/gozd-raja-na-festivalu-sommertraumhafen\/\" target=\"_blank\">SOMMERTRAUMHAFEN FESTIVAL<\/a><br \/>\n<strong>13. 5. 2016 ob 8h50<\/strong> O\u0160 Kolezija, Ljubljana: <a href=\"https:\/\/peterkus.net\/si\/projects\/orkester\/\"><strong>Orkester izvirnih instrumentov<\/strong><\/a> (koncert in delavnice)<br \/>\n<span style=\"color: #000000;\"><strong>18. 5. 2016 ob 17h<\/strong>, Centar za kulturu \u010cakovec, Hrva\u0161ka:<strong> <a href=\"https:\/\/peterkus.net\/si\/projects\/volcje-srce\/\">Vol\u010dje srce<\/a><\/strong><\/span><br \/>\n<span style=\"color: #000000;\"><strong>19. 5. 2016 ob 11h<\/strong>, Centar za kulturu \u010cakovec, Hrva\u0161ka:<strong> <a href=\"https:\/\/peterkus.net\/si\/projects\/volcje-srce\/\">Vol\u010dje srce<\/a><\/strong><\/span><br \/>\n<span style=\"color: #000000;\"><strong>28. in 29. 5. 2016, 9h &#8211; 16h<\/strong>:<\/span> Vije\u0107e mladih Ben\u010di\u0107, Reka (Hrva\u0161ka): <strong><a href=\"https:\/\/peterkus.net\/si\/2016\/05\/30\/delavnica-tvornica-zvuka-na-reki-na-hrvaskem\/\">Tovarna zvoka<\/a><\/strong><\/p>\n<p><span style=\"color: #000000;\"><strong>JUNIJ:<\/strong><\/span><br \/>\n<span style=\"color: #000000;\"><strong>14. 6. 2016 ob 9h in 11h<\/strong>, Gledali\u0161\u010de Glej, Ljubljana: <strong><a href=\"https:\/\/peterkus.net\/si\/projects\/gozd\/\">Gozd raja!<\/a><\/strong> &#8211; ZAKLJU\u010cENO ZA \u0160OLO<\/span><\/p>\n<p><strong>JULIJ:<\/strong><br \/>\n<strong>2. 7. 2016, ob 16h<\/strong>, Neusiedl am See, Avstrija:\u00a0<strong><a href=\"https:\/\/peterkus.net\/si\/projects\/gozd\/\">Gozd raja!<\/a><\/strong> \u2013 <a href=\"https:\/\/peterkus.net\/si\/2016\/07\/01\/gozd-raja-na-festivalu-pannopticum-v-avstriji\/\">PANNOPTICUM FESTIVAL<\/a><br \/>\n<strong>3. 7. 2016, ob 14h30, 16h in 18h<\/strong>, Neusiedl am See, Avstrija: <strong><a href=\"https:\/\/peterkus.net\/si\/projects\/gozd\/\">Gozd raja!<\/a><\/strong> \u2013 <a href=\"https:\/\/peterkus.net\/si\/2016\/07\/01\/gozd-raja-na-festivalu-pannopticum-v-avstriji\/\">PANNOPTICUM FESTIVAL<\/a><br \/>\n<strong>4. 7. 2016, ob 18h<\/strong>, <span style=\"color: #000000;\">Birmingham, Zdru\u017eeno kraljestvo<\/span>: <strong>Next Generation Alumni Symposium<\/strong> &#8211; <span style=\"color: #000000;\">v okviru <a href=\"https:\/\/peterkus.net\/si\/2016\/07\/10\/3248\/\">ON THE EDGE<\/a> festivala<\/span><br \/>\n<span style=\"color: #000000;\"><strong>6. 7. 2016, 16.30-18.30<\/strong>, Birmingham, Zdru\u017eeno kraljestvo: <strong>Novi vidiki uporabe glasbe v gledali\u0161\u010du za otroke (delavnica)<\/strong> &#8211; v okviru <a href=\"https:\/\/peterkus.net\/si\/2016\/07\/10\/3248\/\">ON THE EDGE<\/a> festivala<\/span><br \/>\n<strong>1<\/strong><span style=\"color: #00ff00;\"><span style=\"color: #000000;\"><strong>. &#8211; 12. 7. 2016, <\/strong>Kulturni centar \u02ddNikola \u0110urkovi\u0107\u02dd, Kotor, \u010crna gora: <a href=\"https:\/\/peterkus.net\/si\/2016\/07\/02\/razstava-animirani-zvoki-v-kotorju-v-crni-gori\/\"><strong>Animirani zvoki<\/strong><\/a> (razstava izvirnih glasbenih instrumentov)<strong> &#8211; <\/strong>v okviru<\/span><a href=\"http:\/\/www.kotorskifestival.me\/\"> KOTORSKOG FESTIVALA POZORI\u0160TA ZA DJECU<\/a><\/span><br \/>\n<strong>11. 7. 2016, ob 19h<\/strong>, Kosovelov dom, Se\u017eana: <a href=\"https:\/\/peterkus.net\/si\/projects\/orkester\/\"><strong>Orkester izvirnih instrumentov<\/strong><\/a> \u2013 v okviru festivala <a href=\"http:\/\/mladifest.org\/#Program\" target=\"_blank\">MLADIFEST 2016<\/a><\/p>\n<p><strong>OKTOBER:<\/strong><br \/>\n<strong>3. 10. 2016<\/strong>, O\u0160 Toneta Pav\u010dka, Mirna Pe\u010d: <strong><a href=\"https:\/\/peterkus.net\/si\/projects\/zvocna-kuhna\/\">Zvo\u010dna kuhna<\/a><\/strong> &#8211; ZAKLJU\u010cENO ZA \u0160OLO<br \/>\n<strong>4. 10. 2016 ob 17h30<\/strong>, <span style=\"color: #000000;\">POU &#8220;Ante Babi\u0107&#8221;,<\/span> Umag, Hrva\u0161ka: <strong><a href=\"https:\/\/peterkus.net\/si\/projects\/zvocna-kuhna\/\">Zvo\u010dna kuhna<\/a><\/strong> (predstava in delavnica) &#8211; ZA IZVEN<br \/>\n<strong>12. 10. 2016 ob 8h30, 9h45 in 11h<\/strong>, Kulturni center La\u0161ko: <strong><a href=\"https:\/\/peterkus.net\/si\/projects\/volcje-srce\/\">Vol\u010dje srce<\/a> <\/strong>&#8211; ZAKLJU\u010cENO ZA \u0160OLO<br \/>\n<strong>20. 10. 2016 od 8h30 do 12h55<\/strong>, O\u0160 Ka\u0161elj: <strong><a href=\"https:\/\/peterkus.net\/si\/projects\/zvocna-kuhna\/\">Zvo\u010dna kuhna<\/a> <\/strong>(predstava in delavnice) &#8211; ZAKLJU\u010cENO ZA \u0160OLO<br \/>\n<strong>21. 10. 2016 od 8h30 do 12h05<\/strong>, O\u0160 Ka\u0161elj: <strong><a href=\"https:\/\/peterkus.net\/si\/projects\/zvocna-kuhna\/\">Zvo\u010dna kuhna<\/a><\/strong> &#8211; ZAKLJU\u010cENO ZA \u0160OLO<br \/>\n<strong>22. 10. 2016 ob 11h<\/strong>, Farna dvorana, \u0160mihel pri Pliberku, Avstrija: <strong><a href=\"https:\/\/peterkus.net\/si\/projects\/zvocna-kuhna\/\">Zvo\u010dna kuhna<\/a><\/strong> &#8211; FESTIVAL <a href=\"http:\/\/www.kkz.at\/novice\/detajl\/cikl_cakl_2016\" target=\"_blank\">CIKL &#8211; CAKL<\/a><\/p>\n<p><strong>NOVEMBER:<\/strong><br \/>\n<strong>5. 11. 2016 ob 10h<\/strong>, Galerija \u0160KUC, Ljubljana: <strong><a href=\"https:\/\/peterkus.net\/si\/projects\/zvocna-kuhna\/\">Zvo\u010dna kuhna<\/a><\/strong> &#8211; ZA IZVEN<br \/>\n<strong>7. 11. 2016 ob 10h in 11h30, <\/strong>Center za kulturu \u010cakovec (Hrva\u0161ka):\u00a0<strong><a href=\"https:\/\/peterkus.net\/si\/projects\/volcje-srce\/\">Vol\u010dje srce<\/a> <\/strong>&#8211; ZAKLJU\u010cENO ZA \u0160OLO<br \/>\n<strong>8. 11. 2016 ob 10h, <\/strong>Center za kulturu \u010cakovec (Hrva\u0161ka): <strong><a href=\"https:\/\/peterkus.net\/si\/projects\/volcje-srce\/\">Vol\u010dje srce<\/a> <\/strong>&#8211; ZAKLJU\u010cENO ZA \u0160OLO<br \/>\n<strong>9. 11. 2016 ob 19h<\/strong>,\u00a0 Hrvatski kulturni dom Su\u0161aku, Reka (Hrva\u0161ka),\u00a0 <span style=\"color: #000000;\"><strong><a href=\"https:\/\/peterkus.net\/si\/projects\/gozd\/\">Gozd raja!<\/a><\/strong> <\/span>\u2013 <a href=\"http:\/\/www.gkl-rijeka.hr\/index.php\/21-revija\/\" target=\"_blank\">21. REVIJA LUTKARSKIH KAZALI\u0160TA<\/a><br \/>\n<strong>10. 11. 2016 ob 9h30<\/strong>,\u00a0 Hrvatski kulturni dom Su\u0161aku, Reka (Hrva\u0161ka),\u00a0 <span style=\"color: #000000;\"><strong><a href=\"https:\/\/peterkus.net\/si\/projects\/gozd\/\">Gozd raja!<\/a><\/strong> <\/span>\u2013 <a href=\"http:\/\/www.gkl-rijeka.hr\/index.php\/21-revija\/\" target=\"_blank\">21. REVIJA LUTKARSKIH KAZALI\u0160TA<\/a><br \/>\n<span style=\"color: #000000;\"><strong>12. 11. 2016 od 9h do 15h30<\/strong>, O\u0160 Gornja Ve\u017eica, Reka (Hrva\u0161ka):\u00a0<strong><a href=\"https:\/\/peterkus.net\/si\/projects\/tecaji-za-odrasle\/\">Ustvarjanje z izvirnimi instrumenti<\/a> <\/strong>(seminar za u\u010ditelje glasbe)<\/span><br \/>\n<strong>18. 11. 2016 ob 9h30 in 10h45<\/strong>, Kulturni center Lojzeta Bratu\u017ea, Gorica, Italija: <strong><a href=\"https:\/\/peterkus.net\/si\/projects\/zvocna-kuhna\/\">Zvo\u010dna kuhna<\/a><\/strong> &#8211; ZAKLJU\u010cENO ZA \u0160OLO<br \/>\n<strong>22. 11. 2016 ob 9h in 10h45<\/strong>, <a href=\"http:\/\/www.zkts-ms.si\/kultura\/volcje-srce\" target=\"_blank\">Gledali\u0161\u010de Park<\/a>, Murska Sobota: <strong><a href=\"https:\/\/peterkus.net\/si\/projects\/volcje-srce\/\">Vol\u010dje srce<\/a> <\/strong>&#8211; ZAKLJU\u010cENO ZA \u0160OLO<br \/>\n<strong>23. 11. 2016 ob 10h<\/strong>, <a href=\"http:\/\/www.zkts-ms.si\/kultura\/volcje-srce\" target=\"_blank\">Gledali\u0161\u010de Park<\/a>, Murska Sobota: <strong><a href=\"https:\/\/peterkus.net\/si\/projects\/volcje-srce\/\">Vol\u010dje srce<\/a> <\/strong>&#8211; ZAKLJU\u010cENO ZA \u0160OLO<br \/>\n<strong>24. 11. 2016 ob 17h in 18h30<\/strong>, Dom kulture Kamnik: <strong><a href=\"https:\/\/peterkus.net\/si\/projects\/volcje-srce\/\">Vol\u010dje srce<\/a> <\/strong>&#8211; <a href=\"http:\/\/www.domkulture.org\/slo\/abonmaji\">ZA ABONMA IN IZVEN<\/a><br \/>\n<strong>26. 11. 2016, <\/strong>O\u0160 Ka\u0161elj, Ljubljana: <strong><a href=\"https:\/\/peterkus.net\/si\/projects\/tecaji-za-odrasle\/\" target=\"_blank\">Orffov jesenski seminar<\/a><\/strong><\/p>\n<p><strong>DECEMBER:<\/strong><br \/>\n<span style=\"color: #000000;\"><strong>8. 12. 2016 ob 17h<\/strong>, Narodni dom Me\u017eica:\u00a0<strong><a href=\"https:\/\/peterkus.net\/si\/projects\/gozd\/\">Gozd raja!<\/a><\/strong> &#8211; ZA ABONMA IN IZVEN<\/span><br \/>\n<strong>10. 12. 2016 od 9h do 16h30<\/strong>, Vrtec Ton\u010dke \u010ce\u010deve, Celje: <strong><a href=\"https:\/\/peterkus.net\/si\/projects\/tecaji-za-odrasle\/\">Ustvarjanje z izvirnimi instrumenti<\/a> &#8211; <\/strong>seminar za vzgojiteljice<br \/>\n<strong>10. 12. 2016 ob 9h,<\/strong> Vrtec Ton\u010dke \u010ce\u010deve, Celje: <strong>\u017divljenje stvari<\/strong> (izvaja <em>Orkester izvirnih instrumentov<\/em>) &#8211; v okviru seminarja za vzgojiteljice<br \/>\n<strong>15. 12. 2016 ob 8h20<\/strong>, O\u0160 Antona Toma\u017ea Linharta &#8211; P\u0160 Ljubno na Gorenjskem: <strong><a href=\"https:\/\/peterkus.net\/si\/projects\/zvocna-kuhna\/\">Zvo\u010dna kuhna<\/a><\/strong><span style=\"color: #000000;\"> &#8211; ZAKLJU\u010cENO ZA \u0160OLO<\/span><br \/>\n<span style=\"color: #00ff00;\"><span style=\"color: #000000;\"><strong>16. 12., 16h &#8211; 20h in 17. 12. 2016, 9h-18h<\/strong>, Karantena, Maribor:<\/span> <strong><a href=\"https:\/\/peterkus.net\/si\/projects\/tecaji-za-odrasle\/\">Ustvari prvi film<\/a><\/strong> <span style=\"color: #000000;\">&#8211; seminar JSKD o zvoku in glasbi v animiranem filmu (v okviru programa izobra\u017eevanja mentorjev za NIP Umetnost)<\/span><\/span><br \/>\n<strong>19. 12. 2016 ob 8h50<\/strong>, PO\u0160 Lipoglav, \u0160marje Sap: <strong><a href=\"https:\/\/peterkus.net\/si\/projects\/zvocna-kuhna\/\">Zvo\u010dna kuhna<\/a><\/strong> &#8211; ZAKLJU\u010cENO ZA \u0160OLO<\/p>\n","protected":false},"excerpt":{"rendered":"<p>JANUAR: 8. 1. 2016 ob 18h, Dvorana Vi\u017emarje &#8211; Brod, Ljubljana: Zvo\u010dna kuhna 11. 1. 2016 od 9h &#8211; 12h50, O\u0160 \u0160kofja Loka mesto: Orkester izvirnih instrumentov (koncert in delavnica) 15. 1. in 16. 1. 2016, 13h-19h45 in 9h-16h30, Zavod za \u0161olstvo, Ljubljana: Ustvarjanje z izvirnimi instrumenti &#8211; od ideje do izvedbe 16. 1. 2016 [&hellip;]<\/p>\n","protected":false},"author":1,"featured_media":0,"parent":0,"menu_order":0,"comment_status":"closed","ping_status":"closed","template":"full-width.php","meta":{"om_disable_all_campaigns":false,"_mi_skip_tracking":false},"aioseo_notices":[],"_links":{"self":[{"href":"https:\/\/peterkus.net\/si\/wp-json\/wp\/v2\/pages\/2640"}],"collection":[{"href":"https:\/\/peterkus.net\/si\/wp-json\/wp\/v2\/pages"}],"about":[{"href":"https:\/\/peterkus.net\/si\/wp-json\/wp\/v2\/types\/page"}],"author":[{"embeddable":true,"href":"https:\/\/peterkus.net\/si\/wp-json\/wp\/v2\/users\/1"}],"replies":[{"embeddable":true,"href":"https:\/\/peterkus.net\/si\/wp-json\/wp\/v2\/comments?post=2640"}],"version-history":[{"count":86,"href":"https:\/\/peterkus.net\/si\/wp-json\/wp\/v2\/pages\/2640\/revisions"}],"predecessor-version":[{"id":3686,"href":"https:\/\/peterkus.net\/si\/wp-json\/wp\/v2\/pages\/2640\/revisions\/3686"}],"wp:attachment":[{"href":"https:\/\/peterkus.net\/si\/wp-json\/wp\/v2\/media?parent=2640"}],"curies":[{"name":"wp","href":"https:\/\/api.w.org\/{rel}","templated":true}]}}