{"id":3714,"date":"2017-01-06T22:14:40","date_gmt":"2017-01-06T22:14:40","guid":{"rendered":"https:\/\/peterkus.net\/si\/?page_id=3714"},"modified":"2018-01-22T10:38:23","modified_gmt":"2018-01-22T10:38:23","slug":"pretekli-dogodki-2017","status":"publish","type":"page","link":"https:\/\/peterkus.net\/si\/pretekli-dogodki-2017\/","title":{"rendered":"Pretekli dogodki 2017"},"content":{"rendered":"<p><strong>JANUAR:<\/strong><br \/>\n<span style=\"color: #000000;\"><strong>5. 1. in 6. 1. 2017<\/strong>, O\u0160 Bi\u010devje: <strong><a href=\"https:\/\/peterkus.net\/si\/projects\/orkester\/\">Orkester izvirnih instrumentov<\/a><\/strong> (koncert in delavnice) &#8211; ZAKLJU\u010cENO ZA U\u010cENCE 1. IN 2.\u00a0 RAZREDOV O\u0160,<\/span><br \/>\n<strong>14. 1. 2017, ob 11h<\/strong>, Cankarjev dom, Vrhnika: <strong><a href=\"https:\/\/peterkus.net\/si\/projects\/gozd\/\">Gozd raja!<\/a><\/strong> \u2013 ZA ABONMA IN IZVEN.<br \/>\n<strong>18. 1. 2017 ob 8h30 in 10h15<\/strong>, Kosovelov dom, Se\u017eana: <strong><a href=\"https:\/\/peterkus.net\/si\/projects\/volcje-srce\/\">Vol\u010dje srce<\/a> <\/strong>&#8211; ZAKLJU\u010cENO ZA \u0160OLO<br \/>\n<span style=\"color: #000000;\"><strong>26. 1. 2017<\/strong>, O\u0160 Maksa Pe\u010darja, Ljubljana: <strong><a href=\"https:\/\/peterkus.net\/si\/projects\/orkester\/\">Orkester izvirnih instrumentov<\/a><\/strong> &#8211; ZAKLJU\u010cENO ZA U\u010cENCE 5. RAZREDOV O\u0160<\/span><br \/>\n<span style=\"color: #000000;\"><strong>30. 1. 2017<\/strong>, O\u0160 Livada, Ljubljana: <strong><a href=\"https:\/\/peterkus.net\/si\/projects\/orkester\/\">Orkester izvirnih instrumentov<\/a><\/strong> &#8211; ZAKLJU\u010cENO ZA U\u010cENCE 4. IN 5.\u00a0 RAZREDOV O\u0160.<\/span><\/p>\n<p><strong>FEBRUAR:<\/strong><br \/>\n<span style=\"color: #000000;\"><strong>3. 2. 2017<\/strong>, O\u0160 \u0160empas:\u00a0<strong><a href=\"https:\/\/peterkus.net\/si\/projects\/orkester\/\">Orkester izvirnih instrumentov<\/a><\/strong> &#8211; ZAKLJU\u010cENO ZA U\u010cENCE 4. &#8211; 6. RAZREDA O\u0160,<\/span><br \/>\n<span style=\"color: #000000;\"><strong>4. 2. 2017<\/strong>,<strong> od 9h &#8211; 16h,<\/strong> Glasbena matica, Trst (Italija): <a href=\"https:\/\/peterkus.net\/si\/projects\/tecaji-za-odrasle\/\"><strong>Ustvarjanje z izvirnimi instrumenti <\/strong><\/a>(seminar za vzgojitelje in u\u010ditelje),<\/span><br \/>\n<strong>9. 2. 2017, ob 18h<\/strong>, Mestna knji\u017enica, Ljubljana: <a href=\"https:\/\/peterkus.net\/si\/projects\/orkester\/\"><strong>Poeti\u010dno v umetnost <\/strong><\/a>(zvo\u010dne improvizacije na poezijo Petra Svetine),<br \/>\n<strong>24. 2. 2017, ob 9h15<\/strong>, O\u0160 Kanal: <strong><a href=\"https:\/\/peterkus.net\/si\/projects\/zvocna-kuhna\/\">Zvo\u010dna kuhna<\/a><\/strong> &#8211; ZAKLJU\u010cENO ZA OTROKE VRTCA KANAL,<br \/>\n<strong>24. 2. 2017, ob 10h, <\/strong>Centar za kulturu \u010cakovec (Hrva\u0161ka): <strong><a href=\"https:\/\/peterkus.net\/si\/projects\/volcje-srce\/\">Vol\u010dje srce<\/a><\/strong> &#8211; ZAKLJU\u010cENO ZA \u0160OLO.<strong><br \/>\n<\/strong><\/p>\n<p><strong>MAREC:<\/strong><br \/>\n<strong>4. 3. 2017 ob 10h<\/strong>, Pre\u0161ernovo gledali\u0161\u010de Kranj:\u00a0<strong><a href=\"https:\/\/peterkus.net\/si\/projects\/zvocna-kuhna\/\">Zvo\u010dna kuhna<\/a><\/strong> \u2013 ZA IZVEN (50. PONOVITEV PREDSTAVE!).<br \/>\n<strong>7. 3. 2017 ob 9h,<\/strong> Vrtec Kanal: <strong><a href=\"https:\/\/peterkus.net\/si\/projects\/delavnice-za-otroke\/\">Izvirci &#8211; delavnica za otroke<\/a> &#8211; <\/strong>ZAKLJU\u010cENO ZA OTROKE VRTCA (3-6 let),<br \/>\n<strong>10. 3. 2017 ob 10h in 14h<\/strong>, Minoriten, Wels (Austria):\u00a0<strong><a href=\"https:\/\/peterkus.net\/si\/projects\/zvocna-kuhna\/\">Zvo\u010dna kuhna<\/a><\/strong> \u2013 <a href=\"http:\/\/www.figurentheater-wels.at\/freitag-10-maerz-2017\/365-klangkueche-kus-fr-1000\" target=\"_blank\" rel=\"noopener noreferrer\">WELSER FIGURENTHEATERFESTIVAL<\/a>,<br \/>\n<strong>11. 3. 2017 ob 10h30 in 15h<\/strong>, Minoriten, Wels (Austria):\u00a0<strong><a href=\"https:\/\/peterkus.net\/si\/projects\/zvocna-kuhna\/\">Zvo\u010dna kuhna<\/a><\/strong> \u2013 <a href=\"http:\/\/www.figurentheater-wels.at\/freitag-10-maerz-2017\/365-klangkueche-kus-fr-1000\" target=\"_blank\" rel=\"noopener noreferrer\">WELSER FIGURENTHEATERFESTIVAL<\/a>,<br \/>\n<strong>12. 3. 2017 ob 16h<\/strong>, Center za kulturu \u010cakovec, Hrva\u0161ka: <span style=\"color: #000000;\"><strong><a href=\"https:\/\/peterkus.net\/si\/projects\/gozd\/\">Gozd raja!<\/a><\/strong>,<\/span><br \/>\n<span style=\"color: #000000;\"><strong>16. 3. 2017 ob 20h<\/strong>, Kreatorij, Ljubljana: <strong><a href=\"https:\/\/peterkus.net\/si\/projects\/orkester\/\">Orkester izvirnih instrumentov<\/a><\/strong>,<\/span><br \/>\n<strong>17. 3. 2017, od 13h &#8211; 19h45 in 18. 3., od 9h do 16h45, <\/strong>Zavod RS za \u0161olstvo, Ljubljana: <strong><a href=\"https:\/\/peterkus.net\/si\/2016\/10\/26\/seminar-zrss-ustvarjanje-z-izvirnimi-instrumenti\/\" target=\"_blank\" rel=\"noopener noreferrer\">Ustvarjanje z izvirnimi instrumeti \u2013 od ideje do izvedbe<\/a><\/strong> \u2013 v okviru <em>Programa stalnega strokovnega usposabljanja ZRS\u0160,<\/em><br \/>\n<span style=\"color: #000000;\"><strong>18. 3. 2017 ob 9h<\/strong>, Kreatorij, Ljubljana: <strong><a href=\"https:\/\/peterkus.net\/si\/projects\/orkester\/\">Orkester izvirnih instrumentov<\/a><\/strong> &#8211; ZA UDELE\u017dENCE SEMINARJA ZA U\u010cITELJE,<\/span><br \/>\n<span style=\"color: #000000;\"><strong>24. 3. 2017<\/strong>, od 8h30 do 12h, O\u0160 Rakek: <strong><a href=\"https:\/\/peterkus.net\/si\/projects\/orkester\/\">Orkester izvirnih instrumentov<\/a><\/strong> &#8211; ZA U\u010cENCE 4. IN 5. RAZREDOV,<\/span><br \/>\n<strong>28. 3. 2017 ob 10h<\/strong>, Vrtec Bar\u010dica, Portoro\u017e: <span style=\"color: #000000;\"><strong><a href=\"https:\/\/peterkus.net\/si\/projects\/orkester\/\">Orkester izvirnih instrumentov<\/a><\/strong>,<\/span><br \/>\n<strong>29. 3. 2017 ob 10h<\/strong>, Vrtec Mornar\u010dek, Piran: <span style=\"color: #000000;\"><strong><a href=\"https:\/\/peterkus.net\/si\/projects\/orkester\/\">Orkester izvirnih instrumentov<\/a><\/strong>,<\/span><br \/>\n<strong>30. 3. 2017 ob 12h30<\/strong>, preddverje Cankarjevega doma: <a href=\"https:\/\/peterkus.net\/si\/projects\/delavnice-za-otroke\/\" target=\"_blank\" rel=\"noopener noreferrer\"><strong>Izvirci &#8211; delavnica za otroke<\/strong><\/a> &#8211; V OKVIRU KULTURNEGA BAZARJA 2017.<\/p>\n<p><strong>APRIL:<\/strong><br \/>\n<strong>10. 4. 2017 od 8h20 &#8211; 12h<\/strong>, \u010cesnovcova doma\u010dija, Gori\u010dice: <strong><a href=\"https:\/\/peterkus.net\/si\/projects\/zvocna-kuhna\/\">Zvo\u010dna kuhna<\/a><\/strong> &#8211; ZAKLJU\u010cENO ZA U\u010cENCE 4. RAZREDOV O\u0160 CERKNICA,<br \/>\n<strong>11. 4. 2017 od 8h20 &#8211; 12h<\/strong>, \u010cesnovcova doma\u010dija, Gori\u010dice: <strong><a href=\"https:\/\/peterkus.net\/si\/projects\/zvocna-kuhna\/\">Zvo\u010dna kuhna<\/a><\/strong> &#8211; ZAKLJU\u010cENO ZA U\u010cENCE 4. RAZREDOV O\u0160 CERKNICA,<br \/>\n<strong>12. 4. 2017 od 8h20 &#8211; 12h<\/strong>, \u010cesnovcova doma\u010dija, Gori\u010dice: <strong><a href=\"https:\/\/peterkus.net\/si\/projects\/zvocna-kuhna\/\">Zvo\u010dna kuhna<\/a><\/strong> &#8211; ZAKLJU\u010cENO ZA U\u010cENCE 4. RAZREDOV O\u0160 CERKNICA,<br \/>\n<strong>12. 4. 2017 od 16h30 &#8211; 19h<\/strong>, Pedago\u0161ka fakulteta, Ljubljana: <strong><a href=\"https:\/\/peterkus.net\/si\/projects\/tecaji-za-odrasle\/\">Animacija zvoka<\/a><\/strong> (predavanje in delavnica),<br \/>\n<strong>13. 4. 2017 od 8h20 &#8211; 12h<\/strong>, \u010cesnovcova doma\u010dija, Gori\u010dice: <strong><a href=\"https:\/\/peterkus.net\/si\/projects\/zvocna-kuhna\/\">Zvo\u010dna kuhna<\/a><\/strong> &#8211; ZAKLJU\u010cENO ZA U\u010cENCE 4. RAZREDOV O\u0160 CERKNICA,<br \/>\n<strong>14. 4. 2017 od 8h20 &#8211; 12h<\/strong>, O\u0160 Menge\u0161:\u00a0<span style=\"color: #000000;\"> <strong><a href=\"https:\/\/peterkus.net\/si\/projects\/orkester\/\">Orkester izvirnih instrumentov<\/a><\/strong> &#8211; ZAKLJU\u010cENO ZA U\u010cENCE 4. IN 5. RAZREDOV O\u0160<strong>,<\/strong> <\/span><br \/>\n<strong>15. 4. 2017 ob 10h<\/strong>, Kosovelov dom, Se\u017eana: <strong><a href=\"https:\/\/peterkus.net\/si\/projects\/zvocna-kuhna\/\">Zvo\u010dna kuhna<\/a><\/strong> &#8211; ZA ABONMA IN IZVEN,<br \/>\n<strong>20. 4. 2017<\/strong>, O\u0160 PP Dragotina Ketteja, Novo mesto:\u00a0<span style=\"color: #000000;\"> <strong><a href=\"https:\/\/peterkus.net\/si\/projects\/orkester\/\">Orkester izvirnih instrumentov<\/a><\/strong> &#8211; ZAKLJU\u010cENO ZA U\u010cENCE VI\u0160JIH RAZREDOV O\u0160.<\/span><\/p>\n<p><strong>MAJ:<\/strong><br \/>\n<strong>5. 5. 2017 ob 9h30, O\u0160 Vavta vas, Stra\u017ea:\u00a0<span style=\"color: #000000;\"> <a href=\"https:\/\/peterkus.net\/si\/projects\/orkester\/\">Orkester izvirnih instrumentov<\/a> <\/span><\/strong><span style=\"color: #000000;\">&#8211; ZAKLJU\u010cENO ZA U\u010cENCE 1. -7. RAZREDA O\u0160,<\/span><br \/>\n<strong>8. 5. 2016<\/strong>, O\u0160 \u0160kofljica:\u00a0<span style=\"color: #000000;\"> <strong><a href=\"https:\/\/peterkus.net\/si\/projects\/orkester\/\">Orkester izvirnih instrumentov<\/a><\/strong> &#8211; ZAKLJU\u010cENO ZA U\u010cENCE 9. RAZREDOV O\u0160.<\/span><\/p>\n<p><strong>JUNIJ:<\/strong><br \/>\n<strong>4<\/strong><span style=\"color: #000000;\"><strong>. 6. 2017<\/strong> <strong>ob 14h15 in 16h15,<\/strong> Schloss Trautenfels, Irdning, Avstrija (predstava na prostem): <strong><a href=\"https:\/\/peterkus.net\/si\/projects\/gozd\/\">Gozd raja!<\/a><\/strong> &#8211; Fest der Fantasie, <a href=\"http:\/\/www.graz-storytellingfestival.at\/de\/kuenstler\/peter-kus\/\" target=\"_blank\" rel=\"noopener noreferrer\">INTERNATIONALES STORYTELLING FESTIVAL<\/a>,<\/span><br \/>\n<strong>5<\/strong><span style=\"color: #000000;\"><strong>. 6. 2017<\/strong> <strong>ob 15h<\/strong>, Joanneumsviertel, Graz, Avstrija (predstava na prostem):\u00a0<strong><a href=\"https:\/\/peterkus.net\/si\/projects\/gozd\/\">Gozd raja!<\/a><\/strong> &#8211; Fest der Fantasie, <a href=\"http:\/\/www.graz-storytellingfestival.at\/de\/kuenstler\/peter-kus\/\" target=\"_blank\" rel=\"noopener noreferrer\">INTERNATIONALES STORYTELLING FESTIVAL<\/a>,<\/span><br \/>\n<span style=\"color: #000000;\"><strong>8. 6. 2017 ob 9h in 10h30<\/strong>, Teatar Gandusio, Rovinj, Hrva\u0161ka:\u00a0<strong><a href=\"https:\/\/peterkus.net\/si\/projects\/zvocna-kuhna\/\">Zvo\u010dna kuhna<\/a><\/strong> &#8211; <a href=\"http:\/\/blitzfestival.com\/\" target=\"_blank\" rel=\"noopener noreferrer\">BLITZ FESTIVAL<\/a>,<\/span><br \/>\n<span style=\"color: #000000;\"><strong>8. 6. 2017 ob 12h<\/strong>, Osnovna \u0161kola Jurija Dobrile, Rovinj, Hrva\u0161ka: \u00a0<a href=\"https:\/\/peterkus.net\/si\/projects\/delavnice-za-otroke\/\" target=\"_blank\" rel=\"noopener noreferrer\"><strong>Izvirci &#8211; delavnica za otroke<\/strong><\/a> &#8211; <a href=\"http:\/\/blitzfestival.com\/\" target=\"_blank\" rel=\"noopener noreferrer\">BLITZ FESTIVAL<\/a>.<\/span><br \/>\n<span style=\"color: #000000;\"><strong>11. 6. 2017 ob 18h<\/strong>, Mestni park, Maribor:\u00a0<strong><a href=\"https:\/\/peterkus.net\/si\/projects\/zvocna-kuhna\/\">Zvo\u010dna kuhna<\/a><\/strong> &#8211; ART KAMP FESTIVAL,<\/span><br \/>\n<span style=\"color: #000000;\"><strong>18. 6. 2017 ob 13h30, <\/strong>Kurpark, Bad Sch\u00f6nau, Avstrija (predstava na prostem):\u00a0<strong><a href=\"https:\/\/peterkus.net\/si\/projects\/gozd\/\">Gozd raja!<\/a><\/strong> &#8211; <a href=\"http:\/\/www.graz-storytellingfestival.at\/de\/kuenstler\/peter-kus\/\" target=\"_blank\" rel=\"noopener noreferrer\">INTERNATIONALES STORYTELLING FESTIVAL<\/a>,<\/span><br \/>\n<strong>20. 6. &#8211; 24. 6. 2017<\/strong>, Muzej grada \u0160ibenik, Hrva\u0161ka: <strong><a href=\"https:\/\/peterkus.net\/si\/projects\/delavnice-za-otroke\/\">Ustvarjanje z izvirnimi instrumenti <\/a><\/strong>(delavnica za otroke) &#8211; 57. ME\u0110UNARODNI DJE\u010cJI FESTIVAL,<br \/>\n<strong>22. 6. 2017 ob 19h<\/strong>, HNK \u0160ibenik, Hrva\u0161ka: <strong><a href=\"https:\/\/peterkus.net\/si\/projects\/volcje-srce\/\">Vol\u010dje srce<\/a><\/strong> &#8211; 57. ME\u0110UNARODNI DJE\u010cJI FESTIVAL,<br \/>\n<span style=\"color: #000000;\"><strong>24. 6. 2017<\/strong>, dvori\u0161\u010de Samostana Sv. Franje\u0160ibenik, Hrva\u0161ka:\u00a0<strong><a href=\"https:\/\/peterkus.net\/si\/projects\/zvocna-kuhna\/\">Zvo\u010dna kuhna<\/a><\/strong> &#8211; <a href=\"http:\/\/mdf-sibenik.com\/index.php\/nova-scena\/\" target=\"_blank\" rel=\"noopener noreferrer\">57. MEDNARODNI OTRO\u0160KI FESTIVAL<\/a>.<\/span><\/p>\n<p><strong>JULIJ:<\/strong><br \/>\n<span style=\"color: #000000;\"><strong>9. 7. 2017 ob 10.20<\/strong>, Brunarica Son\u010dek, Krvavec:\u00a0<strong><a href=\"https:\/\/peterkus.net\/si\/projects\/zvocna-kuhna\/\">Zvo\u010dna kuhna<\/a><\/strong> &#8211; otvoritev <a href=\"https:\/\/www.rtc-krvavec.si\/si\/aktivnosti\/poleti\/pot-pastirskih-skratov-na-krvavcu\">Poti pastirskih \u0161kratov<\/a>,<\/span><br \/>\n<strong>9. 7. 2017<\/strong>, smu\u010di\u0161\u010de na Krvavcu: <strong><a href=\"https:\/\/peterkus.net\/si\/projects\/vrt\/\">Gora zvokov<\/a> &#8211; <\/strong>otvoritev stalne razstave izvirnih glasbil v okviru u\u010dne poti <a href=\"https:\/\/www.rtc-krvavec.si\/si\/aktivnosti\/poleti\/pot-pastirskih-skratov-na-krvavcu\" target=\"_blank\" rel=\"noopener noreferrer\">Pot pastirskih \u0161kratov<\/a><br \/>\n<strong>22. 7. 2017 ob 18h<\/strong>, pred Galerijo \u0160KUC, Ljubljana: <span style=\"color: #000000;\"> <strong><a href=\"https:\/\/peterkus.net\/si\/projects\/orkester\/\">Orkester izvirnih instrumentov<\/a><\/strong> &#8211; FESTIVAL &#8220;DOBIMO SE PRED \u0160KUCEM&#8221;<\/span><br \/>\n<strong>25. 7. 2017 ob 18h<\/strong>, Galerija \u0160KUC, Ljubljana: <a href=\"https:\/\/peterkus.net\/si\/projects\/delavnice-za-otroke\/\"><strong>Izvirci<\/strong><\/a> &#8211; <span style=\"color: #000000;\">FESTIVAL &#8220;DOBIMO SE PRED \u0160KUCEM&#8221;<\/span><\/p>\n<p><strong>SEPTEMBER:<\/strong><br \/>\n<strong>29. 9. 2017 ob 18h<\/strong>, Dvorana Du\u0161e Po\u010dkaj, Cankarjev dom: <strong><a href=\"https:\/\/peterkus.net\/si\/projects\/dzumbus\/\">D\u017eumbus<\/a><\/strong> &#8211; SLOVENSKA PREMIERA<br \/>\n<strong>30. 9. 2017 ob 18h, <\/strong>Dvorana Du\u0161e Po\u010dkaj, Cankarjev dom:\u00a0<strong><a href=\"https:\/\/peterkus.net\/si\/projects\/dzumbus\/\">D\u017eumbus<\/a><\/strong> \u2013 ZA IZVEN<\/p>\n<p><strong>OKTOBER:<\/strong><br \/>\n<strong>3. 10. 2017 ob 16h in 18h<\/strong>, Vzhodno Sarajevo, BiH: <span style=\"color: #000000;\"><strong><a href=\"https:\/\/peterkus.net\/si\/projects\/gozd\/\">Gozd raja!<\/a><\/strong><\/span> &#8211; 18. LUTFEST<br \/>\n<strong>6. 10. 2017 ob 16.30<\/strong>, <a href=\"https:\/\/www.dschungelwien.at\/vorstellung\/131\" target=\"_blank\" rel=\"noopener noreferrer\">Dschungel Wien<\/a>, Dunaj (Avstrija):<strong> <a href=\"https:\/\/peterkus.net\/si\/projects\/dzumbus\/\">D\u017eumbus<\/a> <\/strong>&#8211; AVSTRIJSKA PREMIERA<br \/>\n<strong>7. 10. 2017 ob 16.30, <\/strong><a href=\"https:\/\/www.dschungelwien.at\/vorstellung\/131\" target=\"_blank\" rel=\"noopener noreferrer\">Dschungel Wien<\/a>, Dunaj (Avstrija):<strong>\u00a0<a href=\"https:\/\/peterkus.net\/si\/projects\/dzumbus\/\">D\u017eumbus<\/a> <\/strong> \u2013 ZA IZVEN<br \/>\n<strong>8<\/strong><strong>. 10. 2017 ob 16.30,\u00a0<\/strong><a href=\"https:\/\/www.dschungelwien.at\/vorstellung\/131\" target=\"_blank\" rel=\"noopener noreferrer\">Dschungel Wien<\/a>, Dunaj (Avstrija):\u00a0<strong><a href=\"https:\/\/peterkus.net\/si\/projects\/dzumbus\/\">D\u017eumbus<\/a> <\/strong> \u2013\u00a0ZA IZVEN<br \/>\n<strong>9. 10. 2017 ob 10h,<\/strong> <a href=\"https:\/\/www.dschungelwien.at\/vorstellung\/131\" target=\"_blank\" rel=\"noopener noreferrer\">Dschungel Wien<\/a>, Dunaj (Avstrija):\u00a0<strong><a href=\"https:\/\/peterkus.net\/si\/projects\/dzumbus\/\">D\u017eumbus<\/a> <\/strong> \u2013 ZAKLJU\u010cENO ZA \u0160OLE<br \/>\n<strong>10. 10. 2017 ob 10h,<\/strong> <a href=\"https:\/\/www.dschungelwien.at\/vorstellung\/131\" target=\"_blank\" rel=\"noopener noreferrer\">Dschungel Wien<\/a>, Dunaj (Avstrija):\u00a0<strong><a href=\"https:\/\/peterkus.net\/si\/projects\/dzumbus\/\">D\u017eumbus<\/a> <\/strong> \u2013 ZAKLJU\u010cENO ZA \u0160OLE<br \/>\n<strong>11. 10. 2017 ob 10h in 14h30,<\/strong> <a href=\"https:\/\/www.dschungelwien.at\/vorstellung\/131\" target=\"_blank\" rel=\"noopener noreferrer\">Dschungel Wien<\/a>, Dunaj (Avstrija):\u00a0<strong><a href=\"https:\/\/peterkus.net\/si\/projects\/dzumbus\/\">D\u017eumbus<\/a> <\/strong> \u2013 ZAKLJU\u010cENO ZA \u0160OLE<br \/>\n<strong>17. 10. 2017 ob 10h<\/strong>, Kulturni center Janeza Trdine, Novo mesto: <strong><a href=\"https:\/\/peterkus.net\/si\/projects\/orkester\/\">Orkester izvirnih instrumentov<\/a><\/strong> &#8211; ZAKLJU\u010cENO ZA \u0160OLE<br \/>\n<strong>20. 10. 2017<\/strong>, O\u0160 Maksa Pe\u010darja \u010crnu\u010de: <strong><a href=\"https:\/\/peterkus.net\/si\/projects\/orkester\/\">Orkester izvirnih instrumentov<\/a><\/strong> &#8211; ZAKLJU\u010cENO ZA U\u010cENCE 5. RAZREDOV O\u0160<br \/>\n<span style=\"color: #000000;\"><strong>23. 10. 2017 ob 9h in 11h<\/strong>, Mistelbach, Avstrija:\u00a0<strong><a href=\"https:\/\/peterkus.net\/si\/projects\/gozd\/\">Gozd raja!<\/a><\/strong> &#8211; INTERNATIONALE PUPPENTHEATERTAGE MISTELBACH<\/span><br \/>\n<span style=\"color: #000000;\"><strong>27. 10. 2017<\/strong>, O\u0160 Majde Vrhovnik, Ljubljana:\u00a0<strong><a href=\"https:\/\/peterkus.net\/si\/projects\/orkester\/\">Orkester izvirnih instrumentov<\/a><\/strong> &#8211; ZAKLJU\u010cENO ZA U\u010cENCE 4. IN 5. RAZREDOV O\u0160<\/span><br \/>\n<strong>31. 10. 2017 ob 9.30 in 10.45<\/strong>, Kulturni center Lojze Bratu\u017e, Gorica (Italija): <strong><a href=\"https:\/\/peterkus.net\/si\/projects\/volcje-srce\/\">Vol\u010dje srce<\/a><\/strong><\/p>\n<p><strong>NOVEMBER:<\/strong><br \/>\n<span style=\"color: #000000;\"><strong>8. 11. 2017<\/strong>, Vrtec Kobacaj, Grosuplje:\u00a0<strong><a href=\"https:\/\/peterkus.net\/si\/projects\/zvocna-kuhna\/\">Zvo\u010dna kuhna<\/a><\/strong> &#8211; ZAKLJU\u010cENO<\/span><br \/>\n<strong>11. 11. 2017<\/strong>, O\u0160 Ka\u0161elj, Ljubljana: <strong><a href=\"https:\/\/peterkus.net\/si\/projects\/tecaji-za-odrasle\/\">Orffov jesenski seminar<\/a><\/strong><br \/>\n<strong>15. 11. 2017 ob 10h<\/strong>, Kosovelov dom, Se\u017eana: <span style=\"color: #000000;\"><strong><a href=\"https:\/\/peterkus.net\/si\/projects\/zvocna-kuhna\/\">Zvo\u010dna kuhna<\/a><\/strong> &#8211; ZAKLJU\u010cENO<\/span><br \/>\n<strong>16. in 17. 11. 2017<\/strong>, O\u0160 Prebolt: <strong><a href=\"https:\/\/peterkus.net\/si\/projects\/orkester\/\">Orkester izvirnih instrumentov<\/a><\/strong> &#8211; ZAKLJU\u010cENO ZA U\u010cENCE 1. TRIADE O\u0160<\/p>\n<p><strong>DECEMBER:<\/strong><br \/>\n<strong>9. 12. 2017 ob 15h in 17h<\/strong>, Kosovelova dvorana, Cankarjev dom:\u00a0<strong><a href=\"https:\/\/peterkus.net\/si\/projects\/dzumbus\/\">D\u017eumbus<\/a><\/strong> \u2013 ZA ABONMA IN IZVEN<br \/>\n<strong>10. 12. 2017 ob 10h<\/strong>, Kosovelova dvorana, Cankarjev dom:<strong>\u00a0<a href=\"https:\/\/peterkus.net\/si\/projects\/dzumbus\/\">D\u017eumbus<\/a>\u00a0<\/strong> \u2013 ZA IZVEN<br \/>\n<strong>11. 12. 2017 ob 9h in 11h, <\/strong>Kosovelova dvorana, Cankarjev dom:\u00a0<strong><a href=\"https:\/\/peterkus.net\/si\/projects\/dzumbus\/\">D\u017eumbus<\/a> <\/strong> \u2013 ZAKLJ. ZA \u0160OLE<br \/>\n<strong>12. 12. 2017 ob 9h30 in 10h45, <\/strong>Kosovelova dvorana, Cankarjev dom:\u00a0<strong><a href=\"https:\/\/peterkus.net\/si\/projects\/dzumbus\/\">D\u017eumbus<\/a> <\/strong> \u2013 ZAKLJU\u010cENO ZA \u0160OLE<br \/>\n<strong>13. 12. 2017 ob 17h<\/strong>, Narodni dom Me\u017eica: <strong><a href=\"https:\/\/peterkus.net\/si\/projects\/dzumbus\/\">D\u017eumbus<\/a> <\/strong> \u2013 ZA ABONMA IN IZVEN<br \/>\n<strong>15. 12. 2017<\/strong>, O\u0160 Lipoglav: <strong><a href=\"https:\/\/peterkus.net\/si\/projects\/orkester\/\">Orkester izvirnih instrumentov<\/a><\/strong> &#8211; ZAKLJU\u010cENO ZA VRTEC IN \u0160OLO<br \/>\n<span style=\"color: #000000;\"><strong>16. 12. 2017<\/strong>, Sokolski dom \u0160kofja Loka:\u00a0<strong><a href=\"https:\/\/peterkus.net\/si\/projects\/zvocna-kuhna\/\">Zvo\u010dna kuhna<\/a><\/strong> &#8211; ZA ABONMA IN IZVEN<\/span><br \/>\n<strong>22. 12. 2017<\/strong>, Kulturni center La\u0161ko: <strong><a href=\"https:\/\/peterkus.net\/si\/projects\/orkester\/\">Orkester izvirnih instrumentov<\/a><\/strong> &#8211; ZAKLJU\u010cENO ZA U\u010cENCE VI\u0160JIH RAZREDOV O\u0160<\/p>\n","protected":false},"excerpt":{"rendered":"<p>JANUAR: 5. 1. in 6. 1. 2017, O\u0160 Bi\u010devje: Orkester izvirnih instrumentov (koncert in delavnice) &#8211; ZAKLJU\u010cENO ZA U\u010cENCE 1. IN 2.\u00a0 RAZREDOV O\u0160, 14. 1. 2017, ob 11h, Cankarjev dom, Vrhnika: Gozd raja! \u2013 ZA ABONMA IN IZVEN. 18. 1. 2017 ob 8h30 in 10h15, Kosovelov dom, Se\u017eana: Vol\u010dje srce &#8211; ZAKLJU\u010cENO ZA \u0160OLO [&hellip;]<\/p>\n","protected":false},"author":1,"featured_media":0,"parent":0,"menu_order":0,"comment_status":"closed","ping_status":"closed","template":"full-width.php","meta":{"om_disable_all_campaigns":false,"_mi_skip_tracking":false},"aioseo_notices":[],"_links":{"self":[{"href":"https:\/\/peterkus.net\/si\/wp-json\/wp\/v2\/pages\/3714"}],"collection":[{"href":"https:\/\/peterkus.net\/si\/wp-json\/wp\/v2\/pages"}],"about":[{"href":"https:\/\/peterkus.net\/si\/wp-json\/wp\/v2\/types\/page"}],"author":[{"embeddable":true,"href":"https:\/\/peterkus.net\/si\/wp-json\/wp\/v2\/users\/1"}],"replies":[{"embeddable":true,"href":"https:\/\/peterkus.net\/si\/wp-json\/wp\/v2\/comments?post=3714"}],"version-history":[{"count":65,"href":"https:\/\/peterkus.net\/si\/wp-json\/wp\/v2\/pages\/3714\/revisions"}],"predecessor-version":[{"id":4623,"href":"https:\/\/peterkus.net\/si\/wp-json\/wp\/v2\/pages\/3714\/revisions\/4623"}],"wp:attachment":[{"href":"https:\/\/peterkus.net\/si\/wp-json\/wp\/v2\/media?parent=3714"}],"curies":[{"name":"wp","href":"https:\/\/api.w.org\/{rel}","templated":true}]}}