{"id":4631,"date":"2018-01-22T10:47:23","date_gmt":"2018-01-22T10:47:23","guid":{"rendered":"https:\/\/peterkus.net\/si\/?page_id=4631"},"modified":"2018-12-22T21:41:46","modified_gmt":"2018-12-22T21:41:46","slug":"pretekli-dogodki-2018","status":"publish","type":"page","link":"https:\/\/peterkus.net\/si\/pretekli-dogodki-2018\/","title":{"rendered":"Pretekli dogodki 2018"},"content":{"rendered":"<p><strong>JANUAR:<\/strong><br \/>\n<strong>19. 1. 2018, O\u0160 Frana Erjavca<\/strong>, Nova Gorica: <strong><a href=\"https:\/\/peterkus.net\/si\/projects\/orkester\/\">Orkester izvirnih instrumentov<\/a><\/strong> &#8211; ZAKLJU\u010cENO ZA U\u010cENCE 5. in 6. RAZREDA<br \/>\n<strong>19. 1. in 20. 1. 2018<\/strong>, Dvorana Cepetka (JSKD), Ljubljana: <strong><a href=\"https:\/\/peterkus.net\/si\/projects\/tecaji-za-odrasle\/\">Ustvari prvi film<\/a><\/strong><br \/>\n<strong>25. 1. 2018<\/strong>, O\u0160 Ka\u0161elj, Ljubljana: <strong><a href=\"https:\/\/peterkus.net\/si\/projects\/zvocna-kuhna\/\">Zvo\u010dna kuhna<\/a> &#8211; <\/strong>ZAKLJU\u010cENO ZA U\u010cENCE 2. RAZREDOV<br \/>\n<strong>27. 1. 2018 ob 10h30<\/strong>, SNG Gorica:\u00a0<strong><a href=\"https:\/\/peterkus.net\/si\/projects\/zvocna-kuhna\/\">Zvo\u010dna kuhna<\/a><\/strong> &#8211; ZA ABONMA IN IZVEN<br \/>\n<strong>30<\/strong><strong>. in 31. 1. 2018<\/strong>, O\u0160 Menge\u0161:\u00a0<strong><a href=\"https:\/\/peterkus.net\/si\/projects\/zvocna-kuhna\/\">Zvo\u010dna kuhna<\/a><\/strong> &#8211; ZAKLJU\u010cENO ZA U\u010cENCE 3. RAZREDOV<\/p>\n<p><strong>FEBRUAR:<\/strong><br \/>\n<strong>2. 2. 2018 ob 8h30, 9h40 in 10h50,<\/strong> Kulturni center La\u0161ko: <strong><a href=\"https:\/\/peterkus.net\/si\/projects\/dzumbus\/\">D\u017eumbus<\/a><\/strong> \u2013 ZAKLJU\u010cENO ZA \u0160OLE<br \/>\n<strong>3. 2. 2018 ob 10h,<\/strong> Pre\u0161ernovo gledali\u0161\u010de Kranj: <strong><a href=\"https:\/\/peterkus.net\/si\/projects\/dzumbus\/\">D\u017eumbus<\/a><\/strong> \u2013 ZA IZVEN<br \/>\n<strong>4. 2. 2018 ob 16h,<\/strong> Centar za kulturu \u010cakovec (Hrva\u0161ka): <strong><a href=\"https:\/\/peterkus.net\/si\/projects\/dzumbus\/\">D\u017eumbus<\/a><\/strong> &#8211; ZA IZVEN<br \/>\n<strong>7. 2. 2018 ob 11h in 17h,<\/strong> Kosovelova dvorana, Cankarjev dom:\u00a0<strong><a href=\"https:\/\/peterkus.net\/si\/projects\/dzumbus\/\">D\u017eumbus<\/a><\/strong> &#8211; FESTIVAL BOBRI<br \/>\n<strong>16. 2. 2018,\u00a0 ob 9.30 in 10.45<\/strong>, Vrtec Mladi rod, Ljubljana:\u00a0<strong><a href=\"https:\/\/peterkus.net\/si\/projects\/zvocna-kuhna\/\">Zvo\u010dna kuhna<\/a><\/strong> &#8211; ZA ABONMA<\/p>\n<p><strong>MAREC:<\/strong><br \/>\n<strong>2. 3. 2017<\/strong>, O\u0160 Menge\u0161: <strong><a href=\"https:\/\/peterkus.net\/si\/projects\/orkester\/\">Orkester izvirnih instrumentov<\/a><\/strong> &#8211; ZAKLJU\u010cENO ZA U\u010cENCE 5. RAZREDA<br \/>\n<strong>13. 3. 2018 ob 8h30, 9h40 in 10h50<\/strong>, Kosovelov dom, Se\u017eana: <a href=\"https:\/\/peterkus.net\/si\/projects\/gozd\/\" target=\"_blank\" rel=\"noopener\"><strong>Gozd raja<\/strong><\/a><strong>\u00a0&#8211; <\/strong>ZAKLJU\u010cENO ZA \u0160OLE<br \/>\n<strong>21. 3. 2018 ob 9h in 11h<\/strong>, O\u0160 Safvet &#8211; Beg Ba\u0161agi\u0107, Sarajevo (BiH): <strong><a href=\"https:\/\/peterkus.net\/si\/projects\/zvocna-kuhna\/\">Zvo\u010dna kuhna<\/a> &#8211; <\/strong><a href=\"http:\/\/sarajevskazima.ba\/en\/sound-kitchen-musictheatre-peter-kusslovenia-o-s-safvet-beg-basagic-21-3-2018-od-0900\/\" target=\"_blank\" rel=\"noopener\">FESTIVAL SARAJEVSKA ZIMA<\/a><\/p>\n<p><strong>APRIL:<\/strong><br \/>\n<strong>5. 4. 2018 ob 14h<\/strong>, Klub Lily Novy, Cankarjev dom: <strong><a href=\"https:\/\/peterkus.net\/si\/projects\/tecaji-za-odrasle\/\">Hrup in glasba &#8211; o ropotajo\u010dih otrocih<\/a><\/strong> (predavanje) &#8211; V OKVIRU KULTURNEGA BAZARJA<br \/>\n<strong>7. 4. 2018 ob 17h<\/strong>, Kosovelova dvorana, Cankarjev dom:\u00a0<strong><a href=\"https:\/\/peterkus.net\/si\/projects\/dzumbus\/\">D\u017eumbus<\/a> <\/strong> &#8211; ZA ABONMA IN IZVEN<br \/>\n<strong>9. 4. 2018 ob 9h30 in 11h<\/strong>, Kosovelova dvorana, Cankarjev dom:\u00a0<strong><a href=\"https:\/\/peterkus.net\/si\/projects\/dzumbus\/\">D\u017eumbus<\/a> <\/strong> &#8211; ZA \u0160OLE<br \/>\n<strong>17. 4. &#8211; 21. 4. 2018<\/strong>, Iceland Academy of Arts, Reykjav\u00edk (Islandija): <strong><a href=\"https:\/\/peterkus.net\/si\/projects\/tecaji-za-odrasle\/\">Ustvarjanje z izvirnimi instrumenti<\/a><\/strong> &#8211; TE\u010cAJ ZA \u0160TUDENTE &#8220;MASTERS&#8221; PROGRAMA \u0160TUDIJA KULTURNE VZGOJE<\/p>\n<p><strong>MAJ:<\/strong><br \/>\n<strong>12. 5. 2018 &#8211; 19. 11. 2018:<\/strong> <a href=\"https:\/\/peterkus.net\/si\/2017\/07\/10\/gora-zvokov-na-planini-krvavec\/\"><strong>Gora zvokov<\/strong><\/a> &#8211; POSTAVITEV IZVIRNIH INSTRUMENTOV NA PROSTEM V OKVIRU \u201cPOTI PASTIRSKIH \u0160KRATOV\u201d<\/p>\n<p><strong>JUNIJ:<\/strong><br \/>\n<strong>5. 6. 2018 ob 9h30, <\/strong>Vrtec Koper, enota Pobegi:\u00a0<strong><a href=\"https:\/\/peterkus.net\/si\/projects\/zvocna-kuhna\/\">Zvo\u010dna kuhna<\/a> <\/strong> \u2013 ZAKLJU\u010cENO ZA VRTEC<strong><br \/>\n<\/strong><strong>6. 6. 2018 ob 9h in 10h15,\u00a0<\/strong>Vrtec Koper, enota Ribica:\u00a0<strong><a href=\"https:\/\/peterkus.net\/si\/projects\/zvocna-kuhna\/\">Zvo\u010dna kuhna<\/a> <\/strong> \u2013 ZAKLJU\u010cENO ZA VRTE<br \/>\n<strong>7. 6. 2018 ob 9h<\/strong>, Vrtec Koper, enota Bertoki:\u00a0<strong><a href=\"https:\/\/peterkus.net\/si\/projects\/zvocna-kuhna\/\">Zvo\u010dna kuhna<\/a> <\/strong> \u2013 ZAKLJU\u010cENO ZA VRTEC<br \/>\n<strong>12. 6. 2018 ob 10h<\/strong>, O\u0160 dr. Slavka Gruma, Zagorje ob Savi: <strong><a href=\"https:\/\/peterkus.net\/si\/projects\/zvocna-kuhna\/\">Zvo\u010dna kuhna<\/a> <\/strong>&#8211; ZAKLJU\u010cENO ZA \u0160OLO<br \/>\n<strong>16. 6. 2018 ob 16h30<\/strong>, Mala ulica, Ljubljana: <strong><a href=\"https:\/\/peterkus.net\/si\/projects\/zvocna-kuhna\/\">Zvo\u010dna kuhna<\/a> &#8211; <\/strong>MALI FESTIVAL<br \/>\n<strong>26. 6. \u2013 28. 6. 2018, od 9h \u2013 13h<\/strong>, Samostan sestara franjevki od Bezgrje\u0161ne, \u0160ibenik (Hrva\u0161ka): <strong><a href=\"https:\/\/peterkus.net\/si\/projects\/tecaji-za-odrasle\/\">Seminar za u\u010ditelje in vzgojitelje<\/a><\/strong> \u2013 V OKVIRU FESTIVALA <a href=\"http:\/\/mdf-sibenik.com\/\" target=\"_blank\" rel=\"noopener\">MDF<\/a><\/p>\n<p><strong>JULIJ:<\/strong><br \/>\n<strong>4. 7. 2018 ob 18h<\/strong>, Dje\u010dje kazali\u0161te Dubrava, Zagreb (Hrva\u0161ka): <a href=\"https:\/\/peterkus.net\/si\/projects\/gozd\/\" target=\"_blank\" rel=\"noopener\"><strong>Gozd raja<\/strong><\/a><strong>\u00a0&#8211; <\/strong>LJETO U DUBRAVI<br \/>\n<strong>9. 7. 2018 ob 21h30<\/strong>, Ljetna pozornica, Kotor (\u010crna gora): <strong><a href=\"https:\/\/peterkus.net\/si\/projects\/dzumbus\/\">D\u017eumbus<\/a> <\/strong>&#8211; KOTORSKI FESTIVAL POZORI\u0160TA ZA DJECU<br \/>\n<strong>29. 7. 2018 ob 11h<\/strong>, Brunarica Son\u010dek, Planina Krvavec:\u00a0<strong><a href=\"https:\/\/peterkus.net\/si\/projects\/zvocna-kuhna\/\">Zvo\u010dna kuhna<\/a><\/strong> &#8211; BREZPLA\u010cNA PREDSTAVA NA PROSTEM<\/p>\n<p><strong>SEPTEMBER:<\/strong><br \/>\n<strong>15. 9. 2018, 9h &#8211; 13h,<\/strong> Vetrinjski dvor, Maribor: <strong><a href=\"https:\/\/peterkus.net\/si\/projects\/tecaji-za-odrasle\/\">Delavnica za u\u010ditelje in vzgojitelje<\/a><\/strong> &#8211; V OKVIRU PROJEKTA SKUM<br \/>\n<strong>15. &#8211; 29. 9. 2018<\/strong>, Vetrinjski dvor, Maribor: <strong><a href=\"https:\/\/peterkus.net\/si\/projects\/vrt\/\">Zvo\u010dni vrt<\/a>\u00a0<\/strong>&#8211; FESTIVAL MARIBOR<br \/>\n<strong>21. 9. 2018, <\/strong>Narodno pozori\u0161te Subotca: <strong><a href=\"https:\/\/peterkus.net\/si\/projects\/dzumbus\/\">D\u017eumbus<\/a><\/strong> &#8211; ME\u0110UNARODNI FESTIVAL POZORI\u0160TA ZA DJECU<br \/>\n<strong>22. 9. 2018 ob 17h<\/strong>, Vetrinjski dvor, Maribor: <strong><a href=\"https:\/\/peterkus.net\/si\/projects\/zvocna-kuhna\/\">Zvo\u010dna kuhna<\/a><\/strong> &#8211; FESTIVAL MARIBOR<br \/>\n<strong>23. 9. 2018<\/strong>, Narodni dom Maribor: <strong><a href=\"https:\/\/peterkus.net\/si\/projects\/dzumbus\/\">D\u017eumbus<\/a><\/strong> &#8211; FESTIVAL MARIBOR<br \/>\n<strong>25. 9. 2018 ob 9h30 in 11h30<\/strong>, Dom kulture Velenje: <strong><a href=\"https:\/\/peterkus.net\/si\/projects\/volcje-srce\/\">Vol\u010dje srce<\/a> <\/strong>&#8211; PIKIN FESTIVAL<\/p>\n<p><strong>NOVEMBER:<\/strong><br \/>\n<strong>3. 11. 2018 ob 18h<\/strong>, Dje\u010dje kazali\u0161te Branka Mihaljevi\u0107a, Osijek (Hrva\u0161ka): <a href=\"https:\/\/peterkus.net\/si\/projects\/nepozabek\/\"><strong>Nepozabek <\/strong><\/a>&#8211; PREMIERA<br \/>\n<strong>5. 11. 2018 ob 19h<\/strong>, Hrvatski kulturni dom na Su\u0161aku, Reka (Hrva\u0161ka):\u00a0<strong><a href=\"https:\/\/peterkus.net\/si\/projects\/dzumbus\/\">D\u017eumbus<\/a><\/strong> &#8211; REVIJA LUTKARSKIH KAZALI\u0160A<br \/>\n<strong>6. 11. 2018 ob 9h30<\/strong>, Hrvatski kulturni dom na Su\u0161aku, Reka (Hrva\u0161ka):\u00a0<strong><a href=\"https:\/\/peterkus.net\/si\/projects\/dzumbus\/\">D\u017eumbus<\/a><\/strong> &#8211; REVIJA LUTKARSKIH KAZALI\u0160A<br \/>\n<strong>10. 11. 2018,<\/strong> Vrtec Zelena jama, Ljubljana: <strong><a href=\"https:\/\/peterkus.net\/si\/projects\/tecaji-za-odrasle\/\">Seminar za vzgojiteljice<\/a><\/strong><br \/>\n<strong>14. 11. 2018<\/strong>, O\u0160 Bistrica Tr\u017ei\u010d:\u00a0<strong><a href=\"https:\/\/peterkus.net\/si\/projects\/orkester\/\">Orkester izvirnih instrumentov<\/a><\/strong> &#8211; KULTURNI DAN (KONCERT IN DELAVNICE)<br \/>\n<strong>15. 11. 2018 ob 10h in 17h<\/strong>, Dje\u010dje kazali\u0161te Branka Mihaljevi\u0107a, Osijek (Hrva\u0161ka): <a href=\"https:\/\/peterkus.net\/si\/projects\/nepozabek\/\"><strong>Nepozabek <\/strong><\/a><br \/>\n<strong>16. 11. 2018 ob 10h<\/strong>, Dje\u010dje kazali\u0161te Branka Mihaljevi\u0107a, Osijek (Hrva\u0161ka): <a href=\"https:\/\/peterkus.net\/si\/projects\/nepozabek\/\"><strong>Nepozabek <\/strong><\/a><br \/>\n<strong>17. 11. 2018,<\/strong> Vrtec Zelena jama:\u00a0<strong><a href=\"https:\/\/peterkus.net\/si\/projects\/tecaji-za-odrasle\/\">Seminar za vzgojiteljice<\/a><\/strong><br \/>\n<strong>19. 11. 2018 ob 10h<\/strong>, Beograd (Srbija):\u00a0<strong><a href=\"https:\/\/peterkus.net\/si\/projects\/dzumbus\/\">D\u017eumbus<\/a><\/strong> &#8211; FESTIVAL POZORI\u0160TE ZVEZDARI\u0160TE<br \/>\n<strong>29. 11. 2018<\/strong>, O\u0160 Maksa Pe\u010darja &#8211; \u010crnu\u010de: <strong><a href=\"https:\/\/peterkus.net\/si\/projects\/orkester\/\">Orkester izvirnih instrumentov<\/a>\u00a0&#8211;\u00a0<\/strong>KULTURNI DAN (KONCERT IN DELAVNICE)<br \/>\n<strong>30. 11. 2018<\/strong>, \u0160panski borci, Ljubljana: <a href=\"https:\/\/peterkus.net\/si\/projects\/gozd\/\" target=\"_blank\" rel=\"noopener\"><strong>Gozd raja<\/strong><\/a> &#8211; ZAKLJU\u010cENO ZA \u0160OLE<\/p>\n<p><strong>DECEMBER:<\/strong><br \/>\n<strong>1. 12. 2018<\/strong>, O\u0160 Ka\u0161elj: <a href=\"https:\/\/peterkus.net\/si\/projects\/tecaji-za-odrasle\/\"><strong>Orffov jesenski seminar<\/strong><\/a><br \/>\n<strong>8. 12. 2018 ob 10h<\/strong>, Kulturni dom Cerknica: <a href=\"https:\/\/peterkus.net\/si\/projects\/gozd\/\" target=\"_blank\" rel=\"noopener\"><strong>Gozd raja<\/strong><\/a> &#8211; ZA ABONMA IN IZVEN<br \/>\n<strong>20. 12.<\/strong>, Kosovelov dom, Se\u017eana:<strong>\u00a0<a href=\"https:\/\/peterkus.net\/si\/projects\/dzumbus\/\">D\u017eumbus<\/a>\u00a0<\/strong> &#8211; ZAKLJU\u010cENO ZA O\u0160 DIVA\u010cA<br \/>\n<strong>22. 12. 2018 ob 10h<\/strong>, Kosovelov dom Se\u017eana:<strong>\u00a0<a href=\"https:\/\/peterkus.net\/si\/projects\/dzumbus\/\">D\u017eumbus<\/a>\u00a0<\/strong> &#8211; SRE\u010cKIN ABONMA IN IZVEN<\/p>\n","protected":false},"excerpt":{"rendered":"<p>JANUAR: 19. 1. 2018, O\u0160 Frana Erjavca, Nova Gorica: Orkester izvirnih instrumentov &#8211; ZAKLJU\u010cENO ZA U\u010cENCE 5. in 6. RAZREDA 19. 1. in 20. 1. 2018, Dvorana Cepetka (JSKD), Ljubljana: Ustvari prvi film 25. 1. 2018, O\u0160 Ka\u0161elj, Ljubljana: Zvo\u010dna kuhna &#8211; ZAKLJU\u010cENO ZA U\u010cENCE 2. RAZREDOV 27. 1. 2018 ob 10h30, SNG Gorica:\u00a0Zvo\u010dna kuhna [&hellip;]<\/p>\n","protected":false},"author":1,"featured_media":0,"parent":0,"menu_order":0,"comment_status":"closed","ping_status":"closed","template":"full-width.php","meta":{"om_disable_all_campaigns":false,"_mi_skip_tracking":false},"aioseo_notices":[],"_links":{"self":[{"href":"https:\/\/peterkus.net\/si\/wp-json\/wp\/v2\/pages\/4631"}],"collection":[{"href":"https:\/\/peterkus.net\/si\/wp-json\/wp\/v2\/pages"}],"about":[{"href":"https:\/\/peterkus.net\/si\/wp-json\/wp\/v2\/types\/page"}],"author":[{"embeddable":true,"href":"https:\/\/peterkus.net\/si\/wp-json\/wp\/v2\/users\/1"}],"replies":[{"embeddable":true,"href":"https:\/\/peterkus.net\/si\/wp-json\/wp\/v2\/comments?post=4631"}],"version-history":[{"count":42,"href":"https:\/\/peterkus.net\/si\/wp-json\/wp\/v2\/pages\/4631\/revisions"}],"predecessor-version":[{"id":5218,"href":"https:\/\/peterkus.net\/si\/wp-json\/wp\/v2\/pages\/4631\/revisions\/5218"}],"wp:attachment":[{"href":"https:\/\/peterkus.net\/si\/wp-json\/wp\/v2\/media?parent=4631"}],"curies":[{"name":"wp","href":"https:\/\/api.w.org\/{rel}","templated":true}]}}