{"id":5242,"date":"2019-02-01T16:19:10","date_gmt":"2019-02-01T16:19:10","guid":{"rendered":"https:\/\/peterkus.net\/si\/?page_id=5242"},"modified":"2019-12-26T10:43:10","modified_gmt":"2019-12-26T09:43:10","slug":"pretekli-dogodki-2019","status":"publish","type":"page","link":"https:\/\/peterkus.net\/si\/pretekli-dogodki-2019\/","title":{"rendered":"Pretekli dogodki 2019"},"content":{"rendered":"\n<p><strong>JANUAR:<\/strong><br><strong>11. in 12. 1. 2019, <\/strong>Lutkovno gledali\u0161\u010de Maribor: <strong><a href=\"https:\/\/peterkus.net\/si\/projects\/tecaji-za-odrasle\/\">Glasbena pravljica na izvirnih in\u0161trumentih \u2013 od ideje do izvedbe<\/a><\/strong> (v okviru posodobitvenih programov ZRS\u0160) &#8211; OBVEZNE PRIJAVE PREKO SISEMA KATIS<br><strong>16. 1. 2019 ob 9h in 10h30, <\/strong>\u0160panski borci, Ljubljana: <a rel=\"noopener noreferrer\" href=\"https:\/\/peterkus.net\/si\/projects\/gozd\/\" target=\"_blank\"><strong>Gozd raja<\/strong><\/a> &#8211; ZAKLJU\u010cENO ZA VRTCE IN \u0160OLE<br><strong>20. 1. 2019 ob 16h, <\/strong>Festspielhaus St. P\u00f6lten (Avstrija):<strong>&nbsp;<a href=\"https:\/\/peterkus.net\/si\/projects\/dzumbus\/\">D\u017eumbus<\/a><\/strong><br><strong>24. 1. 2019<\/strong>, O\u0160 A. T. Linharta, Radovljica: <strong><a href=\"https:\/\/peterkus.net\/si\/projects\/orkester\/\">Orkester izvirnih instrumentov<\/a><\/strong> &#8211; KULTURNI DAN (KONCERT IN DELAVNICE)<br><strong>25. 1. 2019<\/strong>, O\u0160 A. T. Linharta, Radovljica: <strong><a href=\"https:\/\/peterkus.net\/si\/projects\/orkester\/\">Orkester izvirnih instrumentov<\/a><\/strong> &#8211; KULTURNI DAN (KONCERT IN DELAVNICE)<br><strong>26. 1. 2019 ob 18h<\/strong>, Dje\u010dje kazali\u0161te Branka Mihaljevi\u0107a, Osijek (Hrva\u0161ka): <a href=\"https:\/\/peterkus.net\/si\/projects\/nepozabek\/\"><strong>Nepozabek<\/strong><\/a> &#8211; ZA IZVEN<br><strong>29. 1. 2019<\/strong>, O\u0160 Livada, Ljubljana: <strong><a href=\"https:\/\/peterkus.net\/si\/projects\/orkester\/\">Orkester izvirnih instrumentov<\/a><\/strong> &#8211; KULTURNI DAN (KONCERT IN DELAVNICE)<br><strong>29. 1. 2019 ob 10h<\/strong>, Dje\u010dje kazali\u0161te Branka Mihaljevi\u0107a, Osijek (Hrva\u0161ka): <a href=\"https:\/\/peterkus.net\/si\/projects\/nepozabek\/\"><strong>Nepozabek<\/strong><\/a> &#8211; ZAKLJU\u010cENO ZA \u0160OLE<br><strong>30. 1. 2019<\/strong>, O\u0160 Ka\u0161elj, Ljubljana: <strong><a href=\"https:\/\/peterkus.net\/si\/projects\/zvocna-kuhna\/\">Zvo\u010dna kuhna<\/a><\/strong> &#8211; ZAKLJU\u010cENO ZA 2. RAZRED<br><strong>30. 1. 2019 ob 10h<\/strong>, Dje\u010dje kazali\u0161te Branka Mihaljevi\u0107a, Osijek (Hrva\u0161ka): <a href=\"https:\/\/peterkus.net\/si\/projects\/nepozabek\/\"><strong>Nepozabek<\/strong><\/a> &#8211; ZAKLJU\u010cENO ZA \u0160OLE<\/p>\n\n\n\n<p><strong>FEBRUAR:<\/strong><br><strong>1. 2. 2019 ob 10h<\/strong>, Dje\u010dje kazali\u0161te Branka Mihaljevi\u0107a, Osijek (Hrva\u0161ka): <a href=\"https:\/\/peterkus.net\/si\/projects\/nepozabek\/\"><strong>Nepozabek<\/strong><\/a> &#8211; ZAKLJU\u010cENO ZA \u0160OLE<br><strong>3. 2. 2019 ob 15h<\/strong>, Kulturlabor Stromboli, Hall in Tirol (Avstrija): <strong><a href=\"https:\/\/peterkus.net\/si\/projects\/zvocna-kuhna\/\">Zvo\u010dna kuhna<\/a><\/strong> &#8211; ZA IZVEN<br><strong>4. 2. 2019 ob 10h<\/strong>, Kulturlabor Stromboli, Hall in Tirol (Avstrija): <strong><a href=\"https:\/\/peterkus.net\/si\/projects\/zvocna-kuhna\/\">Zvo\u010dna kuhna<\/a><\/strong> &#8211; ZA \u0160OLE<br><strong>5. 2. 2019 ob 9h in 10h30<\/strong>, \u0160panski borci, Ljubljana: <strong><a href=\"https:\/\/peterkus.net\/si\/projects\/dzumbus\/\">D\u017eumbus<\/a> &#8211; <\/strong>FESTIVAL BOBRI<br><strong>6. 2. 2019<\/strong>, O\u0160 Savsko naselje, Ljubljana: <strong><a href=\"https:\/\/peterkus.net\/si\/projects\/orkester\/\">Orkester izvirnih instrumentov<\/a><\/strong> &#8211; KULTURNI DAN (KONCERT IN DELAVNICE)<br><strong>12. 2. 2019<\/strong>, Vrtec Se\u017eana: <strong><a href=\"https:\/\/peterkus.net\/si\/projects\/delavnice-za-otroke\/\">Glasbena pravljica (delavnica)<\/a><\/strong><br><strong>13. 2. 2019 ob 10h<\/strong>, Dje\u010dje kazali\u0161te Branka Mihaljevi\u0107a, Osijek (Hrva\u0161ka): <strong><a href=\"https:\/\/peterkus.net\/si\/projects\/nepozabek\/\">Nepozabek<\/a><\/strong> &#8211; ZAKLJU\u010cENO ZA \u0160OLE<br><strong>13. 2. 2019<\/strong>, O\u0160 Menge\u0161:&nbsp;<strong><a href=\"https:\/\/peterkus.net\/si\/projects\/orkester\/\">Orkester izvirnih instrumentov<\/a><\/strong> &#8211; KULTURNI DAN (KONCERT IN DELAVNICE)<br><strong>14. 2. 2019<\/strong>, O\u0160 Re\u010dica ob Savinji: <strong><a href=\"https:\/\/peterkus.net\/si\/projects\/orkester\/\">Orkester izvirnih instrumentov<\/a><\/strong> &#8211; ZA \u0160OLO<br><strong>19. 2. 2019 ob 10h<\/strong>, Dje\u010dje kazali\u0161te Branka Mihaljevi\u0107a, Osijek (Hrva\u0161ka):&nbsp;<strong><a href=\"https:\/\/peterkus.net\/si\/projects\/nepozabek\/\">Nepozabek<\/a><\/strong> &#8211; ZAKLJU\u010cENO ZA \u0160OLE<br><strong>19. 2. 2019 ob 9h30 in 10h45<\/strong>, Vrtec Mladi rod, Ljubljana: <strong><a href=\"https:\/\/peterkus.net\/si\/projects\/zvocna-kuhna\/\">Zvo\u010dna kuhna<\/a><\/strong> &#8211; ZAKLJU\u010cENO ZA VERTEC<br><strong>21. 2. 2019 ob 10h<\/strong>, Dje\u010dje kazali\u0161te Branka Mihaljevi\u0107a, Osijek (Hrva\u0161ka):&nbsp;<strong><a href=\"https:\/\/peterkus.net\/si\/projects\/nepozabek\/\">Nepozabek<\/a><\/strong> &#8211; ZAKLJU\u010cENO ZA \u0160OLE<br><strong>22. 2. 2019<\/strong>, O\u0160 \u0160marje, Koper: <strong><a href=\"https:\/\/peterkus.net\/si\/projects\/delavnice-za-otroke\/\">Delavnice za u\u010dence 7.-9. razreda<br><\/a><\/strong><strong>26. 2. 2019 ob 10h<\/strong>, Dje\u010dje kazali\u0161te Branka Mihaljevi\u0107a Osijek:&nbsp;<strong><a href=\"https:\/\/peterkus.net\/si\/projects\/nepozabek\/\">Nepozabek<\/a><\/strong> &#8211; ZAKLJU\u010cENO ZA \u0160OLE<br><strong>27. 2. 2019 ob 10h<\/strong>, Dje\u010dje kazali\u0161te Branka Mihaljevi\u0107a, Osijek (Hrva\u0161ka):&nbsp;<strong><a href=\"https:\/\/peterkus.net\/si\/projects\/nepozabek\/\">Nepozabek<\/a><\/strong> &#8211; ZAKLJU\u010cENO ZA \u0160OLE<br><strong>28. 2. 2019 ob 10h in 12h<\/strong>, Dje\u010dje kazali\u0161te Branka Mihaljevi\u0107a, Osijek (Hrva\u0161ka):&nbsp;<strong><a href=\"https:\/\/peterkus.net\/si\/projects\/nepozabek\/\">Nepozabek<\/a><\/strong> &#8211; ZAKLJU\u010cENO ZA \u0160OLE<\/p>\n\n\n\n<p><strong>MAREC:<\/strong><br><strong>2. 3. 2019, ob 15h30 in 16h45<\/strong>, KC Lojze Bratu\u017e, Gorica (Italija): <strong><a href=\"https:\/\/peterkus.net\/si\/projects\/zvocna-kuhna\/\">Zvo\u010dna kuhna<\/a><\/strong> &#8211; <a href=\"http:\/\/www.ctagorizia.it\/2018\/10\/02\/sound-kitchen\/\">POMERIGI D&#8217;INVERNO<\/a><br><strong>6. 3. 2019<\/strong>, O\u0160 Bi\u010devje, Ljubljana: <strong><a href=\"https:\/\/peterkus.net\/si\/projects\/zvocna-kuhna\/\">Zvo\u010dna kuhna<\/a><\/strong> &#8211; PREDSTAVA IN DELAVNICE<br><strong>7. 3. 2019<\/strong>, O\u0160 Bi\u010devje, Ljubljana:&nbsp;<strong><a href=\"https:\/\/peterkus.net\/si\/projects\/zvocna-kuhna\/\">Zvo\u010dna kuhna<\/a><\/strong> &#8211; PREDSTAVA IN DELAVNICE<br><strong>11. 3. 2019 ob 9h30 in 10h45<\/strong>, KC Lojze Bratu\u017e, Gorica, Italija:&nbsp;<strong><a href=\"https:\/\/peterkus.net\/si\/projects\/dzumbus\/\">D\u017eumbus<\/a><\/strong> &#8211; ZAKLJU\u010cENO ZA \u0160OLO<br><strong>12. 3. 2019 ob 9h30 in 11h<\/strong>, KD Franca Bernika, Dom\u017eale:&nbsp;<strong><a href=\"https:\/\/peterkus.net\/si\/projects\/dzumbus\/\">D\u017eumbus<\/a><\/strong> &#8211; ZAKLJU\u010cENO ZA VRTEC<br><strong>13. 3. 2019 ob 10h<\/strong>, Dje\u010dje kazali\u0161te Branka Mihaljevi\u0107a Osijek: <a href=\"https:\/\/peterkus.net\/si\/projects\/nepozabek\/\"><strong>Nepozabek<\/strong><\/a> &#8211; ZAKLJU\u010cENO ZA \u0160OLE<br><strong>13. 3. 2019 ob 11h<\/strong>, KD Franca Bernika, Dom\u017eale:&nbsp;<strong><a href=\"https:\/\/peterkus.net\/si\/projects\/dzumbus\/\">D\u017eumbus<\/a><\/strong> &#8211; ZAKLJU\u010cENO ZA VRTEC<br><strong>15. 3. 2019 ob 10h30<\/strong>, Dje\u010dje kazali\u0161te Branka Mihaljevi\u0107a Osijek: <a href=\"https:\/\/peterkus.net\/si\/projects\/nepozabek\/\"><strong>Nepozabek<\/strong><\/a> &#8211; ZAKLJU\u010cENO ZA \u0160OLE<br><strong>16. 3. 2019 ob 9h in 14h<\/strong>, Kolpingsaal, Lienz (Avstrija):&nbsp;<strong><a href=\"https:\/\/peterkus.net\/si\/projects\/zvocna-kuhna\/\">Zvo\u010dna kuhna<\/a><\/strong> &#8211; FANTASIMA FESTIVAL<br><strong>18. 3. 2019 ob 10h<\/strong>, Dje\u010dje kazali\u0161te Branka Mihaljevi\u0107a Osijek: <a href=\"https:\/\/peterkus.net\/si\/projects\/nepozabek\/\"><strong>Nepozabek<\/strong><\/a> &#8211; ZAKLJU\u010cENO ZA \u0160OLE<br><strong>18. 3. 2019<\/strong>, Vrtec Se\u017eana: <strong><a href=\"https:\/\/peterkus.net\/si\/projects\/delavnice-za-otroke\/\">Deklica v Vilenici<\/a><\/strong>&nbsp;(delavnica o glasbeni pravljici) &#8211; ZAKLJU\u010cENO ZA VRTEC<br><strong>19. 3. 2019<\/strong>, O\u0160 Frana Erjavca, Nova Gorica: <strong><a href=\"https:\/\/peterkus.net\/si\/projects\/orkester\/\">Orkester izvirnih instrumentov<\/a><\/strong> &#8211; KONCERT IN DELAVNICA<br><strong>19. 3. 2019 ob 10h<\/strong>, Dje\u010dje kazali\u0161te Branka Mihaljevi\u0107a Osijek: <a href=\"https:\/\/peterkus.net\/si\/projects\/nepozabek\/\"><strong>Nepozabek<\/strong><\/a> &#8211; ZAKLJU\u010cENO ZA \u0160OLE<br><strong>20. 3. 2019<\/strong>, O\u0160 Branik: <strong><a href=\"https:\/\/peterkus.net\/si\/projects\/orkester\/\">Orkester izvirnih instrumentov<\/a><\/strong> &#8211; KONCERT IN DELAVNICA<br><strong>25. 3. 2019 ob 9h in 10h30<\/strong>, \u0160panski borci, Ljubljana:&nbsp;<a href=\"https:\/\/peterkus.net\/si\/projects\/gozd\/\" target=\"_blank\" rel=\"noopener noreferrer\"><strong>Gozd raja<\/strong><\/a> \u2013 ZAKLJU\u010cENO ZA VRTEC<br><strong>26. 3. 2019<\/strong>, Kulturni dom, Medvode:&nbsp;<a href=\"https:\/\/peterkus.net\/si\/projects\/gozd\/\" target=\"_blank\" rel=\"noopener noreferrer\"><strong>Gozd raja<\/strong><\/a> \u2013 ZAKLJU\u010cENO ZA VRTEC<br><strong>27. 3. 2019 ob 10h<\/strong>, Dje\u010dje kazali\u0161te Branka Mihaljevi\u0107a Osijek: <a href=\"https:\/\/peterkus.net\/si\/projects\/nepozabek\/\"><strong>Nepozabek<\/strong><\/a> &#8211; ZAKLJU\u010cENO ZA \u0160OLE<br><strong>28. 3. 2019<\/strong>, Vrtec Se\u017eana: <strong><a href=\"https:\/\/peterkus.net\/si\/projects\/delavnice-za-otroke\/\">Deklica v Vilenici<\/a><\/strong>&nbsp;(delavnica o glasbeni pravljici) &#8211; ZAKLJU\u010cENO ZA VRTEC<br><strong>29. 3. 2019<\/strong>, Vrtec Se\u017eana:&nbsp;<strong><a href=\"https:\/\/peterkus.net\/si\/projects\/delavnice-za-otroke\/\">Deklica v Vilenici<\/a><\/strong>&nbsp;(delavnica o glasbeni pravljici) &#8211; ZAKLJU\u010cENO ZA VRTEC<\/p>\n\n\n\n<p><strong>APRIL:<\/strong><br><strong>1. 4. 2019<\/strong>, Vrtec Se\u017eana:&nbsp;<strong><a href=\"https:\/\/peterkus.net\/si\/projects\/delavnice-za-otroke\/\">Deklica v Vilenici<\/a><\/strong>&nbsp;(delavnica o glasbeni pravljici) &#8211; ZAKLJU\u010cENO ZA VRTEC<br><strong>1. 4. 2019 ob 10h<\/strong>, Dje\u010dje kazali\u0161te Branka Mihaljevi\u0107a Osijek: <a href=\"https:\/\/peterkus.net\/si\/projects\/nepozabek\/\"><strong>Nepozabek<\/strong><\/a> \u2013 ZAKLJU\u010cENO ZA \u0160OLE<br><strong>2. 4. 2019 ob 10h<\/strong>, Dje\u010dje kazali\u0161te Branka Mihaljevi\u0107a Osijek: <a href=\"https:\/\/peterkus.net\/si\/projects\/nepozabek\/\"><strong>Nepozabek<\/strong><\/a> \u2013 ZAKLJU\u010cENO ZA \u0160OLE<br><strong>3. 4. 2019 ob 10h<\/strong>, Dje\u010dje kazali\u0161te Branka Mihaljevi\u0107a Osijek: <a href=\"https:\/\/peterkus.net\/si\/projects\/nepozabek\/\"><strong>Nepozabek<\/strong><\/a> \u2013 ZAKLJU\u010cENO ZA \u0160OLE<br><strong>4. 4. 2019<\/strong>, Vrtec Zelena jama, enota Vejica: <a href=\"https:\/\/peterkus.net\/si\/projects\/delavnice-za-otroke\/\"><strong>Zvoki narave<\/strong><\/a> (delavnica za otroke) &#8211; v okviru seminarja JSKD: INSTRUMENTALNA \u0160OLA IN MENED\u017dMENT<br><strong>6. 4. 2019 ob 10h30, 14h in 16h<\/strong>, SNG Nova Gorica:&nbsp;<strong><a href=\"https:\/\/peterkus.net\/si\/projects\/dzumbus\/\">D\u017eumbus<\/a><\/strong> &#8211; ZA ABONMA IN IZVEN<br><strong>8. 4. 2019<\/strong>, Vrtec Se\u017eana:&nbsp;<strong><a href=\"https:\/\/peterkus.net\/si\/projects\/delavnice-za-otroke\/\">Deklica v Vilenici<\/a><\/strong>&nbsp;(delavnica o glasbeni pravljici) &#8211; ZAKLJU\u010cENO ZA VRTEC<br><strong>9. 4. 2019<\/strong>, Vrtec Se\u017eana:&nbsp;<strong><a href=\"https:\/\/peterkus.net\/si\/projects\/delavnice-za-otroke\/\">Deklica v Vilenici<\/a><\/strong>&nbsp;(delavnica o glasbeni pravljici) &#8211; ZAKLJU\u010cENO ZA VRTEC<br><strong>11. 4. 2019<\/strong>, Vrtec Se\u017eana:&nbsp;<strong><a href=\"https:\/\/peterkus.net\/si\/projects\/delavnice-za-otroke\/\">Deklica v Vilenici<\/a><\/strong>&nbsp;(delavnica o glasbeni pravljici) &#8211; ZAKLJU\u010cENO ZA VRTEC<br><strong>12. 4. 2019<\/strong>, Vrtec Se\u017eana:&nbsp;<strong><a href=\"https:\/\/peterkus.net\/si\/projects\/delavnice-za-otroke\/\">Deklica v Vilenici<\/a><\/strong>&nbsp;(delavnica o glasbeni pravljici) &#8211; ZAKLJU\u010cENO ZA VRTEC<br><strong>15. 4. 2019 ob 8h20<\/strong>, \u010ce\u0161novcova doma\u010dija, Gori\u010dice: <strong><a href=\"https:\/\/peterkus.net\/si\/projects\/zvocna-kuhna\/\">Zvo\u010dna kuhna<\/a><\/strong> &#8211; ZAKLJU\u010cENO ZA O\u0160 HEROJA JANEZA HRIBARJA, STARI TRG PRI LO\u017dU<br><strong>16. 4. 2019 ob 8h20<\/strong>, \u010ce\u0161novcova doma\u010dija, Gori\u010dice:&nbsp;<strong><a href=\"https:\/\/peterkus.net\/si\/projects\/zvocna-kuhna\/\">Zvo\u010dna kuhna<\/a><\/strong> &#8211; ZAKLJU\u010cENO ZA O\u0160 HEROJA JANEZA HRIBARJA, STARI TRG<br><strong>17. 4. 2019 ob 8h20 in 10h30<\/strong>, \u010ce\u0161novcova doma\u010dija, Gori\u010dice: <strong><a href=\"https:\/\/peterkus.net\/si\/projects\/zvocna-kuhna\/\">Zvo\u010dna kuhna<\/a><\/strong><a href=\"https:\/\/peterkus.net\/si\/projects\/zvocna-kuhna\/\">&nbsp;<\/a><strong>&#8211; <\/strong>ZAKLJU\u010cENO ZA O\u0160 TONETA \u0160RAJA ALJO\u0160E, NOVA VAS<br><strong>17. 4. 2019 ob 18h<\/strong>, Kosovelov dom Se\u017eana:&nbsp;<strong><a href=\"https:\/\/peterkus.net\/si\/projects\/delavnice-za-otroke\/\">Deklica v Vilenici<\/a><\/strong> (uprizoritev) &#8211; V OKVIRU PROJEKTA &#8216;SKUM&#8217;<br><strong>18. 4. 2019 ob 8h20<\/strong>, \u010ce\u0161novcova doma\u010dija, Gori\u010dice: <strong><a href=\"https:\/\/peterkus.net\/si\/projects\/zvocna-kuhna\/\">Zvo\u010dna kuhna<\/a><\/strong><a href=\"https:\/\/peterkus.net\/si\/projects\/zvocna-kuhna\/\">&nbsp;<\/a><strong>&#8211; <\/strong>ZAKLJU\u010cENO ZA O\u0160 CERKNICA<br><strong>19. 4. 2019 ob 8h20<\/strong>, \u010ce\u0161novcova doma\u010dija, Gori\u010dice: <strong><a href=\"https:\/\/peterkus.net\/si\/projects\/zvocna-kuhna\/\">Zvo\u010dna kuhna<\/a><\/strong><a href=\"https:\/\/peterkus.net\/si\/projects\/zvocna-kuhna\/\">&nbsp;<\/a><strong>&#8211; <\/strong>ZAKLJU\u010cENO ZA O\u0160 CERKNICA<br><strong>24. 4. 2019 ob 8h20<\/strong>, \u010ce\u0161novcova doma\u010dija, Gori\u010dice:&nbsp;<strong><a href=\"https:\/\/peterkus.net\/si\/projects\/zvocna-kuhna\/\">Zvo\u010dna kuhna<\/a><\/strong> &#8211; ZAKLJU\u010cENO ZA O\u0160 CERKNICA<br><strong>25. 4. 2019 ob 8h20<\/strong>, \u010ce\u0161novcova doma\u010dija, Gori\u010dice: <strong><a href=\"https:\/\/peterkus.net\/si\/projects\/zvocna-kuhna\/\">Zvo\u010dna kuhna<\/a><\/strong> &#8211; ZAKLJU\u010cENO ZA O\u0160 CERKNICA<br><strong>26. 4. 2019 ob 8h20<\/strong>, \u010ce\u0161novcova doma\u010dija, Gori\u010dice:&nbsp;<strong><a href=\"https:\/\/peterkus.net\/si\/projects\/zvocna-kuhna\/\">Zvo\u010dna kuhna<\/a><\/strong> &#8211; ZAKLJU\u010cENO ZA O\u0160 CERKNICA<\/p>\n\n\n\n<p><strong>MAJ:<\/strong><br><strong>4. 5. 2019<\/strong>, \u010ce\u0161novcova doma\u010dija, Gori\u010dice: <strong><a href=\"https:\/\/peterkus.net\/si\/projects\/tecaji-za-odrasle\/\">Izvirni instrumenti Cerkni\u0161kega jezera<\/a><\/strong> &#8211; DELAVNICA <br><strong>6. 5. 2019 ob 10h<\/strong>, Dje\u010dje kazali\u0161te Branka Mihaljevi\u0107a, Osijek (Hrva\u0161ka): <strong><a href=\"https:\/\/peterkus.net\/si\/projects\/nepozabek\/\">Nepozabek<\/a><\/strong><br><strong>7. 5. 2019<\/strong>, Vrtec Pivka: <strong><a href=\"https:\/\/peterkus.net\/si\/projects\/delavnice-za-otroke\/\">Izvirni instrumenti v vrtcu <\/a><\/strong>(delavnica) &#8211; V OKVIRU PROJEKTA &#8216;SKUM&#8217;<br><strong>9. 5. 2019 ob 10h<\/strong>, O\u0160 \u0160kofljica: <strong><a href=\"https:\/\/peterkus.net\/si\/projects\/orkester\/\">Orkester izvirnih instrumentov<\/a><\/strong> &#8211; KONCERT IN DELAVNICA <br><strong>12. 5. 2019 ob 18h<\/strong>, Kulturni center, Vzhodno Sarajevo: <a href=\"https:\/\/peterkus.net\/si\/projects\/dzumbus\/\"><strong>D\u017eumbus<\/strong><\/a> &#8211; 20. LUTFEST <br><strong>15. 5. 2019 ob 9h in 10h30<\/strong>, Lo\u0161ki oder, \u0160kofja Loka: <a rel=\"noreferrer noopener\" href=\"https:\/\/peterkus.net\/si\/projects\/gozd\/\" target=\"_blank\"><strong>Gozd raja<\/strong><\/a> &#8211; ZAKLJU\u010cENO ZA VRTEC \u0160KOFJA LOKA <br><strong>16. 5. 2019<\/strong>, PO\u0160 Rabor: <strong><a href=\"https:\/\/peterkus.net\/si\/projects\/orkester\/\">Orkester izvirnih instrumentov<\/a><\/strong> &#8211; ZAKLJU\u010cENO ZA \u0160OLO <br><strong>21. 5. 2019 od 16h do 19h<\/strong>, Vrtec Se\u017eana: <strong><a href=\"https:\/\/peterkus.net\/si\/projects\/tecaji-za-odrasle\/\">Glasbena pravljica na izvirnih instrumentih<\/a><\/strong> (delavnica za vzgojiteljice) <br><strong>22. 5. 2019, ob 12.45<\/strong>, O\u0160 Savsko naselje, Ljubljana: <a href=\"https:\/\/peterkus.net\/si\/projects\/delavnice-za-otroke\/\"><strong>Izvirni instrumenti in glas (delavnica)<\/strong><\/a> \u2013 V OKVIRU PROJEKTA SKUM<strong><br>24. 5. 2019<\/strong>, Dje\u010dje kazali\u0161te Branka Mihaljevi\u0107a, Osijek (Hrva\u0161ka): <strong><a href=\"https:\/\/peterkus.net\/si\/projects\/nepozabek\/\">Nepozabek<\/a><br>25. 5. &#8211; 3. 11. 2019<\/strong>, Planina Krvavec: <a href=\"https:\/\/peterkus.net\/si\/2017\/07\/10\/gora-zvokov-na-planini-krvavec\/\"><strong>Gora zvokov<\/strong><\/a><strong> <\/strong>(razstava izvirnih glasbil na prostem) &#8211; V OKVIRU <em>POTI PASTIRSKIH \u0160KRATOV<\/em><br><strong>29. 5. 2019<\/strong>, Dje\u010dje kazali\u0161te Branka Mihaljevi\u0107a, Osijek (Hrva\u0161ka): <strong><a href=\"https:\/\/peterkus.net\/si\/projects\/nepozabek\/\">Nepozabek<\/a><\/strong> &#8211; 27. SLUK FESTIVAL <\/p>\n\n\n\n<p><strong>JUNIJ:<\/strong><br><strong>3. 6. 2019 ob 10h<\/strong>, Vrtec Koper, enota Vaganel \u2013 Pikapolonica : <strong><a href=\"https:\/\/peterkus.net\/si\/projects\/zvocna-kuhna\/\">Zvo\u010dna kuhna<\/a><\/strong> &#8211; ZAKLJU\u010cENO ZA VRTEC<br><strong>4. 6. 2019 ob 9h<\/strong>, Vrtec Koper,  enota \u0160alara \u2013 Pol\u017eek : <strong><a href=\"https:\/\/peterkus.net\/si\/projects\/zvocna-kuhna\/\">Zvo\u010dna kuhna<\/a><\/strong> &#8211; ZAKLJU\u010cENO ZA VRTEC<br><strong>5. 6. 2019 ob 9h<\/strong>, Vrtec Koper, enota Kekec: <strong><a href=\"https:\/\/peterkus.net\/si\/projects\/zvocna-kuhna\/\">Zvo\u010dna kuhna<\/a><\/strong> &#8211; ZAKLJU\u010cENO ZA VRTEC<br><strong>6. 6. 2019 ob 9h<\/strong>, Vrtec Koper, enota Kekec: <strong><a href=\"https:\/\/peterkus.net\/si\/projects\/zvocna-kuhna\/\">Zvo\u010dna kuhna<\/a><\/strong> &#8211; ZAKLJU\u010cENO ZA VRTEC <strong><br>6. 6. 2019 ob 17h<\/strong>, Kulturni dom, Povir: <a href=\"https:\/\/peterkus.net\/si\/projects\/delavnice-za-otroke\/\"><strong>Deklica v Vilenici<\/strong><\/a> (glasbena pravljica) &#8211; V OKVIRU PROJEKTA SKUM<br><strong>12. 6. 2019 ob 12.45<\/strong>, O\u0160 Savsko naselje, Ljubljana: <a href=\"https:\/\/peterkus.net\/si\/projects\/delavnice-za-otroke\/\"><strong>Izvirni instrumenti in glas (delavnica)<\/strong><\/a> \u2013 V OKVIRU PROJEKTA SKUM<br><strong>14. 6. 2019 ob 9h<\/strong>, Vrtec \u010cebelica, Kranj:  <strong><a href=\"https:\/\/peterkus.net\/si\/projects\/zvocna-kuhna\/\">Zvo\u010dna kuhna<\/a><\/strong> &#8211; PREDSTAVA IN DELAVNICA <br><strong>29. 6. 2019 ob 12h<\/strong>, Steklenik, Ljubljana: <a href=\"https:\/\/peterkus.net\/si\/projects\/delavnice-za-otroke\/\"><strong>Zvoki morja in vetra<\/strong><\/a> (delavnica)<\/p>\n\n\n\n<p><strong>JULIJ: <\/strong><br><strong>3. &#8211; 4. 7. 2019<\/strong>, Reka, Hrva\u0161ka: <strong><a href=\"https:\/\/peterkus.net\/si\/projects\/delavnice-za-otroke\/\">Tovarna zvoka &#8211; Tvornica zvuka<\/a><\/strong> (delavnica za otroke Doma za odgoj djece i mlade\u017ei Rijeka)<br><strong>5. 7. 2019 ob 19h30<\/strong>, Campus Akademije primijenjenih umjetnosti, Reka (Hrva\u0161ka): <strong><a href=\"https:\/\/peterkus.net\/si\/projects\/zvocna-kuhna\/\">Zvo\u010dna kuhna<\/a><\/strong> &#8211; TOBOGAN FESTIVAL<br><strong>25. 7. ob 21h, <\/strong>Nadi\u0161ka dolina (Italija): <strong><a href=\"https:\/\/peterkus.net\/si\/projects\/zvocna-kuhna\/\">Zvo\u010dna kuhna<\/a><\/strong> &#8211; FESTIVAL DELLE VALLI DEL NATISONE <\/p>\n\n\n\n<p><strong>AVGUST:<\/strong><br><strong>18. 8. 2019 ob 18h<\/strong>, Avditorij Lutkovnega gledali\u0161\u010da, Maribor: <strong><a href=\"https:\/\/peterkus.net\/si\/projects\/gozd\/\">Gozd raja!<\/a> <\/strong>&#8211; POLETNI LUTKONI PRISTAN <\/p>\n\n\n\n<p><\/p>\n\n\n\n<p><strong>SEPTEMBER: <\/strong><br><strong>4. 9. 2019 ob 17h<\/strong>, Feldkirch (Avstrija): <strong><a href=\"https:\/\/peterkus.net\/si\/projects\/dzumbus\/\">D\u017eumbus<\/a><\/strong> \u2013 LUAGA &amp; LOSNA FESTIVAL <strong><br> 7. 9. 2019 ob 18h<\/strong>, Dje\u010dje kazali\u0161te Branka Mihaljevi\u0107a, Osijek (Hrva\u0161ka): <strong><a href=\"https:\/\/peterkus.net\/si\/projects\/nepozabek\/\">Nepozabek<\/a><\/strong> <strong><br>10. 9. 2019 ob 16h<\/strong>, Mala sala KSC Bugojno, Bugonjo (BiH): <strong><a href=\"https:\/\/peterkus.net\/si\/projects\/nepozabek\/\">Nepozabek<\/a><\/strong> &#8211; 10. LUTKARSKI BIENALE<br><strong>11. 9. 2019 ob 19h<\/strong>, Lutkovno gledali\u0161\u010de Maribor, Velika dvorana: <strong><a href=\"https:\/\/peterkus.net\/si\/projects\/dzumbus\/\">D\u017eumbus<\/a><\/strong> &#8211; 10. BIENALE ULU<br><strong>12. 9. 2019 ob 19h<\/strong>, Lutkovno gledali\u0161\u010de Maribor: <strong><a href=\"https:\/\/peterkus.net\/si\/projects\/nepozabek\/\">Nepozabek<\/a><\/strong> &#8211; 10. BIENALE ULU<strong><br>14. 9. 2019 ob 17h<\/strong>, Lutkovno gledali\u0161\u010de Ljubljana: <strong><a href=\"https:\/\/peterkus.net\/si\/projects\/nepozabek\/\">Nepozabek<\/a><\/strong> &#8211; SLOVENSKA PREMIERA  <br><strong>18. 9. 2019<\/strong>, 12h45 &#8211; 13h, O\u0160 Savsko naselje, Ljubljana: <strong><a href=\"https:\/\/peterkus.net\/si\/projects\/delavnice-za-otroke\/\">Plastnci &#8211; sporo\u010dilo iz prihodnosti<\/a><\/strong> (delavnica) <br><strong>21. 9. 2019<\/strong>, Vrtec Grosuplje: <a href=\"https:\/\/peterkus.net\/si\/projects\/tecaji-za-odrasle\/\"><strong>Seminar za vzgojiteljice<\/strong><\/a> &#8211; ZAKLJU\u010cENO  <br><strong>25. 9. 2019<\/strong>, 12h45 &#8211; 13h, O\u0160 Savsko naselje, Ljubljana: <strong><a href=\"https:\/\/peterkus.net\/si\/projects\/delavnice-za-otroke\/\">Plastnci &#8211; sporo\u010dilo iz prihodnosti<\/a><\/strong> (delavnica)  <\/p>\n\n\n\n<p><strong>OKTOBER:<\/strong><br><strong>2. 10. 2019, 12h45 \u2013 14h25, <\/strong> O\u0160 Savsko naselje, Ljubljana: <a href=\"https:\/\/peterkus.net\/si\/projects\/delavnice-za-otroke\/\"><strong>Plastonci \u2013 sporo\u010dilo iz prihodnosti<\/strong><\/a> (delavnica) <br><strong>9. 10. 2019, 12h45 \u2013 14h25, <\/strong> O\u0160 Savsko naselje, Ljubljana: <a href=\"https:\/\/peterkus.net\/si\/projects\/delavnice-za-otroke\/\"><strong>Plastonci \u2013 sporo\u010dilo iz prihodnosti<\/strong><\/a> (delavnica) <br><strong>10. 10. 2019 ob 18h30<\/strong>, Videm (Italija): <strong><a href=\"https:\/\/peterkus.net\/si\/projects\/gozd\/\">Gozd raja!<\/a><\/strong> &#8211; TRALLALLERO FESTIVAL <strong><br>12. 10. 2019 ob 10h<\/strong>, KD Franceta Bernika, Dom\u017eale: <strong><a href=\"https:\/\/peterkus.net\/si\/projects\/gozd\/\">Gozd raja!<\/a><\/strong> &#8211; ZA ABONMA IN IZVEN<br><strong>13. 10. 2019 ob 12h30<\/strong>, Dom mladih, Koprivnica (Hrva\u0161ka): <a href=\"https:\/\/peterkus.net\/si\/projects\/nepozabek\/\"><strong>Nepozabek<\/strong><\/a> &#8211; 5. FESTIVAL JAJE <br><strong>14. 10. 2019 ob 10h<\/strong>, Dje\u010dje kazali\u0161te Branka Mihaljevi\u0107a, Osijek (Hrva\u0161ka): <a href=\"https:\/\/peterkus.net\/si\/projects\/nepozabek\/\"><strong>Nepozabek<\/strong><\/a> &#8211; ZAKLJU\u010cENO ZA \u0160OLE<br><strong>14. 10. 2019 ob 9h in 10h30<\/strong>, \u0160panski borci, Ljubljana: <strong><a href=\"https:\/\/peterkus.net\/si\/projects\/gozd\/\">Gozd raja!<\/a> <\/strong>&#8211; ZAKLJU\u010cENO ZA VRTCE IN \u0160OLE <br><strong>15. 10. 2019 ob 8h20 in 9h15<\/strong>, O\u0160 Vodmat, Ljubljana: <a href=\"https:\/\/peterkus.net\/si\/projects\/delavnice-za-otroke\/\"><strong>Zvoki \u017eivali<\/strong><\/a> (delavnica)<br><strong>15. 10. 2019 ob 9h in 10h<\/strong>, Vrtec Zelena jama, Enota Zmaj\u010dek, Ljubljana: <a href=\"https:\/\/peterkus.net\/si\/projects\/delavnice-za-otroke\/\"><strong>Ogla\u0161anje \u017eivali<\/strong><\/a> (delavnica) <br><strong>16. 10. 2019 ob 9h in 10h<\/strong>, Vrtec Vrhovci, Ljubljana:  <a href=\"https:\/\/peterkus.net\/si\/projects\/delavnice-za-otroke\/\"><strong>Ogla\u0161anje \u017eivali<\/strong><\/a>  (delavnica)  <br><strong>16. 10. 2019 ob 9h in 10h<\/strong>, Otona \u017dupan\u010di\u010da, Ljubljana:  <a href=\"https:\/\/peterkus.net\/si\/projects\/delavnice-za-otroke\/\"><strong>Ogla\u0161anje \u017eivali<\/strong><\/a>  (delavnica)   <br><strong>16. 10. 2019, 12h45 \u2013 14h25, <\/strong> O\u0160 Savsko naselje, Ljubljana: <a href=\"https:\/\/peterkus.net\/si\/projects\/delavnice-za-otroke\/\"><strong>Plastonci \u2013 sporo\u010dilo iz prihodnosti<\/strong><\/a> (delavnica) <br><strong>17. 10. 2019 ob 9h<\/strong>,  Otona \u017dupan\u010di\u010da, Ljubljana:  <a href=\"https:\/\/peterkus.net\/si\/projects\/delavnice-za-otroke\/\"><strong>Ogla\u0161anje \u017eivali<\/strong><\/a>  (delavnica)    <br><strong>23. 10. 2019, 12h45 \u2013 14h25, <\/strong>O\u0160 Savsko naselje, Ljubljana: <a href=\"https:\/\/peterkus.net\/si\/projects\/delavnice-za-otroke\/\"><strong>Plastonci \u2013 sporo\u010dilo iz prihodnosti<\/strong><\/a> (delavnica)       <\/p>\n\n\n\n<p><strong>NOVEMBER:<\/strong> <br><strong>5. 11. 2019 ob 20h, <\/strong>Kreatorij, Ljubljana: <strong><a href=\"https:\/\/peterkus.net\/si\/projects\/plastonci\/\">Plastonci &#8211; sporo\u010dilo iz prihodnosti<\/a><\/strong> (premiera glasbenega performansa)<br><strong>6. 11. 2019, <\/strong> <strong>12h45 \u2013 14h25,<\/strong> O\u0160 Savsko naselje: <a href=\"https:\/\/peterkus.net\/si\/projects\/delavnice-za-otroke\/\"><strong>Plastonci<\/strong><\/a> (delavnica)  <br><strong>6. 11. 2019 ob 19h, <\/strong>Hrvatski kulturni dom na Su\u0161aku, Reka (Hrva\u0161a):  <a href=\"https:\/\/peterkus.net\/si\/projects\/nepozabek\/\"><strong>Nepozabek<\/strong><\/a> &#8211; 24. REVIJA LUTKARSKIH KAZALI\u0160TA<br><strong>7. 11. 2019 ob 9h30 in 11h<\/strong>, Hrvatski kulturni dom na Su\u0161aku, Reka (Hrva\u0161a):  <a href=\"https:\/\/peterkus.net\/si\/projects\/nepozabek\/\"><strong>Nepozabek<\/strong><\/a> &#8211; 24. REVIJA LUTKARSKIH KAZALI\u0160TA<br><strong>8. 11. 2019 ob 10h<\/strong>, Dje\u010dje kazali\u0161te Branka Mihaljevi\u0107a, Osijek (Hrva\u0161ka):  <a href=\"https:\/\/peterkus.net\/si\/projects\/nepozabek\/\"><strong>Nepozabek<\/strong><\/a> &#8211; ZAKLJU\u010cENO ZA \u0160OLE <br><strong>10. 11. 2019 ob 10h30<\/strong>, Dje\u010dje kazali\u0161te Branka Mihaljevi\u0107a, Osijek (Hrva\u0161ka): <a href=\"https:\/\/peterkus.net\/si\/projects\/nepozabek\/\"><strong>Nepozabek<\/strong><\/a> &#8211; ZA IZVEN<br><strong>11. 11. 2019 ob 9h in 10h30<\/strong>, \u0160panski borci, Ljubljana: <strong><a href=\"https:\/\/peterkus.net\/si\/projects\/gozd\/\">Gozd raja!<\/a> <\/strong>&#8211; ZAKLJU\u010cENO ZA VRTCE IN \u0160OLE  <br><strong>12. 11. 2019 ob 17, <\/strong>O\u0160 Savsko naselje, Ljubljana: <strong><a href=\"https:\/\/peterkus.net\/si\/projects\/plastonci\/\">Plastonci \u2013 sporo\u010dilo iz prihodnosti<\/a><\/strong> (koncert)<br><strong>16. 11. 2019 ob 15h,<\/strong> Graz (Avstrija): <strong><a href=\"https:\/\/peterkus.net\/si\/projects\/dzumbus\/\">D\u017eumbus<\/a><\/strong> \u2013 BOOKOLINO FESTIVAL <br><strong>23. 11. 2019 ob 10h<\/strong>, Kulturni dom Cerknica: <strong><a href=\"https:\/\/peterkus.net\/si\/projects\/zvocna-kuhna\/\">Zvo\u010dna kuhna<\/a><\/strong> &#8211; ZA ABONMA IN IZVEN     <br><strong>30. 11. 2020<\/strong>, O\u0160 Ka\u0161elj, Ljubljana: <a href=\"https:\/\/peterkus.net\/si\/projects\/tecaji-za-odrasle\/\"><strong>Orffov jesenski seminar<\/strong><\/a> &#8211; SEMINAR ZA VZGOJITELJE IN U\u010cITELJE<\/p>\n","protected":false},"excerpt":{"rendered":"<p>JANUAR:11. in 12. 1. 2019, Lutkovno gledali\u0161\u010de Maribor: Glasbena pravljica na izvirnih in\u0161trumentih \u2013 od ideje do izvedbe (v okviru posodobitvenih programov ZRS\u0160) &#8211; OBVEZNE PRIJAVE PREKO SISEMA KATIS16. 1. 2019 ob 9h in 10h30, \u0160panski borci, Ljubljana: Gozd raja &#8211; ZAKLJU\u010cENO ZA VRTCE IN \u0160OLE20. 1. 2019 ob 16h, Festspielhaus St. P\u00f6lten (Avstrija):&nbsp;D\u017eumbus24. 1. [&hellip;]<\/p>\n","protected":false},"author":1,"featured_media":0,"parent":0,"menu_order":0,"comment_status":"closed","ping_status":"closed","template":"full-width.php","meta":{"om_disable_all_campaigns":false,"_mi_skip_tracking":false},"aioseo_notices":[],"_links":{"self":[{"href":"https:\/\/peterkus.net\/si\/wp-json\/wp\/v2\/pages\/5242"}],"collection":[{"href":"https:\/\/peterkus.net\/si\/wp-json\/wp\/v2\/pages"}],"about":[{"href":"https:\/\/peterkus.net\/si\/wp-json\/wp\/v2\/types\/page"}],"author":[{"embeddable":true,"href":"https:\/\/peterkus.net\/si\/wp-json\/wp\/v2\/users\/1"}],"replies":[{"embeddable":true,"href":"https:\/\/peterkus.net\/si\/wp-json\/wp\/v2\/comments?post=5242"}],"version-history":[{"count":83,"href":"https:\/\/peterkus.net\/si\/wp-json\/wp\/v2\/pages\/5242\/revisions"}],"predecessor-version":[{"id":6066,"href":"https:\/\/peterkus.net\/si\/wp-json\/wp\/v2\/pages\/5242\/revisions\/6066"}],"wp:attachment":[{"href":"https:\/\/peterkus.net\/si\/wp-json\/wp\/v2\/media?parent=5242"}],"curies":[{"name":"wp","href":"https:\/\/api.w.org\/{rel}","templated":true}]}}