{"id":7125,"date":"2022-01-06T13:10:02","date_gmt":"2022-01-06T12:10:02","guid":{"rendered":"https:\/\/peterkus.net\/si\/?page_id=7125"},"modified":"2023-01-03T12:31:32","modified_gmt":"2023-01-03T11:31:32","slug":"pretekli-dogodki-2022","status":"publish","type":"page","link":"https:\/\/peterkus.net\/si\/pretekli-dogodki-2022\/","title":{"rendered":"Pretekli dogodki 2022"},"content":{"rendered":"\n<p><strong>JANUAR:<\/strong><br><strong>4. 1. 2022, <\/strong>O\u0160 borcev za severno mejo, Maribor: <a href=\"https:\/\/peterkus.net\/si\/projects\/delavnice-za-otroke\/\"><strong>Plasti\u010dni planet<\/strong><\/a> \u2013 delavnica v okviru SKUM<br><strong>12. 1. 2022, <\/strong>O\u0160 borcev za severno mejo, Maribor: <a href=\"https:\/\/peterkus.net\/si\/projects\/delavnice-za-otroke\/\"><strong>Plasti\u010dni planet<\/strong><\/a> \u2013 delavnica v okviru SKUM<br><strong>13. 1. 2022<\/strong>, O\u0160 \u0160marje pri Kopru: <a href=\"https:\/\/peterkus.net\/si\/projects\/delavnice-za-otroke\/\"><strong>Zvo\u010dno potovanje<\/strong><\/a><em> \u2013 <\/em>delavnica v okviru SKUM<br><strong>14. 1. 2022,<\/strong> O\u0160 A.T. Linharta, Radovljica:<strong> <strong><a href=\"https:\/\/peterkus.net\/si\/projects\/orkester\/\">Orkester izvirnih instrumentov <\/a><\/strong><\/strong>\u2013 ZAKLJU\u010cENO ZA \u0160OLO<br><strong>18. 1. 2022, <\/strong>O\u0160 borcev za severno mejo, Maribor: <a href=\"https:\/\/peterkus.net\/si\/projects\/delavnice-za-otroke\/\"><strong>Plasti\u010dni planet<\/strong><\/a> \u2013 delavnica v okviru SKUM<br><strong>29. 1. 2022 ob 10h<\/strong>, Dom kulture Velenje: <a href=\"https:\/\/peterkus.net\/si\/projects\/dzumbus\/\"><strong>D\u017eumbus<\/strong><\/a>&nbsp; &#8211; ZA ABONMA IN IZVEN<\/p>\n\n\n\n<p><strong>FEBRUAR 2022:<\/strong><br><strong>2. 2. 2022<\/strong>, 17h &#8211; 19h30, Zoom: <strong><a href=\"https:\/\/peterkus.net\/si\/projects\/tecaji-za-odrasle\/\">Creare con strumenti musicali originali<\/a> <\/strong>&#8211; SEMINAR ZA U\u010cITELJE V ORGANIZACIJI ERT FV<br><strong>9. 2. 2022<\/strong>,<strong> 17h &#8211; 19h30<\/strong>, Zoom: <strong><a href=\"https:\/\/peterkus.net\/si\/projects\/tecaji-za-odrasle\/\">Creare con strumenti musicali originali<\/a> <\/strong>&#8211; SEMINAR ZA U\u010cITELJE V ORGANIZACIJI ERT FV<br><strong>10. 2. 2022, <\/strong>O\u0160 borcev za severno mejo, Maribor: <a href=\"https:\/\/peterkus.net\/si\/projects\/delavnice-za-otroke\/\"><strong>Plasti\u010dni planet<\/strong><\/a> \u2013 delavnica v okviru SKUM<br><strong>12. 2. 2022<\/strong>, SNG Nova Gorica: <a href=\"https:\/\/peterkus.net\/si\/projects\/gozd\/\"><strong>Gozd raja!<\/strong><\/a> &#8211; ZA ABONMA IN IZVEN<br><strong>18. 2. 2022, <\/strong>O\u0160 borcev za severno mejo, Maribor: <a href=\"https:\/\/peterkus.net\/si\/projects\/delavnice-za-otroke\/\"><strong>Plasti\u010dni planet<\/strong><\/a> \u2013 delavnica v okviru SKUM<br><strong>22. 2. 2022 ob 9h in 11h<\/strong>, Lutkovno gledali\u0161\u010de Maribor: <a href=\"https:\/\/peterkus.net\/si\/projects\/ponocnjaki\/\"><strong>Pono\u010dnjaki<\/strong><\/a> \u2013 ZAKLJU\u010cENO ZA \u0160OLE IN VRTCE<br><strong>23. 2. 2022 ob 9h in 10h30<\/strong>, Lutkovno gledali\u0161\u010de Maribor: <a href=\"https:\/\/peterkus.net\/si\/projects\/ponocnjaki\/\"><strong>Pono\u010dnjaki<\/strong><\/a> \u2013 ZAKLJU\u010cENO ZA \u0160OLE IN VRTCE<br><strong>24. 2. 2022 ob 9h in 11h<\/strong>, Lutkovno gledali\u0161\u010de Maribor: <a href=\"https:\/\/peterkus.net\/si\/projects\/ponocnjaki\/\"><strong>Pono\u010dnjaki<\/strong><\/a> \u2013 ZAKLJU\u010cENO ZA \u0160OLE IN VRTCE<br><strong>25. 2. 2022 ob 9h in 11h<\/strong>, Lutkovno gledali\u0161\u010de Maribor: <a href=\"https:\/\/peterkus.net\/si\/projects\/ponocnjaki\/\"><strong>Pono\u010dnjaki<\/strong><\/a> \u2013 ZAKLJU\u010cENO ZA \u0160OLE IN VRTCE<br><strong>26. 2. 2022 ob 10h<\/strong>, Lutkovno gledali\u0161\u010de Maribor: <a href=\"https:\/\/peterkus.net\/si\/projects\/ponocnjaki\/\"><strong>Pono\u010dnjaki<\/strong><\/a> \u2013 ZA IZVEN<\/p>\n\n\n\n<p><strong>MAREC 2022:<\/strong><br><strong>10. 3. 2022<\/strong>, O\u0160 borcev za severno mejo, Maribor: <a href=\"https:\/\/peterkus.net\/si\/projects\/delavnice-za-otroke\/\"><strong>Plasti\u010dni planet<\/strong><\/a> &#8211; delavnica v okviru <a href=\"https:\/\/www.skum.si\/\">SKUM<\/a><br><strong>11. 3. 2022,<\/strong> O\u0160 Se\u017eana: <strong><a href=\"https:\/\/peterkus.net\/si\/projects\/orkester\/\">Orkester izvirnih instrumentov <\/a><\/strong>\u2013 ZAKLJU\u010cENO ZA \u0160OLO<br><strong>15. 3. 2022 ob 9h in 10h30<\/strong>, \u0160panski borci, Ljubljana: <a href=\"https:\/\/peterkus.net\/si\/projects\/ponocnjaki\/\"><strong>Pono\u010dnjaki<\/strong><\/a> \u2013 ZAKLJU\u010cENO ZA \u0160OLE IN VRTCE<br><strong>16. 3. 2022 ob 9h in 10h30,<\/strong> Kosovelov dom, Se\u017eana: <a href=\"https:\/\/peterkus.net\/si\/projects\/ponocnjaki\/\"><strong>Pono\u010dnjaki<\/strong><\/a> \u2013 ZAKLJU\u010cENO ZA \u0160OLO<br><strong>19. 3. 2022, 10h-17h <\/strong>Cankarjev dom, Ljubljana: <em>Ropotajo\u010di otroci, glasbena ustvarjalnost in izvirni in\u0161trumenti \u2013 <\/em>SEMINAR ZA VZGOJITELJE IN U\u010cITELJE<br><strong>19. 3. 2022 ob 10h<\/strong>, Cankarjev dom Ljubljana, Kosovelova dvorana: <a href=\"https:\/\/peterkus.net\/si\/projects\/dzumbus\/\"><strong>D\u017eumbus<\/strong><\/a>&nbsp;\u2013 ZA UDELE\u017dENCE SEMINARJA IN IZVEN<br><strong>21. 3. 2022 ob 9h in 11h<\/strong>, Cankarjev dom Ljubljana, Kosovelova dvorana: <a href=\"https:\/\/peterkus.net\/si\/projects\/dzumbus\/\"><strong>D\u017eumbus<\/strong><\/a>&nbsp; \u2013 ZAKLJU\u010cENO ZA \u0160OLE<br><strong>22. 3. 2022 ob 9h in 10h<\/strong>, Vrtec Zelena jama, enota Zelena jama:<strong> <a href=\"https:\/\/peterkus.net\/si\/projects\/delavnice-za-otroke\/\">Piskajmo s Pono\u010dnjaki<\/a><\/strong> \u2013 ZAKLJU\u010cENA DELAVNICA ZA VRTEC<br><strong>22. 3. 2022 ob 9h30<\/strong>, Hi\u0161a otrok Cinca Binca: <a href=\"https:\/\/peterkus.net\/si\/projects\/delavnice-za-otroke\/\"><strong>Neznani zvoki<\/strong><\/a> \u2013 ZAKLJU\u010cENA DELAVNICA ZA VRTEC<br><strong>23. 3. 2022 ob 9h in 10h<\/strong>, Vrtec Zelena jama, enota Vejica:<strong> <a href=\"https:\/\/peterkus.net\/si\/projects\/delavnice-za-otroke\/\">Piskajmo s Pono\u010dnjaki<\/a><\/strong> &#8211; ZAKLJU\u010cENA DELAVNICA ZA VRTEC<br><strong>23. 3. 2022 ob 9h30<\/strong>, Hi\u0161a otrok Cinca Binca: <a href=\"https:\/\/peterkus.net\/si\/projects\/delavnice-za-otroke\/\"><strong>Neznani zvoki<\/strong><\/a> &#8211; ZAKLJU\u010cENA DELAVNICA ZA VRTEC<br><strong>24. 3. 2022 ob 8h40 in 10h<\/strong>, O\u0160 Franceta Bevka: <a href=\"https:\/\/peterkus.net\/si\/projects\/delavnice-za-otroke\/\"><strong>Neznani zvoki<\/strong><\/a> &#8211; ZAKLJU\u010cENA DELAVNICA ZA VRTEC<br><strong>25. 3. 2022 ob 9h in 10h<\/strong>, Vrtec Zelena jama, enoti Zmaj\u010dek in Vrba:<strong> <a href=\"https:\/\/peterkus.net\/si\/projects\/delavnice-za-otroke\/\">Piskajmo s Pono\u010dnjaki<\/a><\/strong> &#8211; ZAKLJU\u010cENA DELAVNICA ZA VRTEC<br><strong>25. 3. 2022<\/strong>, O\u0160 borcev za severno mejo, Maribor: <a href=\"https:\/\/peterkus.net\/si\/projects\/delavnice-za-otroke\/\"><strong>Plasti\u010dni planet <\/strong><\/a>\u2013 delavnica v okviru <a href=\"https:\/\/www.skum.si\/\">SKUM<\/a><\/p>\n\n\n\n<p><strong>APRIL 2022:<br>4. 4. 2022,<\/strong> O\u0160 \u0160martno pod \u0160marno goro: <strong><a href=\"https:\/\/peterkus.net\/si\/projects\/orkester\/\">Orkester izvirnih instrumentov <\/a><\/strong>\u2013 ZAKLJU\u010cENO ZA \u0160OLO<br><strong>5. 4. 2022,<\/strong> O\u0160 \u0160martno pod \u0160marno goro: <strong><a href=\"https:\/\/peterkus.net\/si\/projects\/orkester\/\">Orkester izvirnih instrumentov <\/a><\/strong>\u2013 ZAKLJU\u010cENO ZA \u0160OLO<br><strong>8. 4. 2022<\/strong>, Scuola elementare Vincenzo e Diego de Castro, Piran: <a href=\"https:\/\/peterkus.net\/si\/projects\/zvocna-kuhna\/\"><strong>Zvo\u010dna kuhna<\/strong><\/a> \u2013 ZAKLJU\u010cENO ZA \u0160OLO<br><strong>9. 4. 2022 ob 10h<\/strong>, Kulturni dom Cerknica: <a href=\"https:\/\/peterkus.net\/si\/projects\/dzumbus\/\"><strong>D\u017eumbus<\/strong><\/a>&nbsp;\u2013 ZA IZVEN<br><strong>11. 4. 2022<\/strong>, \u010ce\u0161novcova doma\u010dija, Gori\u010dice: <a href=\"https:\/\/peterkus.net\/si\/projects\/zvocna-kuhna\/\"><strong>Zvo\u010dna kuhna<\/strong><\/a> &#8211; ZAKLJU\u010cENO ZA \u0160OLO<br><strong>12. 4. 2022<\/strong>, \u010ce\u0161novcova doma\u010dija, Gori\u010dice: <a href=\"https:\/\/peterkus.net\/si\/projects\/zvocna-kuhna\/\"><strong>Zvo\u010dna kuhna<\/strong><\/a> &#8211; ZAKLJU\u010cENO ZA \u0160OLO<br><strong>13. 4. 2022<\/strong>, \u010ce\u0161novcova doma\u010dija, Gori\u010dice: <a href=\"https:\/\/peterkus.net\/si\/projects\/zvocna-kuhna\/\"><strong>Zvo\u010dna kuhna<\/strong><\/a> &#8211; ZAKLJU\u010cENO ZA \u0160OLO<br><strong>14. 4. 2022<\/strong>, \u010ce\u0161novcova doma\u010dija, Gori\u010dice: <a href=\"https:\/\/peterkus.net\/si\/projects\/zvocna-kuhna\/\"><strong>Zvo\u010dna kuhna<\/strong><\/a> &#8211; ZAKLJU\u010cENO ZA \u0160OLO<br><strong>15. 4. 2022,<\/strong> O\u0160 Branik: <strong><a href=\"https:\/\/peterkus.net\/si\/projects\/orkester\/\">Orkester izvirnih instrumentov <\/a><\/strong>\u2013 ZAKLJU\u010cENO ZA \u0160OLO<br><strong>22. 4. 2022 ob 10h<\/strong>, KD Nova Gorica: <a href=\"https:\/\/peterkus.net\/si\/projects\/plastonci\/\"><strong>Plastonci (koncert)<\/strong><\/a> &#8211; ZAKLJU\u010cENO ZA \u0160OLE<br><strong>25. 4. 2022,<\/strong> O\u0160 Notranjskega odreda, Cerknica: <strong><a href=\"https:\/\/peterkus.net\/si\/projects\/orkester\/\">Orkester izvirnih instrumentov <\/a><\/strong>\u2013 ZAKLJU\u010cENO ZA \u0160OLO<br><strong>26. 4. 2022,<\/strong> O\u0160 Notranjskega odreda, Cerknica: <strong><a href=\"https:\/\/peterkus.net\/si\/projects\/orkester\/\">Orkester izvirnih instrumentov <\/a><\/strong>\u2013 ZAKLJU\u010cENO ZA \u0160OLO<br><strong>29. &#8211; 1. 5. 2022<\/strong>, Rive D&#8217;arcano (Italija): <a href=\"https:\/\/peterkus.net\/si\/projects\/tecaji-za-odrasle\/\"><strong>Creare con strumenti musicali<\/strong><\/a> &#8211; MASTERCLASS<\/p>\n\n\n\n<p><strong>MAJ 2022:<\/strong><br><strong>3. 5. 2022<\/strong>, \u010ce\u0161novcova doma\u010dija, Gori\u010dice: <a href=\"https:\/\/peterkus.net\/si\/projects\/zvocna-kuhna\/\"><strong>Zvo\u010dna kuhna<\/strong><\/a> &#8211; ZAKLJU\u010cENO ZA \u0160OLO<br><strong>4. 5. 2022<\/strong>, \u010ce\u0161novcova doma\u010dija, Gori\u010dice: <a href=\"https:\/\/peterkus.net\/si\/projects\/zvocna-kuhna\/\"><strong>Zvo\u010dna kuhna<\/strong><\/a> &#8211; ZAKLJU\u010cENO ZA \u0160OLO<br><strong>5. 5. 2022<\/strong>, \u010ce\u0161novcova doma\u010dija, Gori\u010dice: <a href=\"https:\/\/peterkus.net\/si\/projects\/zvocna-kuhna\/\"><strong>Zvo\u010dna kuhna<\/strong><\/a> &#8211; ZAKLJU\u010cENO ZA \u0160OLO<br><strong>6. 5. 2022,<\/strong> O\u0160 \u0160kofljica:<strong> <a href=\"https:\/\/peterkus.net\/si\/projects\/orkester\/\">Orkester izvirnih instrumentov <\/a><\/strong>\u2013 ZAKLJU\u010cENO ZA \u0160OLO<br><strong>9. 5. 2022<\/strong>, \u010ce\u0161novcova doma\u010dija, Gori\u010dice: <a href=\"https:\/\/peterkus.net\/si\/projects\/zvocna-kuhna\/\"><strong>Zvo\u010dna kuhna<\/strong><\/a> &#8211; ZAKLJU\u010cENO ZA \u0160OLO<br><strong>14. 5. 2022 ob 15h in 17h<\/strong>, Kosovelova dvorana, Cankarjev dom: <a href=\"https:\/\/peterkus.net\/si\/projects\/zvocna-kuhna\/\"><strong>Zvo\u010dna kuhna<\/strong><\/a> \u2013 ZA ABONMA IN IZVEN<br><strong>16. 5. ob 9h in 10h30<\/strong>, \u0160panski borci, Ljubljana: <a href=\"https:\/\/peterkus.net\/si\/projects\/gozd\/\"><strong>Gozd raja!<\/strong><\/a> \u2013 ZAKLJU\u010cENO ZA VRTCE IN \u0160OLE<br><strong>17. 5. ob 9h in 10h30<\/strong>, Vrtec \u010crnu\u010de, Ljubljana: <a href=\"https:\/\/peterkus.net\/si\/projects\/delavnice-za-otroke\/\"><strong>Zvoki narave<\/strong><\/a> &#8211; ZAKLJU\u010cENO ZA VRTEC<br><strong>18. 5. ob 9h<\/strong>, Vrtec Ledina, Ljubljana: <a href=\"https:\/\/peterkus.net\/si\/projects\/delavnice-za-otroke\/\"><strong>Zvoki narave<\/strong><\/a> &#8211; ZAKLJU\u010cENO ZA VRTEC<br><strong>25. 5. ob 9h30, <\/strong>Tablja\/Pontebba (Italija): <a href=\"https:\/\/peterkus.net\/si\/projects\/gozd\/\"><strong>Gozd raja!<\/strong><\/a> &#8211; ZAKLJU\u010cENO ZA VRTEC<br><strong>26. 5. ob 9h30<\/strong>, Mo\u017eac\/Moggio (Italija): <a href=\"https:\/\/peterkus.net\/si\/projects\/gozd\/\"><strong>Gozd raja!<\/strong><\/a> &#8211; ZAKLJU\u010cENO ZA VRTEC<br><strong>27. 5. ob 9h30<\/strong>, Klu\u017ee\/Chiusaforte (Italija): <a href=\"https:\/\/peterkus.net\/si\/projects\/gozd\/\"><strong>Gozd raja!<\/strong><\/a> &#8211; ZAKLJU\u010cENO ZA VRTEC<\/p>\n\n\n\n<p><strong>JUNIJ:<br>3. 6. 2022, <\/strong>O\u0160 Antona A\u0161kerca, Velenje: <strong><a href=\"https:\/\/peterkus.net\/si\/projects\/orkester\/\">Orkester izvirnih instrumentov <\/a><\/strong>\u2013 ZAKLJU\u010cENO ZA \u0160OLO<br><strong>8. 6. ob 9h30<\/strong>, Ukve\/Ugovizza (Italija): <a href=\"https:\/\/peterkus.net\/si\/projects\/gozd\/\"><strong>Gozd raja!<\/strong><\/a>&nbsp;\u2013 ZAKLJU\u010cENO ZA VRTEC<br><strong>9. 6. ob 9h30<\/strong>, Trbi\u017e\/Tarvisio (Italija): <a href=\"https:\/\/peterkus.net\/si\/projects\/gozd\/\"><strong>Gozd raja!<\/strong><\/a> \u2013 ZAKLJU\u010cENO ZA VRTEC<br><strong>10. 6. ob 9h30<\/strong>, Rezija\/Resia (Italija): <a href=\"https:\/\/peterkus.net\/si\/projects\/gozd\/\"><strong>Gozd raja!<\/strong><\/a>&nbsp;\u2013 ZAKLJU\u010cENO ZA VRTEC<br><strong>16. 6. ob 9h30<\/strong>, Trbi\u017e\/Tarvisio (Italija): <a href=\"https:\/\/peterkus.net\/si\/projects\/gozd\/\"><strong>Gozd raja!<\/strong><\/a> \u2013 ZAKLJU\u010cENO ZA VRTEC<br><strong>17. 6. ob 10h<\/strong>, Kulturni dom Bovec: <a href=\"https:\/\/peterkus.net\/si\/projects\/gozd\/\"><strong>Gozd raja!<\/strong><\/a>&nbsp;\u2013 ZAKLJU\u010cENO ZA VRTEC<\/p>\n\n\n\n<p><strong>SEPTEMBER:<br>1. 9. 2022<\/strong>, O\u0160 Polje, Ljubljana: <a href=\"https:\/\/peterkus.net\/si\/projects\/zvocna-kuhna\/\"><strong>Zvo\u010dna kuhna<\/strong><\/a> &#8211; ZAKLJU\u010cENO ZA \u0160OLO<\/p>\n\n\n\n<p><strong>OKTOBER:<br>27. 10. 2022 ob 9h, <\/strong>Kosovelova dvorana, Cankarjev dom: <a href=\"https:\/\/peterkus.net\/si\/projects\/plastonci\/\"><strong>Plastonci<\/strong><\/a> &#8211; ZAKLJU\u010cENO ZA \u0160OLE<\/p>\n\n\n\n<p><strong>NOVEMBER:<\/strong><br><strong>3. 11. 2022 ob 18h, <\/strong>Lutkovno gledali\u0161\u010de Maribor: <a href=\"https:\/\/peterkus.net\/si\/projects\/plastonci\/\"><strong>Plastonci<\/strong><\/a> \u2013 PREMIERA<br><strong>4. 11. 2022 ob 16h<\/strong>, Lutkovno gledali\u0161\u010de Maribor: <a href=\"https:\/\/peterkus.net\/si\/projects\/plastonci\/\"><strong>Plastonci<\/strong><\/a> \u2013 ZA ABONMA IN IZVEN<br><strong>5. 11. 2022 ob 10h<\/strong>, Lutkovno gledali\u0161\u010de Maribor: <a href=\"https:\/\/peterkus.net\/si\/projects\/plastonci\/\"><strong>Plastonci<\/strong><\/a> \u2013 ZA ABONMA IN IZVEN<br><strong>7. 11. 2022 ob 10h30<\/strong>, Lutkovno gledali\u0161\u010de Maribor: <a href=\"https:\/\/peterkus.net\/si\/projects\/plastonci\/\"><strong>Plastonci<\/strong><\/a> \u2013 ZAKLJU\u010cENO ZA \u0160OLE<br><strong>8. 11. 2022 ob 9h in 10h30<\/strong>, Lutkovno gledali\u0161\u010de Maribor: <a href=\"https:\/\/peterkus.net\/si\/projects\/plastonci\/\"><strong>Plastonci<\/strong><\/a> \u2013 ZAKLJU\u010cENO ZA \u0160OLE<br><strong>9. 11. 2022 ob 9h in 10h30<\/strong>, Lutkovno gledali\u0161\u010de Maribor: <a href=\"https:\/\/peterkus.net\/si\/projects\/plastonci\/\"><strong>Plastonci<\/strong><\/a> \u2013 ZAKLJU\u010cENO ZA \u0160OLE<br><strong>11. 11. 2022, ob 12h45<\/strong>, KD Deskle: <a href=\"https:\/\/peterkus.net\/si\/projects\/gozd\/\"><strong>Gozd raja!<\/strong><\/a>&nbsp;\u2013 ZAKLJU\u010cENO ZA VRTCE IN \u0160OLE<br><strong>12. 11. 2022, ob 10h<\/strong>, Kinogledali\u0161\u010de Tolmin: <a href=\"https:\/\/peterkus.net\/si\/projects\/gozd\/\"><strong>Gozd raja!<\/strong><\/a>&nbsp;\u2013 ZA IZVEN<br><strong>26. 11. 2022 ob 10h30<\/strong>, SNG Nova Gorica: <a href=\"https:\/\/peterkus.net\/si\/projects\/plastonci\/\"><strong>Plastonci<\/strong><\/a> \u2013 ZA ABONMA IN IZVEN<\/p>\n\n\n\n<p><strong>DECEMBER:<br>2. 12. 2022<\/strong>, O\u0160 Ivana Roba, \u0160empter pri Novi Gorici: <a href=\"https:\/\/peterkus.net\/si\/projects\/orkester\/\"><strong>Orkester izvirnih instrumentov<\/strong><\/a> &#8211; ZAKLJU\u010cENO ZA \u0160OLO<br><strong>3. 12. 2022 ob 11h in 16h30<\/strong>, Siti Teater, Ljubljana: <a href=\"https:\/\/peterkus.net\/si\/projects\/gozd\/\"><strong>Gozd raja!<\/strong><\/a>&nbsp;\u2013 <a href=\"https:\/\/www.sititeater.si\/sobotni-dopoldnevi\/gozd-raja-in-obisk-miklavza\/\">ZA ABONMA IN IZVEN<\/a><strong><br>10. 12. 2022 ob 10h<\/strong>, Pre\u0161ernovo gledali\u0161\u010de Kranj: <a href=\"https:\/\/peterkus.net\/si\/projects\/zvocna-kuhna\/\"><strong>Zvo\u010dna kuhna<\/strong><\/a> &#8211; ZA IZVEN<strong><br>19. 12. 2022 ob 9h, 10h30 in 16h<\/strong>, Siti Teater, Ljubljana: <a href=\"https:\/\/peterkus.net\/si\/projects\/gozd\/\"><strong>Gozd raja!<\/strong><\/a>&nbsp;\u2013 ZAKLJU\u010cENO ZA VRTCE IN \u0160OLE<br><strong>21. 12. 2022 ob 17h<\/strong>, Kulturni dom Lendava: <a href=\"https:\/\/peterkus.net\/si\/projects\/zvocna-kuhna\/\"><strong>Zvo\u010dna kuhna<\/strong><\/a> &#8211; ZA ABONMA IN IZVEN<br><strong>22. 12. 2022 ob 9h, 10h in 11h<\/strong>, Vrtec Ledina: <strong><a href=\"https:\/\/peterkus.net\/si\/projects\/delavnice-za-otroke\/\">Zvoki narave<\/a><\/strong> \u2013 DELAVNICA<\/p>\n","protected":false},"excerpt":{"rendered":"<p>JANUAR:4. 1. 2022, O\u0160 borcev za severno mejo, Maribor: Plasti\u010dni planet \u2013 delavnica v okviru SKUM12. 1. 2022, O\u0160 borcev za severno mejo, Maribor: Plasti\u010dni planet \u2013 delavnica v okviru SKUM13. 1. 2022, O\u0160 \u0160marje pri Kopru: Zvo\u010dno potovanje \u2013 delavnica v okviru SKUM14. 1. 2022, O\u0160 A.T. Linharta, Radovljica: Orkester izvirnih instrumentov \u2013 ZAKLJU\u010cENO [&hellip;]<\/p>\n","protected":false},"author":1,"featured_media":0,"parent":0,"menu_order":0,"comment_status":"closed","ping_status":"closed","template":"","meta":{"om_disable_all_campaigns":false,"_mi_skip_tracking":false},"aioseo_notices":[],"_links":{"self":[{"href":"https:\/\/peterkus.net\/si\/wp-json\/wp\/v2\/pages\/7125"}],"collection":[{"href":"https:\/\/peterkus.net\/si\/wp-json\/wp\/v2\/pages"}],"about":[{"href":"https:\/\/peterkus.net\/si\/wp-json\/wp\/v2\/types\/page"}],"author":[{"embeddable":true,"href":"https:\/\/peterkus.net\/si\/wp-json\/wp\/v2\/users\/1"}],"replies":[{"embeddable":true,"href":"https:\/\/peterkus.net\/si\/wp-json\/wp\/v2\/comments?post=7125"}],"version-history":[{"count":47,"href":"https:\/\/peterkus.net\/si\/wp-json\/wp\/v2\/pages\/7125\/revisions"}],"predecessor-version":[{"id":7565,"href":"https:\/\/peterkus.net\/si\/wp-json\/wp\/v2\/pages\/7125\/revisions\/7565"}],"wp:attachment":[{"href":"https:\/\/peterkus.net\/si\/wp-json\/wp\/v2\/media?parent=7125"}],"curies":[{"name":"wp","href":"https:\/\/api.w.org\/{rel}","templated":true}]}}