{"id":8195,"date":"2024-01-09T19:36:54","date_gmt":"2024-01-09T18:36:54","guid":{"rendered":"https:\/\/peterkus.net\/si\/?page_id=8195"},"modified":"2025-03-30T11:47:10","modified_gmt":"2025-03-30T09:47:10","slug":"pretekli-dogodki-2024","status":"publish","type":"page","link":"https:\/\/peterkus.net\/si\/pretekli-dogodki-2024\/","title":{"rendered":"Pretekli dogodki 2024"},"content":{"rendered":"\n<p><strong>JANUAR 2024:<\/strong><br><strong>5. 1. 2024<\/strong>, <strong>ob 8h45 in 10h30<\/strong>, O\u0160 Franceta Bevka, Ljubljana: <strong><a href=\"https:\/\/peterkus.net\/si\/projects\/delavnice-za-otroke\/\"><\/a><a href=\"https:\/\/peterkus.net\/si\/projects\/delavnice-za-otroke\/\"><strong>Zvoki narave<\/strong><\/a><\/strong> &#8211; DELAVNICA ZA \u0160OLO<br><strong>9. 1. 2023<\/strong>, O\u0160 dr. Slavka Gruma, Zagorje ob Savi: <strong><a href=\"https:\/\/peterkus.net\/si\/projects\/zvocna-kuhna\/\">Zvo\u010dna kuhna<\/a><\/strong> &#8211; PREDSTAVA IN DELAVNICE ZA \u0160OLO<br><strong>11. 1. 2024<\/strong>, Kulturni center Ko\u010devje: <strong><a href=\"https:\/\/peterkus.net\/si\/projects\/zvocna-kuhna\/\">Zvo\u010dna kuhna<\/a><\/strong> &#8211; ZAKLJU\u010cENO ZA \u0160OLO<br><strong>23. 1. 2024 <\/strong>ob 9h in 10h15, Kosovelov odom: <strong><a href=\"https:\/\/peterkus.net\/si\/projects\/zvocna-kuhna\/\">Zvo\u010dna kuhna<\/a><\/strong> &#8211; ZAKLJU\u010cENO ZA VRTEC<br><strong>24. 1. 2024<\/strong>, Kulturni dom, Bistrica ob Sotli: <strong><a href=\"https:\/\/peterkus.net\/si\/projects\/zvocna-kuhna\/\">Zvo\u010dna kuhna<\/a><\/strong> &#8211; ZAKLJU\u010cENO ZA \u0160OLO<br><strong>30. 1. 2024<\/strong>, O\u0160 Ivana Roba, \u0160empeter pri Novi Gorici: <a href=\"https:\/\/peterkus.net\/si\/projects\/gozd\/\"><strong>Orkester izvirnih instrumentov<\/strong><\/a> &#8211; ZAKLJU\u010cENO ZA \u0160OLO<br><strong>31. 1. 2024<\/strong>, O\u0160 \u0160empas: <a href=\"https:\/\/peterkus.net\/si\/projects\/gozd\/\"><strong>Orkester izvirnih instrumentov<\/strong><\/a> &#8211; ZAKLJU\u010cENO ZA \u0160OLO<\/p>\n\n\n\n<p><strong>FEBRUAR 2024:<\/strong><br><strong>14. 2. 2024<\/strong>, O\u0160 A.T. Linharta, Radovljica: <a href=\"https:\/\/peterkus.net\/si\/projects\/gozd\/\"><strong>Orkester izvirnih instrumentov<\/strong><\/a> &#8211; ZAKLJU\u010cENO ZA \u0160OLO<br><strong>15. 2. 2024 ob 17h<\/strong>, KC Janeza Trdine (Novo mesto): <a href=\"https:\/\/peterkus.net\/si\/projects\/gozd\/\"><strong>Gozd raja!<\/strong><\/a> &#8211; ZA IZVEN<br><strong>16. 2. 2024 ob 17h<\/strong>, Linhartova dvorana, Radovljica: <a href=\"https:\/\/peterkus.net\/si\/projects\/zvocna-kuhna\/\"><strong>Zvo\u010dna kuhna<\/strong><\/a> &#8211; ZA ABONMA IN IZVEN<\/p>\n\n\n\n<p><strong>MAREC 2024:<\/strong><br><strong>14. 3. 2024<\/strong>, ob 10h, La Baracca, Bologna (Italija): <a href=\"https:\/\/www.testoniragazzi.it\/eventi\/volti-dacqua\/\"><strong>Obrazi vode<\/strong><\/a> &#8211; <a href=\"https:\/\/www.testoniragazzi.it\/festival-visioni\/\">VISIONI 2024<\/a><br><strong>28. 3. 2024<\/strong>, O\u0160 \u0160martno v Tuhinju: <a href=\"https:\/\/peterkus.net\/si\/projects\/zvocna-kuhna\/\"><strong>Zvo\u010dna kuhna<\/strong><\/a> \u2013 ZAKLJU\u010cENO ZA \u0160OLO<br><strong>29. 3. 2024 ob 9h<\/strong>, Kulturni dom, Laze v Tuhinju: <a href=\"https:\/\/peterkus.net\/si\/projects\/zvocna-kuhna\/\"><strong>Zvo\u010dna kuhna<\/strong><\/a> \u2013 ZAKLJU\u010cENO ZA \u0160OLO<\/p>\n\n\n\n<p><strong>APRIL 2024:<\/strong><br><strong>2. 4. 2024 ob 17h,<\/strong> Ipav\u010dev kulturni dom, \u0160entjur: <a href=\"https:\/\/peterkus.net\/si\/projects\/gozd\/\"><strong>Gozd raja!<\/strong><\/a> &#8211; ZAKLJU\u010cENO ZA <a href=\"https:\/\/www.ikcsentjur.si\/napovedujemo\/Gozd-raja_6\/\">BRALNO ZNA\u010cKO<\/a><br><strong>3. 4. 2024<\/strong>, O\u0160 Se\u017eana: <a href=\"https:\/\/peterkus.net\/si\/projects\/gozd\/\"><strong>Orkester izvirnih instrumentov<\/strong><\/a> &#8211; ZAKLJU\u010cENO ZA \u0160OLO<br><strong>5. 4. 2023<\/strong>, O\u0160 \u0160kofljica: <a href=\"https:\/\/peterkus.net\/si\/projects\/gozd\/\"><strong>Orkester izvirnih instrumentov<\/strong><\/a> &#8211; ZAKLJU\u010cENO ZA \u0160OLO<br><strong>8. 4. 2024 ob 9h in 10h30,<\/strong> Kulturni dom Postojna, Ljubljana: <a href=\"https:\/\/peterkus.net\/si\/projects\/gozd\/\"><strong>Gozd raja!<\/strong><\/a> \u2013 ZAKLJU\u010cENO ZA VRTCE IN \u0160OLE<br><strong>9. 4. 2024 ob 9h in 10h30<\/strong>, SiTi Teater, Ljubljana: <a href=\"https:\/\/peterkus.net\/si\/projects\/gozd\/\"><strong>Gozd raja!<\/strong><\/a> \u2013 ZAKLJU\u010cENO ZA VRTCE IN \u0160OLE<br><strong>10. 4. 2024<\/strong>, Vrtec Jar\u0161e, Ljubljana: <a href=\"https:\/\/peterkus.net\/si\/projects\/delavnice-za-otroke\/\"><strong>Zvoki narave<\/strong><\/a> &#8211; ZAKLJU\u010cENO ZA \u0160OLO<br><strong>10. 4. 2024 ob 9h,<\/strong> Center Zalog, Ljubljana: <a href=\"https:\/\/peterkus.net\/si\/projects\/zvocna-kuhna\/\"><strong>Zvo\u010dna kuhna<\/strong><\/a> &#8211; ZAKLJU\u010cENO ZA \u0160OLO<br><strong>11. 4. 2024<\/strong>, O\u0160 Ka\u0161elj, Ljubljana: <a href=\"https:\/\/peterkus.net\/si\/projects\/delavnice-za-otroke\/\"><strong>Zvoki narave<\/strong><\/a> &#8211; ZAKLJU\u010cENO ZA \u0160OLO<br><strong>11. 4. 2024 ob 9h in 10h30,<\/strong> Kreatorij DIC, Ljubljana: <a href=\"https:\/\/peterkus.net\/si\/projects\/zvocna-kuhna\/\"><strong>Zvo\u010dna kuhna<\/strong><\/a> &#8211; ZAKLJU\u010cENO ZA \u0160OLO<br><strong>12. 4. 2024<\/strong>, O\u0160 Oskarja Kova\u010di\u010da, Ljubljana: <a href=\"https:\/\/peterkus.net\/si\/projects\/delavnice-za-otroke\/\"><\/a><strong><a href=\"https:\/\/peterkus.net\/si\/projects\/delavnice-za-otroke\/\"><strong>Zvoki narave<\/strong><\/a><\/strong> &#8211; ZAKLJU\u010cENO ZA \u0160OLO<br><strong>17. 4. 2023<\/strong>, O\u0160 \u0160alek, Velenje: <a href=\"https:\/\/peterkus.net\/si\/projects\/gozd\/\"><strong>Orkester izvirnih instrumentov<\/strong><\/a> &#8211; ZAKLJU\u010cENO ZA \u0160OLO<br><strong>22. 4. 2024<\/strong>, \u010ce\u0161novcova doma\u010dija, Gori\u010dice: <a href=\"https:\/\/peterkus.net\/si\/projects\/zvocna-kuhna\/\"><strong>Zvo\u010dna kuhna<\/strong><\/a> &#8211; ZAKLJU\u010cENO ZA \u0160OLO<br><strong>23. 4. 2024<\/strong>, \u010ce\u0161novcova doma\u010dija, Gori\u010dice: <a href=\"https:\/\/peterkus.net\/si\/projects\/zvocna-kuhna\/\"><strong>Zvo\u010dna kuhna<\/strong><\/a> &#8211; ZAKLJU\u010cENO ZA \u0160OLO<br><strong>24. 4. 2023<\/strong>, O\u0160 Menge\u0161: <strong><a href=\"https:\/\/peterkus.net\/si\/projects\/orkester\/\">Orkester izvirnih instrumentov<\/a><\/strong> &#8211; ZAKLJU\u010cENO ZA \u0160OLO<\/p>\n\n\n\n<p><strong>MAJ 2024:<\/strong><br><strong>6. 5. 2024<\/strong>, \u010ce\u0161novcova doma\u010dija, Gori\u010dice: <a href=\"https:\/\/peterkus.net\/si\/projects\/zvocna-kuhna\/\"><strong>Zvo\u010dna kuhna<\/strong><\/a> &#8211; ZAKLJU\u010cENO ZA \u0160OLO<br><strong>7. 5. 2024<\/strong>, \u010ce\u0161novcova doma\u010dija, Gori\u010dice: <a href=\"https:\/\/peterkus.net\/si\/projects\/zvocna-kuhna\/\"><strong>Zvo\u010dna kuhna<\/strong><\/a> &#8211; ZAKLJU\u010cENO ZA \u0160OLO<br><strong>8. 5. 2024<\/strong>, O\u0160 nh Maksa Pe\u010darja: <strong><a href=\"https:\/\/peterkus.net\/si\/projects\/orkester\/\">Orkester izvirnih instrumentov<\/a><\/strong> &#8211; ZAKLJU\u010cENO ZA \u0160OLO<br><strong>9. 5. 2024<\/strong>, \u010ce\u0161novcova doma\u010dija, Gori\u010dice: <a href=\"https:\/\/peterkus.net\/si\/projects\/zvocna-kuhna\/\"><strong>Zvo\u010dna kuhna<\/strong><\/a> &#8211; ZAKLJU\u010cENO ZA \u0160OLO<br><strong>10. 5. 2024<\/strong>, \u010ce\u0161novcova doma\u010dija, Gori\u010dice: <a href=\"https:\/\/peterkus.net\/si\/projects\/zvocna-kuhna\/\"><strong>Zvo\u010dna kuhna<\/strong><\/a> &#8211; ZAKLJU\u010cENO ZA \u0160OLO<br><strong>13. 5. 2024<\/strong>, O\u0160 \u0160kofljica: <strong><a href=\"https:\/\/peterkus.net\/si\/projects\/orkester\/\">Orkester izvirnih instrumentov<\/a><\/strong> &#8211; ZAKLJU\u010cENO ZA \u0160OLO<br><strong>14. &#8211; 16. 5. 2024<\/strong>, O\u0160 Notranjskega odreda, Cerknica: <strong><a href=\"https:\/\/peterkus.net\/si\/projects\/orkester\/\">Orkester izvirnih instrumentov<\/a><\/strong> &#8211; ZAKLJU\u010cENO ZA \u0160OLO<br><strong>17. 5. 2024<\/strong>, \u010ce\u0161novcova doma\u010dija, Gori\u010dice: <a href=\"https:\/\/peterkus.net\/si\/projects\/zvocna-kuhna\/\"><strong>Zvo\u010dna kuhna<\/strong><\/a> &#8211; ZAKLJU\u010cENO ZA \u0160OLO<br><strong>24. 5. 2024 ob 11h<\/strong>, Espacio Teatral Aldaba, Havana, Kuba: <a href=\"https:\/\/peterkus.net\/si\/projects\/zvocna-kuhna\/\"><strong>Zvo\u010dna kuhna<\/strong><\/a> &#8211; <a href=\"https:\/\/cuba2024.assitejonline.org\/\">21st ASSITEJ WORLD CONGRESS &amp; PERFORMING ARTS FESTIVAL<\/a><br><strong>25. 5. 2024 ob 11h<\/strong>, Espacio Teatral Aldaba, Havana, Kuba: <a href=\"https:\/\/peterkus.net\/si\/projects\/zvocna-kuhna\/\"><strong>Zvo\u010dna kuhna<\/strong><\/a> &#8211; <a href=\"https:\/\/cuba2024.assitejonline.org\/\">21st ASSITEJ WORLD CONGRESS &amp; PERFORMING ARTS FESTIVAL<\/a><br><strong>31. 5. 2024 ob 14h<\/strong>, Sala Adolfo Llaurad\u00f3, Havana, Kuba: <a href=\"https:\/\/peterkus.net\/si\/projects\/zvocna-kuhna\/\"><strong>Zvo\u010dna kuhna<\/strong><\/a> &#8211; <a href=\"https:\/\/cuba2024.assitejonline.org\/\">21st ASSITEJ WORLD CONGRESS &amp; PERFORMING ARTS FESTIVAL<\/a><br><strong>31. 5. 2024 ob 15h<\/strong>, Sala Adolfo Llaurad\u00f3, Havana, Kuba: <a href=\"https:\/\/peterkus.net\/si\/projects\/zvocna-kuhna\/\"><strong>Rethinking Music in TYA<\/strong><\/a> &#8211; <a href=\"https:\/\/cuba2024.assitejonline.org\/\">21st ASSITEJ WORLD CONGRESS &amp; PERFORMING ARTS FESTIVAL<\/a><\/p>\n\n\n\n<p><strong>JUNIJ 2024:<\/strong><br><strong>1. 6. 2024 ob 11h<\/strong>, Sala Adolfo Llaurad\u00f3, Havana, Kuba: <strong><a href=\"https:\/\/peterkus.net\/si\/projects\/zvocna-kuhna\/\"><strong>Zvo\u010dna kuhna<\/strong><\/a> <\/strong>&#8211; <a href=\"https:\/\/cuba2024.assitejonline.org\/\">21st ASSITEJ WORLD CONGRESS &amp; PERFORMING ARTS FESTIVAL<\/a><br><strong>22. 6. 2024 ob 17h<\/strong>, Brescia, Italija: <strong><a href=\"https:\/\/peterkus.net\/si\/projects\/obrazi\/\">Obrazi vode<\/a><\/strong> &#8211; FESTIVAL IL CANTO DELLE CICLAE<\/p>\n\n\n\n<p><strong>JULIJ 2024:<\/strong> <br><strong>23. 7. 2024 ob 21h<\/strong>, Brescia, Italija: <strong><a href=\"https:\/\/peterkus.net\/si\/projects\/obrazi\/\">Obrazi vode<\/a><\/strong> &#8211; FESTIVAL IL CANTO DELLE CICLAE<\/p>\n\n\n\n<p><strong>AVGUST 2024:<\/strong><br><strong>26. 8. 2024 ob 10h<\/strong>, Cankarjev dom (Kosovelova dvorana), Ljubljana: <strong><a href=\"https:\/\/peterkus.net\/si\/projects\/obrazi\/\">Obrazi vode<\/a> <\/strong>&#8211; ZAKLJU\u010cENO ZA PRIREDITEV &#8220;ZAJTRK ZA U\u010cITELJE&#8221; <\/p>\n\n\n\n<p><strong>SEPTEMBER 2024:<\/strong>  <br><strong>8. 9. 2024<\/strong>, Ogulin (Hrva\u0161ka): <strong><a href=\"https:\/\/peterkus.net\/si\/projects\/gozd\/\">Gozd raja!<\/a> <\/strong>&#8211; 19. OGULINSKI FESTIVAL BAJKI<br><strong>24. 9. 2024<\/strong>, O\u0160 \u0160alek, Velenje: <strong><a title=\"\" href=\"https:\/\/peterkus.net\/si\/projects\/orkester\/\">Orkester izvirnih instrumentov<\/a><a href=\"https:\/\/peterkus.net\/si\/projects\/obrazi\/\"> <\/a><\/strong>&#8211; ZAKLJU\u010cENO ZA \u0160OLO <\/p>\n\n\n\n<p><strong>OKTOBER 2024:<\/strong>   <br><strong>7. 10. 2024<\/strong>, O\u0160 Brinje, Grosuplje: <strong><a href=\"https:\/\/peterkus.net\/si\/projects\/orkester\/\">Orkester izvirnih instrumentov<\/a><a href=\"https:\/\/peterkus.net\/si\/projects\/obrazi\/\"> <\/a><\/strong> &#8211; ZAKLJU\u010cENO ZA \u0160OLO<br><strong>9. 10. 2024<\/strong>, Sala Margherita, Tarcento (Italija): <strong><a href=\"https:\/\/peterkus.net\/si\/projects\/orkester\/\">Orkester izvirnih instrumentov<\/a><a href=\"https:\/\/peterkus.net\/si\/projects\/obrazi\/\"> <\/a><\/strong>&#8211; TRALLALLERO FESTIVAL <br><strong>22. 10. 2024 ob 9h in 11h<\/strong>, Cankarjev dom \u2013 Kosovelova dovarana, Ljubljana: <a href=\"https:\/\/peterkus.net\/si\/projects\/obrazi\/\"><strong>Obrazi vode<\/strong><\/a> \u2013 ZAKLJU\u010cENO ZA VRTCE IN \u0160OLE<br><strong>22. 10. 2024 ob 17h<\/strong>, Cankarjev dom \u2013 Kosovelova dovarana, Ljubljana: <a href=\"https:\/\/peterkus.net\/si\/projects\/obrazi\/\"><strong>Obrazi vode<\/strong><\/a> \u2013 PREMIERA<br><strong>23. 10. 2024 ob 9h in 11h<\/strong>, Cankarjev dom \u2013 Kosovelova dovarana, Ljubljana: <a href=\"https:\/\/peterkus.net\/si\/projects\/obrazi\/\"><strong>Obrazi vode<\/strong><\/a>  \u2013 ZAKLJU\u010cENO ZA VRTCE IN \u0160OLE<br><strong>23. 10. 2024 ob 17h<\/strong>, Cankarjev dom \u2013 Kosovelova dovarana, Ljubljana: <a href=\"https:\/\/peterkus.net\/si\/projects\/obrazi\/\"><strong>Obrazi vode<\/strong><\/a> \u2013 ZA ABONMA<br><strong>31. 10. 2024 ob 13h<\/strong>, Centar za kulturu, Bijelo polje (\u010crna gora): <a href=\"https:\/\/peterkus.net\/si\/projects\/obrazi\/\"><strong>Bing, bang, boing<\/strong><\/a> \u2013 DELAVNICA ZA OTROKE<\/p>\n\n\n\n<p><strong>NOVEMBER 2024:<\/strong><br><strong>7. 11. 2024 ob 17h in 18h30,<\/strong> Dom kulture Kamnik: <strong><a href=\"https:\/\/peterkus.net\/si\/projects\/gozd\/\"><strong>Gozd raja!<\/strong><\/a> <\/strong>\u2013 ZAKLJU\u010cENO ZA ABONMA IN IZVEN<strong><br>10. 11. 2024 ob 15h,<\/strong> Literaturhaus, Graz (Avstrija): <a href=\"https:\/\/peterkus.net\/si\/projects\/gozd\/\"><strong>Gozd raja!<\/strong><\/a> \u2013 BOOKOLINO FESTIVAL<br><strong>13. 11. 2024<\/strong>, O\u0160 Preska, Medvode: <strong><a href=\"https:\/\/peterkus.net\/si\/projects\/zvocna-kuhna\/\">Zvo\u010dna kuhna<\/a><\/strong> &#8211; ZAKLJU\u010cENO ZA \u0160OLO<br><strong>14. 11. 2024 ob 10h<\/strong>, O\u0160 Zbora odposlancev, Ko\u010devje: <strong><a href=\"https:\/\/peterkus.net\/si\/projects\/zvocna-kuhna\/\">Zvo\u010dna kuhna<\/a><\/strong> &#8211; ZAKLJU\u010cENO ZA \u0160OLO<br><strong>15. 11. 2024<\/strong>, O\u0160 Zbora odposlancev, Ko\u010devje: <strong><strong><a href=\"https:\/\/peterkus.net\/si\/projects\/zvocna-kuhna\/\">Ustvarjanje z izvirnimi instrumenti<\/a><\/strong><\/strong> &#8211; DELAVNICA ZA \u0160OLO<br><strong>17. 11. 2024 ob 16h<\/strong>, Foce Teatro, Lugano (\u0160vica): <a href=\"https:\/\/peterkus.net\/si\/projects\/obrazi\/\"><strong>Obrazi vode<\/strong><\/a> &#8211; ZA IZVEN <br><strong>18. 11. 2024 ob 9h30<\/strong>, Foce Teatro, Lugano (\u0160vica): <a href=\"https:\/\/peterkus.net\/si\/projects\/obrazi\/\"><strong>Obrazi vode<\/strong><\/a> &#8211; ZAKLJU\u010cENO ZA VRTCE IN \u0160OLE<br><strong>27. 11. 2024 ob 10h,<\/strong> SiTi Teater: <a href=\"https:\/\/peterkus.net\/si\/projects\/gozd\/\"><strong>Gozd raja!<\/strong><\/a> \u2013 ZAKLJU\u010cENO ZA VRTCE IN \u0160OLE<br><strong>28. 11. 2024 ob 17h in 18h15,<\/strong> Kulturni dom Grosuplje: <a href=\"https:\/\/peterkus.net\/si\/projects\/gozd\/\"><strong>Gozd raja!<\/strong><\/a> \u2013 ZA ABONMA IN IZVEN<\/p>\n\n\n\n<p><strong>DECEMBER 2024: <\/strong><br><strong>2. 12. 2024<\/strong>, Vrtec Son\u010dnica, Veliki Gaber: <strong><a href=\"https:\/\/peterkus.net\/si\/projects\/zvocna-kuhna\/\"><\/a><strong><a href=\"https:\/\/peterkus.net\/si\/projects\/delavnice-za-otroke\/\"><strong>Zvoki narave<\/strong><\/a><\/strong> <\/strong>&#8211; DELAVNICA ZA VRTEC<br><strong>2. 12. 2024<\/strong>, O\u0160 Davorina Jenka, Cerklje na Gorenjskem: <strong><a href=\"https:\/\/peterkus.net\/si\/projects\/zvocna-kuhna\/\"><\/a><strong><a href=\"https:\/\/peterkus.net\/si\/projects\/delavnice-za-otroke\/\"><strong>Zvoki narave<\/strong><\/a><\/strong><\/strong> &#8211; DELAVNICA ZA \u0160OLO<br><strong>3. 12. 2024<\/strong>, O\u0160 Davorina Jenka, P\u0160 Zalog, Cerklje na Gorenjskem: <strong><a href=\"https:\/\/peterkus.net\/si\/projects\/zvocna-kuhna\/\"><\/a><strong><a href=\"https:\/\/peterkus.net\/si\/projects\/delavnice-za-otroke\/\"><strong>Zvoki narave<\/strong><\/a><\/strong><\/strong> &#8211; DELAVNICA ZA \u0160OLO<br><strong>5. 12. ob 9h in 10h30,<\/strong> Kreatorij DIC: <a href=\"https:\/\/peterkus.net\/si\/projects\/zvocna-kuhna\/\"><strong>Zvo\u010dna kuhna<\/strong><\/a> \u2013 ZAKLJU\u010cENO ZA \u0160OLO<br><strong>6. 12. 2024 ob 9h,<\/strong> Center Zalog, Ljubljana: <a href=\"https:\/\/peterkus.net\/si\/projects\/zvocna-kuhna\/\"><strong>Zvo\u010dna kuhna<\/strong><\/a> \u2013 ZAKLJU\u010cENO ZA \u0160OLO<br><strong>6. 12. 2024 ob 17h,<\/strong> Center Zalog, Ljubljana: <a href=\"https:\/\/peterkus.net\/si\/projects\/zvocna-kuhna\/\"><strong>Zvo\u010dna kuhna<\/strong><\/a> \u2013 ZA IZVEN<br><strong>9. 12. 2024<\/strong>, O\u0160 Oskarja Kova\u010di\u010da, Ljubljana: <strong><a href=\"https:\/\/peterkus.net\/si\/projects\/zvocna-kuhna\/\">Ustvarjanje z izvirnimi instrumenti<\/a><\/strong> &#8211; DELAVNICA ZA \u0160OLO<br><strong>10. 12. 2024<\/strong>, O\u0160 Ka\u0161elj, Ljubljana: <strong><a href=\"https:\/\/peterkus.net\/si\/projects\/zvocna-kuhna\/\">Ustvarjanje z izvirnimi instrumenti<\/a><\/strong> &#8211; DELAVNICA ZA \u0160OLO<br><strong>16. 12. 2024<\/strong>,Vrtec Ledina, Ljubljana: <strong><a href=\"https:\/\/peterkus.net\/si\/projects\/zvocna-kuhna\/\">Ustvarjanje z izvirnimi instrumenti<\/a><\/strong> &#8211; DELAVNICA ZA VRTEC<\/p>\n\n\n\n<p><\/p>\n","protected":false},"excerpt":{"rendered":"<p>JANUAR 2024:5. 1. 2024, ob 8h45 in 10h30, O\u0160 Franceta Bevka, Ljubljana: Zvoki narave &#8211; DELAVNICA ZA \u0160OLO9. 1. 2023, O\u0160 dr. Slavka Gruma, Zagorje ob Savi: Zvo\u010dna kuhna &#8211; PREDSTAVA IN DELAVNICE ZA \u0160OLO11. 1. 2024, Kulturni center Ko\u010devje: Zvo\u010dna kuhna &#8211; ZAKLJU\u010cENO ZA \u0160OLO23. 1. 2024 ob 9h in 10h15, Kosovelov odom: Zvo\u010dna [&hellip;]<\/p>\n","protected":false},"author":1,"featured_media":0,"parent":0,"menu_order":0,"comment_status":"closed","ping_status":"closed","template":"full-width.php","meta":{"om_disable_all_campaigns":false,"_mi_skip_tracking":false},"aioseo_notices":[],"_links":{"self":[{"href":"https:\/\/peterkus.net\/si\/wp-json\/wp\/v2\/pages\/8195"}],"collection":[{"href":"https:\/\/peterkus.net\/si\/wp-json\/wp\/v2\/pages"}],"about":[{"href":"https:\/\/peterkus.net\/si\/wp-json\/wp\/v2\/types\/page"}],"author":[{"embeddable":true,"href":"https:\/\/peterkus.net\/si\/wp-json\/wp\/v2\/users\/1"}],"replies":[{"embeddable":true,"href":"https:\/\/peterkus.net\/si\/wp-json\/wp\/v2\/comments?post=8195"}],"version-history":[{"count":42,"href":"https:\/\/peterkus.net\/si\/wp-json\/wp\/v2\/pages\/8195\/revisions"}],"predecessor-version":[{"id":8810,"href":"https:\/\/peterkus.net\/si\/wp-json\/wp\/v2\/pages\/8195\/revisions\/8810"}],"wp:attachment":[{"href":"https:\/\/peterkus.net\/si\/wp-json\/wp\/v2\/media?parent=8195"}],"curies":[{"name":"wp","href":"https:\/\/api.w.org\/{rel}","templated":true}]}}