{"id":8697,"date":"2025-01-15T22:06:05","date_gmt":"2025-01-15T21:06:05","guid":{"rendered":"https:\/\/peterkus.net\/si\/?page_id=8697"},"modified":"2026-01-26T12:02:22","modified_gmt":"2026-01-26T11:02:22","slug":"pretekli-dogodki-2025","status":"publish","type":"page","link":"https:\/\/peterkus.net\/si\/pretekli-dogodki-2025\/","title":{"rendered":"Pretekli dogodki 2025"},"content":{"rendered":"\n<p><strong>JANUAR 2025:<\/strong><br><strong>12. 1. 2025 ob 11h<\/strong>, Teatro Miela, Trst (Italija): <a href=\"https:\/\/peterkus.net\/si\/projects\/blup\/\"><strong>Blup?<\/strong><\/a> \u2013 ZA IZVEN<br><strong>15. 1. 2025<\/strong>, O\u0160 A.T. Linharta, Radovljica: <a href=\"https:\/\/peterkus.net\/si\/projects\/orkester\/\"><strong>Orkester izvirnih instrumentov<\/strong><\/a> &#8211; ZAKLJU\u010cENO ZA \u0160OLO<br><strong>24. 1. 2025, od 13h do 19h30 <\/strong>in <strong>25. 1. 2025, od 9h30 do 17h<\/strong>, Center Zalog, Ljubljana: <a href=\"https:\/\/peterkus.net\/si\/2025\/06\/19\/ustvarjanje-z-izvirnimi-instrumenti\/\"><strong>Ustvarjanje z izvirnimi instrumenti v vrtcu in \u0161oli<\/strong><\/a> (KATIS seminar)<br><strong>25. 1. 2025 ob 10h<\/strong>, Center Zalog, Ljubljana: <strong><a href=\"https:\/\/peterkus.net\/si\/projects\/zvocna-kuhna\/\">Zvo\u010dna kuhna<\/a><\/strong> &#8211; ZA UDELE\u017dENCE SEMINARJA<br><strong>31. 1. 2025<\/strong>, P\u0160 Lavrica: <strong><a href=\"https:\/\/peterkus.net\/si\/projects\/orkester\/\">Orkester izvirnih instrumentov<\/a><a href=\"https:\/\/peterkus.net\/si\/projects\/obrazi\/\"> <\/a><\/strong>&#8211; ZAKLJU\u010cENO ZA \u0160OLO<\/p>\n\n\n\n<p><strong>FEBRUAR 2025:<\/strong><br><strong>2. 2. 2025 ob 17h30<\/strong>, Teatro Verdi, Muggia (Italija): <a href=\"https:\/\/peterkus.net\/si\/projects\/obrazi\/\"><\/a><strong><a href=\"https:\/\/peterkus.net\/si\/projects\/blup\/\"><strong>Blup?<\/strong><\/a><\/strong> \u2013 ZA IZVEN<br><strong>5. 2. 2025<\/strong>, O\u0160 Gorica, Velenje: <strong><a href=\"https:\/\/peterkus.net\/si\/projects\/orkester\/\">Orkester izvirnih instrumentov<\/a><a href=\"https:\/\/peterkus.net\/si\/projects\/obrazi\/\"> <\/a><\/strong>&#8211; ZAKLJU\u010cENO ZA \u0160OLO<br><strong>6. 2. 2024 ob 10h15<\/strong>, Kulturni dom Proseko, Trst (Italija): <strong><a href=\"https:\/\/peterkus.net\/si\/projects\/zvocna-kuhna\/\">Zvo\u010dna kuhna<\/a><\/strong> \u2013 ZAKLJU\u010cENO ZA \u0160OLO<br><strong>7. 2. 2025 ob 17h,<\/strong> Linhartova dvorana Radovljica: <a href=\"https:\/\/peterkus.net\/si\/projects\/gozd\/\"><strong>Gozd raja!<\/strong><\/a> \u2013 ZA ABONMA IN IZVEN<br><strong>12. 2. 2025 ob 10h<\/strong>, KC Lojze Bratu\u017e, Gorica (Italija): <strong><a href=\"https:\/\/peterkus.net\/si\/projects\/blup\/\"><strong>Blup?<\/strong><\/a><\/strong> \u2013 ZAKLJU\u010cENO ZA \u0160OLE<br><strong>13. 2. 2025 ob 9h30 in 11h<\/strong>, KC Lojze Bratu\u017e, Gorica (Italija): <strong><a href=\"https:\/\/peterkus.net\/si\/projects\/blup\/\"><strong>Blup?<\/strong><\/a><\/strong> \u2013 ZAKLJU\u010cENO ZA VRTCE IN \u0160OLE<br><strong>14. 2. 2025<\/strong>, O\u0160 Osnovna \u0161ola Leskovec pri Kr\u0161kem, Velenje: <strong><a href=\"https:\/\/peterkus.net\/si\/projects\/orkester\/\">Orkester izvirnih instrumentov<\/a><a href=\"https:\/\/peterkus.net\/si\/projects\/obrazi\/\"> <\/a><\/strong>&#8211; ZAKLJU\u010cENO ZA \u0160OLO<br><strong>25. 2. 2025 ob 9h30 in 11h, <\/strong>KC Lojze Bratu\u017e, Gorica (Italija): <strong><a href=\"https:\/\/peterkus.net\/si\/projects\/orkester\/\">Orkester izvirnih instrumentov<\/a><a href=\"https:\/\/peterkus.net\/si\/projects\/obrazi\/\"> <\/a><\/strong>&#8211; ZAKLJU\u010cENO ZA \u0160OLE<br><strong>29. 2. 2024<\/strong>, PO\u0160 Vinska Gora, Velenje: <strong><a href=\"https:\/\/peterkus.net\/si\/projects\/zvocna-kuhna\/\">Zvo\u010dna kuhna<\/a><\/strong> &#8211; ZAKLJU\u010cENO ZA \u0160OLO<\/p>\n\n\n\n<p><strong>MAREC 2025:<br>5. 3. 2025,<\/strong> Vrtec Pedenjped, enota U\u010denjak: <a href=\"https:\/\/peterkus.net\/si\/projects\/delavnice-za-otroke\/\"><strong>Vodnjak<\/strong><\/a> &#8211; DELAVNICA ZA VRTEC<br><strong>6. 3. 2025,<\/strong> Vrtec Pedenjped, enota U\u010denjak: <a href=\"https:\/\/peterkus.net\/si\/projects\/delavnice-za-otroke\/\"><strong>Vodnjak<\/strong><\/a> &#8211; DELAVNICA ZA VRTEC<br><strong>7. 3. 2025<\/strong>, O\u0160 Sre\u010dka Kosovela, Se\u017eana: <strong><a href=\"https:\/\/peterkus.net\/si\/projects\/orkester\/\">Orkester izvirnih instrumentov<\/a><a href=\"https:\/\/peterkus.net\/si\/projects\/obrazi\/\"> <\/a><\/strong>&#8211; ZAKLJU\u010cENO ZA \u0160OLO<br><strong>10. 3. 2025,<\/strong> Vrtec Pedenjped, enota \u0160lik \u0160lak: <a href=\"https:\/\/peterkus.net\/si\/projects\/delavnice-za-otroke\/\"><strong>Vodnjak<\/strong><\/a> &#8211; DELAVNICA ZA VRTEC<br><strong>11. 3. 2025, ob 9h in 10h30<\/strong>, Vrtec Mladi rod, Ljubljana: <strong><a href=\"https:\/\/peterkus.net\/si\/projects\/zvocna-kuhna\/\">Zvo\u010dna kuhna<\/a><\/strong> &#8211; ZAKLJU\u010cENO ZA VRTEC<br><strong>12. 3. 2025<\/strong>, O\u0160 Maksa Pe\u010darja, Ljubljana:<strong> <a href=\"https:\/\/peterkus.net\/si\/projects\/orkester\/\">Orkester izvirnih instrumentov<\/a><a href=\"https:\/\/peterkus.net\/si\/projects\/obrazi\/\"> <\/a><\/strong>&#8211; ZAKLJU\u010cENO ZA \u0160OLE<br><strong>13. 3. 2025,<\/strong> Vrtec Pedenjped, enota Sladkosned: <a href=\"https:\/\/peterkus.net\/si\/projects\/delavnice-za-otroke\/\"><strong>Vodnjak<\/strong><\/a> &#8211; DELAVNICA ZA VRTEC<br><strong>14. 3. 2025,<\/strong> Vrtec Pedenjped, enota Pedenjcarstvo: <a href=\"https:\/\/peterkus.net\/si\/projects\/delavnice-za-otroke\/\"><strong>Vodnjak<\/strong><\/a> &#8211; DELAVNICA ZA VRTEC<br><strong>17. 3. 2025,<\/strong> Vrtec Pedenjped, enota Pedenjcarstvo: <a href=\"https:\/\/peterkus.net\/si\/projects\/delavnice-za-otroke\/\"><strong>Vodnjak<\/strong><\/a> &#8211; DELAVNICA ZA VRTEC <strong><br>19. 3. 2025<\/strong> ob 8h40, 9h40 in 10h40, Kulturni dom, La\u0161ko: <strong><a href=\"https:\/\/peterkus.net\/si\/projects\/zvocna-kuhna\/\">Zvo\u010dna kuhna<\/a><\/strong> &#8211; ZAKLJU\u010cENO ZA VRTCE IN \u0160OLE<br><strong>20. 3. 2025 ob 10h in 15h30,<\/strong> Stadttheater, Wels (Avstrija): <a href=\"https:\/\/peterkus.net\/si\/projects\/gozd\/\"><strong>Gozd raja!<\/strong><\/a> \u2013 WELSER FIGURENTHEATER FESTIVAL<br><strong>31. 3. 2025 ob 10h,<\/strong> Centro Sociale, Enemonzo (Italija): <a href=\"https:\/\/peterkus.net\/si\/projects\/obrazi\/\"><strong>Obrazi vode<\/strong><\/a> &#8211; ZAKLJU\u010cENO ZA \u0160OLE<\/p>\n\n\n\n<p><strong>APRIL 2025:<br>1. 4. 2025 ob 9h in 10h45,<\/strong> Maniago Theater, Maniago (Italija): <a href=\"https:\/\/peterkus.net\/si\/projects\/obrazi\/\"><strong>Obrazi vode<\/strong><\/a> &#8211; ZAKLJU\u010cENO ZA \u0160OLE<br><strong>2. 4. 2025 ob 10h<\/strong>, Zoppola auditorium, Zoppola (Italija): <a href=\"https:\/\/peterkus.net\/si\/projects\/obrazi\/\"><strong>Obrazi vode<\/strong><\/a> &#8211; ZAKLJU\u010cENO ZA \u0160OLE<br><strong>4. 4. 2025 ob 9h in 11h<\/strong>, Cankarjev dom &#8211; Kosovelova dovarana, Ljubljana: <strong><a href=\"https:\/\/peterkus.net\/si\/projects\/blup\/\"><strong>Blup?<\/strong><\/a><\/strong> &#8211; ZAKLJU\u010cENO ZA VRTCE IN \u0160OLE<br><strong>7. 4. 2025 ob 9h in 11h<\/strong>, Cankarjev dom &#8211; Kosovelova dovarana, Ljubljana: <strong><a href=\"https:\/\/peterkus.net\/si\/projects\/obrazi\/\"><strong><\/strong><\/a><strong><a href=\"https:\/\/peterkus.net\/si\/projects\/blup\/\"><strong>Blup?<\/strong><\/a><\/strong><\/strong> &#8211; ZAKLJU\u010cENO ZA VRTCE IN \u0160OLE<br><strong>8. 4. 2025 ob 9h in 11h<\/strong>, Cankarjev dom \u2013 Kosovelova dovarana, Ljubljana: <a href=\"https:\/\/peterkus.net\/si\/projects\/obrazi\/\"><\/a><strong><a href=\"https:\/\/peterkus.net\/si\/projects\/obrazi\/\"><strong><\/strong><\/a><strong><a href=\"https:\/\/peterkus.net\/si\/projects\/blup\/\"><strong>Blup?<\/strong><\/a><\/strong><\/strong> \u2013 ZAKLJU\u010cENO ZA VRTCE IN \u0160OLE<br><strong>9. 4. 2025 ob 10h30<\/strong>, Scuola dell&#8217;infanzia &#8220;Il pianeta del piccolo principe&#8221;, Pertegada (Italija): <strong><a href=\"https:\/\/peterkus.net\/si\/projects\/obrazi\/\">Obrazi vode<\/a><\/strong> &#8211; ZAKLJU\u010cENO ZA VRTCE<br><strong>10. 4. 2025 ob 10h30, <\/strong>Scuola dell&#8217;infanzia &#8220;Padre Scrosoppi&#8221;, Gorgo (Italija): <strong><a href=\"https:\/\/peterkus.net\/si\/projects\/obrazi\/\">Obrazi vode<\/a><\/strong> &#8211; ZAKLJU\u010cENO ZA VRTCE<br><strong>15. 4. 2025<\/strong>, Gledali\u0161\u010de Toneta \u010cufarja, Jesenice: <strong><a href=\"https:\/\/peterkus.net\/si\/projects\/orkester\/\">Orkester izvirnih instrumentov<\/a><\/strong> &#8211; ZAKLJU\u010cENO ZA \u0160OLE<br><strong>17. 4. 2025,<\/strong> O\u0160 Pre\u017eihovega Voranca, Jesenice: <a href=\"https:\/\/peterkus.net\/si\/projects\/delavnice-za-otroke\/\"><strong>Ustvarjanje z izvirnimi instrumenti<\/strong><\/a> &#8211; DELAVNICA ZA \u0160OLO<br><strong>18. 4. 2025,<\/strong> O\u0160 Poldeta Stra\u017ei\u0161arja, Jesenice: <a href=\"https:\/\/peterkus.net\/si\/projects\/delavnice-za-otroke\/\"><strong>Ustvarjanje z izvirnimi instrumenti<\/strong><\/a> &#8211; DELAVNICA ZA \u0160OLO<br><strong>18. 4. 2025,<\/strong> O\u0160 Koro\u0161ka Bela, Jesenice: <a href=\"https:\/\/peterkus.net\/si\/projects\/delavnice-za-otroke\/\"><strong>Ustvarjanje z izvirnimi instrumenti<\/strong><\/a> &#8211; DELAVNICA ZA \u0160OLO<br><strong>22. 4. 2025,<\/strong> \u010ce\u0161novcova doma\u010dija, Gori\u010dice: <strong><a href=\"https:\/\/peterkus.net\/si\/projects\/zvocna-kuhna\/\">Zvo\u010dna kuhna<\/a><\/strong> \u2013 ZAKLJU\u010cENO ZA \u0160OLO<br><strong>23. 4. 2025,<\/strong> \u010ce\u0161novcova doma\u010dija, Gori\u010dice: <strong><a href=\"https:\/\/peterkus.net\/si\/projects\/zvocna-kuhna\/\">Zvo\u010dna kuhna<\/a><\/strong> \u2013 ZAKLJU\u010cENO ZA \u0160OLO<\/p>\n\n\n\n<p><strong>MAJ 2025:<\/strong><br><strong>7. 5. 2025<\/strong>, \u010ce\u0161novcova doma\u010dija: <strong><a href=\"https:\/\/peterkus.net\/si\/projects\/orkester\/\"><\/a><a href=\"https:\/\/peterkus.net\/si\/projects\/zvocna-kuhna\/\">Zvo\u010dna kuhna<\/a><\/strong> \u2013 ZAKLJU\u010cENO ZA \u0160OLO<br><strong>8. 5. 2025<\/strong>, \u010ce\u0161novcova doma\u010dija: <strong><strong><a href=\"https:\/\/peterkus.net\/si\/projects\/zvocna-kuhna\/\">Zvo\u010dna kuhna<\/a><\/strong><\/strong> \u2013 ZAKLJU\u010cENO ZA \u0160OLO<br><strong>10. 5. 2025 ob 17h<\/strong>, Pozori\u0161te mladih, Novi Sad: <strong><a href=\"https:\/\/peterkus.net\/si\/projects\/obrazi\/\"><\/a><strong><a href=\"https:\/\/peterkus.net\/si\/projects\/obrazi\/\"><\/a><strong><a href=\"https:\/\/peterkus.net\/si\/projects\/blup\/\"><strong>Blup?<\/strong><\/a><\/strong><\/strong><\/strong> &#8211; NOVOSADSKE POZORI\u0160NE IGRE<br><strong>12. 5. 2025<\/strong>, Kulturni dom Menge\u0161: <strong><a href=\"https:\/\/peterkus.net\/si\/projects\/orkester\/\">Orkester izvirnih instrumentov<\/a><\/strong>&#8211; ZAKLJU\u010cENO ZA \u0160OLO<br><strong>12. 5. 2025,<\/strong> O\u0160 Menge\u0161: <a href=\"https:\/\/peterkus.net\/si\/projects\/delavnice-za-otroke\/\"><strong>Ustvarjanje z izvirnimi instrumenti<\/strong><\/a> \u2013 DELAVNICA ZA \u0160OLO<br><strong>13. 5. 2025<\/strong>, O\u0160 Janeza Hribarja, Stari trg pri Lo\u017eu: <strong><a href=\"https:\/\/peterkus.net\/si\/projects\/orkester\/\">Orkester izvirnih instrumentov<\/a><\/strong> &#8211; ZAKLJU\u010cENO ZA \u0160OLO<br><strong>14. 5. 2025,<\/strong> O\u0160 Janeza Hribarja, Stari trg pri Lo\u017eu: <a href=\"https:\/\/peterkus.net\/si\/projects\/delavnice-za-otroke\/\"><strong>Ustvarjanje z izvirnimi instrumenti<\/strong><\/a> \u2013 DELAVNICA ZA \u0160OLO<br><strong>15. 5. 2025<\/strong>, Vrtec Biljana, Dobrovo v Gori\u0161kih brdih: <strong><strong><a href=\"https:\/\/peterkus.net\/si\/projects\/zvocna-kuhna\/\">Zvo\u010dna kuhna<\/a><\/strong><\/strong> \u2013 ZAKLJU\u010cENO ZA VRTEC<br><strong>16. 5. 2025<\/strong>, O\u0160 Alojza Gradnika, Dobrovo v Gori\u0161kih brdih: <strong><strong><a href=\"https:\/\/peterkus.net\/si\/projects\/zvocna-kuhna\/\">Zvo\u010dna kuhna<\/a><\/strong><\/strong> \u2013 ZAKLJU\u010cENO ZA \u0160OLO<br><strong>19. 5. 2025<\/strong>, O\u0160 Branik: <strong><strong><a href=\"https:\/\/peterkus.net\/si\/projects\/zvocna-kuhna\/\">Zvo\u010dna kuhna<\/a><\/strong><\/strong> \u2013 ZAKLJU\u010cENO ZA \u0160OLO<br><strong>21. 5. 2025 ob 15h<\/strong>, Domu upokojencev Viharnik, Kranjska gora: <strong><strong><a href=\"https:\/\/peterkus.net\/si\/projects\/orkester\/\">Orkester izvirnih instrumentov<\/a><\/strong><\/strong><\/p>\n\n\n\n<p><\/p>\n\n\n\n<p><strong>JUNIJ 2025:<\/strong><br><strong>1. 6. 2025 ob 15h<\/strong>,&nbsp; Tayoe Art Residency, Taoye, Songzhuang (Kitajska): <strong><a href=\"https:\/\/peterkus.net\/si\/projects\/zvocna-kuhna\/\">Zvo\u010dna kuhna<\/a><\/strong> \u2013 ZA IZVEN<br><strong>4. 6. 2025 ob 9h, <\/strong>Changyi Primary School, Campus A, \u0160anghaj (Kitajska): <strong><a href=\"https:\/\/peterkus.net\/si\/projects\/zvocna-kuhna\/\">Zvo\u010dna kuhna<\/a><\/strong> \u2013 ZAKLJU\u010cENO ZA \u0160OLO<br><strong>5. 6. 2025 <strong> ob 9h<\/strong>, <\/strong>Changyi Primary School, Campus B, \u0160anghaj (Kitajska): <strong><a href=\"https:\/\/peterkus.net\/si\/projects\/zvocna-kuhna\/\">Zvo\u010dna kuhna<\/a><\/strong> \u2013 ZAKLJU\u010cENO ZA \u0160OLO<br><strong>6. 6. 2025 <strong> ob <\/strong>14h, <\/strong>Changyi Primary School, Campus B, \u0160anghaj (Kitajska): <strong><a href=\"https:\/\/peterkus.net\/si\/projects\/zvocna-kuhna\/\">Creating on Original Musical Instruments in School<\/a><\/strong> \u2013 SEMINAR FOR TEACHERS<br><strong>7. 6. 2025 ob 14h<\/strong>, Shanghai Conservatory of Music, Opera House, \u0160anghaj (Kitajska): Zvo\u010dna kuhna \u2013 ZA IZVEN<br><strong>9. 6. 2025 ob 9h,<\/strong> Shanghai French School, Euro Camous, \u0160anghaj (Kitajska): <strong><a href=\"https:\/\/peterkus.net\/si\/projects\/zvocna-kuhna\/\">Zvo\u010dna kuhna<\/a><\/strong> \u2013 ZAKLJU\u010cENO ZA VRTEC<br><strong>10. 6. 2025 <strong>ob 8h45 in 9h45<\/strong><\/strong>, Tongdao Kindergarten, \u0160anghaj (Kitajska): <strong><a href=\"https:\/\/peterkus.net\/si\/projects\/zvocna-kuhna\/\">Zvo\u010dna kuhna<\/a><\/strong> \u2013 ZAKLJU\u010cENO ZA VRTEC<br><strong>10. 6. 2025 ob 14h<\/strong>, Tongdao Kindergarten, \u0160anghaj (Kitajska): <strong><a href=\"https:\/\/peterkus.net\/si\/projects\/zvocna-kuhna\/\"><\/a><strong><a href=\"https:\/\/peterkus.net\/si\/projects\/zvocna-kuhna\/\">Creating on Original Musical Instruments in School<\/a><\/strong><\/strong> \u2013 SEMINAR FOR TEACHERS<br><strong>23.-27. 6. 2025<\/strong>, \u0160ibenik (Hrva\u0161ka): <a href=\"https:\/\/mdf-radionice.com\/radionice\/bing-bang-boik\/\"><strong>Bing, bang, boing<\/strong><\/a> &#8211; ME\u0110UNARODNI DJE\u010cJI FESTIVAL<\/p>\n\n\n\n<p><strong>JULIJ 2025:<\/strong><br><strong>5. 7. 2025 ob 11h<\/strong>, Villa Manin (Italija): <a href=\"https:\/\/peterkus.net\/si\/projects\/blup\/\"><strong>Obrazi vode<\/strong><\/a> &#8211; ZA IZVEN<br><strong>6. 7. 2025 ob 16h<\/strong>, San Daniele (Italija): <a href=\"https:\/\/peterkus.net\/si\/projects\/orkester\/\"><strong>Orkester izvirnih instrumentov<\/strong><\/a> &#8211; FOLKEST FESTIVAL<\/p>\n\n\n\n<p><strong>AVGUST 2025:<\/strong> <br><strong>2. 8. 2025 ob 10h,<\/strong> Honolulu dje\u010dja pozornica, \u010cakovec, Hrva\u0161ka: <strong><a href=\"https:\/\/peterkus.net\/si\/projects\/zvocna-kuhna\/\">Zvo\u010dna kuhna<\/a><\/strong> &#8211; PORCIJUNKULOVO<br><strong>20. 8. 2025 ob 18h<\/strong>, Bioskop, Ba\u010dka Palanka, Srbija: <strong><a href=\"https:\/\/peterkus.net\/si\/projects\/obrazi\/\">Blup?<\/a><\/strong> &#8211; FESTIVAL EKOLO\u0160KOG POZORI\u0160TA<meta http-equiv=\"content-type\" content=\"text\/html; charset=utf-8\"><br><strong>21.-24. 8. 2025<\/strong>, Muzej grada, Ba\u010dka Palanka (Srbija): <a href=\"https:\/\/mdf-radionice.com\/radionice\/bing-bang-boik\/\"><strong>Eco beats<\/strong><\/a> &#8211; FESTIVAL EKOLO\u0160KOG POZORI\u0160TA<\/p>\n\n\n\n<p><strong>SEPTEMBER 2025:<br>25. 9. 2025 ob 10h<\/strong>, Subotica, Srbija: <strong><a href=\"https:\/\/peterkus.net\/si\/projects\/obrazi\/\">Blup?<\/a><\/strong> &#8211; 32. ME\u0110UNARODNI FESTIVAL POZORI\u0160TA ZA DJECU<\/p>\n\n\n\n<p><strong>OKTOBER 2025:<\/strong><br><strong>1. 10. ob 8h40, 9h40 in 10h40<\/strong>, Kulturni center, La\u0161ko: <strong><a href=\"https:\/\/peterkus.net\/si\/projects\/obrazi\/\">Blup?<\/a><\/strong> &#8211; ZAKLJU\u010cENO ZA VRTCE IN \u0160OLE<br><strong>1. 10. ob 17h in 18h<\/strong>, Kulturni center, La\u0161ko: <strong><a href=\"https:\/\/peterkus.net\/si\/projects\/delavnice-za-otroke\/\">Zvoki narave<\/a> <\/strong>&#8211; ZA IZVEN<br><strong>9. 10. 2025 ob 9h in 10h30<\/strong>, Kulturni centar dr. Franja Tu\u0111mana, Veliko Trgovi\u0161\u0107e (Hrva\u0161ka):<strong> <a href=\"https:\/\/peterkus.net\/si\/projects\/gozd\/\">Gozd raja!<\/a><\/strong> \u2013 ZAKLJU\u010cENO ZA VRTCE IN \u0160OLE V OKVIRU PROJEKTA <em>INTERREG<\/em> PROJEKTA <em>INTERREG<\/em><br><strong>10. 10. 2025 ob 9h in 11h<\/strong>, O\u0160 Maksa Pleter\u0161nika, Pi\u0161ece: <strong><a href=\"https:\/\/peterkus.net\/si\/projects\/delavnice-za-otroke\/\">Zvoki narave<\/a><\/strong> &#8211; DELAVNICA V OKVIRU PROJEKTA <em>INTERREG<\/em><br><strong>10. 10. 2025 ob 13h40 in 12h45<\/strong>, O\u0160 Veliko Trgovi\u0161\u0107e (Hrva\u0161ka): <strong><a href=\"https:\/\/peterkus.net\/si\/projects\/delavnice-za-otroke\/\">Zvoki narave<\/a><\/strong> &#8211; DELAVNICA V OKVIRU PROJEKTA <em>INTERREG<\/em><br><strong>14. 10. 2025 ob 10h in 14h45<\/strong>, Teatro Lavaroni, Artegna (Italija): <strong><a href=\"https:\/\/peterkus.net\/si\/projects\/obrazi\/\">Blup?<\/a><\/strong> &#8211; TRALLALLERO FESTIVAL (TBA) &#8211; <em>ITALIJANSKA PREMIERA<\/em><\/p>\n\n\n\n<p><strong>NOVEMBER 2025:<br>10. 11. 2025 ob 17h<\/strong>, Kulturni center, Ravne na Koro\u0161kem: <strong><a href=\"https:\/\/peterkus.net\/si\/projects\/zvocna-kuhna\/\">Zvo\u010dna kuhna<\/a><\/strong> \u2013 ZA ABONMA IN IZVEN<br><strong>20. 11. 2025 ob 9h in 10h30<\/strong>, SiTi Teater, Ljubljana:<strong> <a href=\"https:\/\/peterkus.net\/si\/projects\/gozd\/\">Gozd raja!<\/a><\/strong> \u2013 ZAKLJU\u010cENO ZA VRTCE IN \u0160OLE<br><strong>21. 11. 2025<\/strong>, Vrtec Vrhnika, enota \u017dabica: <a href=\"https:\/\/peterkus.net\/si\/projects\/delavnice-za-otroke\/\"><strong>Zvoki narave<\/strong><\/a> &#8211; DELAVNICE ZA VRTEC<br><strong>21. 11. 2025<\/strong>, Vrtec Vrhnika, enota Rosika: <a href=\"https:\/\/peterkus.net\/si\/projects\/delavnice-za-otroke\/\"><strong>Zvoki narave<\/strong><\/a> &#8211; DELAVNICE ZA VRTEC<br><strong>24. 11. 2025<\/strong>, Osnovna \u0161ola&nbsp;Antona Jan\u0161e, Radovljica:  <a href=\"https:\/\/peterkus.net\/si\/projects\/delavnice-za-otroke\/\"><strong>Zvoki narave<\/strong><\/a> &#8211; DELAVNICE ZA \u0160OLO<br><strong>28. 11. ob 9h in 11h<\/strong>, Cankarjev dom, Kosovelova dvorana, Ljubljana: <strong><a href=\"https:\/\/peterkus.net\/si\/projects\/obrazi\/\">Blup?<\/a><\/strong> &#8211; ZAKLJU\u010cENO ZA VRTCE IN \u0160OLE<br><strong>28. 11. od 13h-19h30 in 29. 11. od 9h30-17h<\/strong>, Sejna dvorana M1, Cankarjev dom: <a href=\"https:\/\/peterkus.net\/si\/projects\/tecaji-za-odrasle\/\"><strong>Ustvarjanje z izvirnimi instrumenti v vrtcu in \u0161oli<\/strong><\/a> &#8211; KATIS SEMINAR ZA VZGOJITELJE IN U\u010cITELJE<br><strong>29. 11. ob 10h<\/strong>, Cankarjev dom, Kosovelova dvorana, Ljubljana: <strong><a href=\"https:\/\/peterkus.net\/si\/projects\/obrazi\/\">Blup?<\/a><\/strong> &#8211; ZA IZVEN<\/p>\n\n\n\n<p><strong>DECEMBER 2025: <\/strong><br><strong>1. 12. ob 9h in 11h<\/strong>, Cankarjev dom, Kosovelova dvorana, Ljubljana: <strong><a href=\"https:\/\/peterkus.net\/si\/projects\/obrazi\/\">Blup?<\/a><\/strong> &#8211; ZAKLJU\u010cENO ZA VRTCE IN \u0160OLE<br><strong>3. 12. 2025 ob 9h<\/strong>, Ku\u0107a Klajn, Klanjec (Hrva\u0161ka): <strong><a href=\"https:\/\/peterkus.net\/si\/projects\/zvocna-kuhna\/\">Zvo\u010dna kuhna<\/a><\/strong> \u2013 ZAKLJU\u010cENO ZA \u0160OLO<br><strong>4. 12. 2025,<\/strong> O\u0160 Bizeljsko: <a href=\"https:\/\/peterkus.net\/si\/projects\/delavnice-za-otroke\/\"><strong>Ustvarjanje z izvirnimi instrumenti<\/strong><\/a> &#8211; DELAVNICE ZA \u0160OLO<br><strong>4. 12. 2025,<\/strong> O\u0160 Antuna Mihanovi\u0107a, Klanjec (Hrva\u0161ka): <a href=\"https:\/\/peterkus.net\/si\/projects\/delavnice-za-otroke\/\"><strong>Ustvarjanje z izvirnimi instrumenti<\/strong><\/a> &#8211; DELAVNICE ZA \u0160OLO<br><strong>22. 12. 2025 ob 10h<\/strong>, Kreatorij DIC, Ljubljana: <strong><a href=\"https:\/\/peterkus.net\/si\/projects\/pihajmo\/\" title=\"\">Pihajmo! Zra\u010dne zgodbe<\/a> <\/strong>&#8211; ZAKLJU\u010cENO<br><strong>23. 12. 2025 ob 10h<\/strong>, Kreatorij DIC, Ljubljana: <strong><a href=\"https:\/\/peterkus.net\/si\/projects\/pihajmo\/\">Pihajmo! Zra\u010dne zgodbe<\/a> <\/strong>&#8211; ZAKLJU\u010cENO<\/p>\n","protected":false},"excerpt":{"rendered":"<p>JANUAR 2025:12. 1. 2025 ob 11h, Teatro Miela, Trst (Italija): Blup? \u2013 ZA IZVEN15. 1. 2025, O\u0160 A.T. Linharta, Radovljica: Orkester izvirnih instrumentov &#8211; ZAKLJU\u010cENO ZA \u0160OLO24. 1. 2025, od 13h do 19h30 in 25. 1. 2025, od 9h30 do 17h, Center Zalog, Ljubljana: Ustvarjanje z izvirnimi instrumenti v vrtcu in \u0161oli (KATIS seminar)25. 1. [&hellip;]<\/p>\n","protected":false},"author":1,"featured_media":0,"parent":0,"menu_order":0,"comment_status":"closed","ping_status":"closed","template":"full-width.php","meta":{"om_disable_all_campaigns":false,"_mi_skip_tracking":false},"aioseo_notices":[],"_links":{"self":[{"href":"https:\/\/peterkus.net\/si\/wp-json\/wp\/v2\/pages\/8697"}],"collection":[{"href":"https:\/\/peterkus.net\/si\/wp-json\/wp\/v2\/pages"}],"about":[{"href":"https:\/\/peterkus.net\/si\/wp-json\/wp\/v2\/types\/page"}],"author":[{"embeddable":true,"href":"https:\/\/peterkus.net\/si\/wp-json\/wp\/v2\/users\/1"}],"replies":[{"embeddable":true,"href":"https:\/\/peterkus.net\/si\/wp-json\/wp\/v2\/comments?post=8697"}],"version-history":[{"count":44,"href":"https:\/\/peterkus.net\/si\/wp-json\/wp\/v2\/pages\/8697\/revisions"}],"predecessor-version":[{"id":9379,"href":"https:\/\/peterkus.net\/si\/wp-json\/wp\/v2\/pages\/8697\/revisions\/9379"}],"wp:attachment":[{"href":"https:\/\/peterkus.net\/si\/wp-json\/wp\/v2\/media?parent=8697"}],"curies":[{"name":"wp","href":"https:\/\/api.w.org\/{rel}","templated":true}]}}